{"id":294,"date":"2025-03-16T12:54:33","date_gmt":"2025-03-16T12:54:33","guid":{"rendered":"https:\/\/sergio-rossi.ch\/?page_id=294"},"modified":"2025-03-25T07:37:22","modified_gmt":"2025-03-25T07:37:22","slug":"1959-1961","status":"publish","type":"page","link":"https:\/\/sergio-rossi.ch\/?page_id=294","title":{"rendered":"1959-1961"},"content":{"rendered":"\t\t<div data-elementor-type=\"wp-page\" data-elementor-id=\"294\" class=\"elementor elementor-294\">\n\t\t\t\t\t\t<section class=\"elementor-section elementor-top-section elementor-element elementor-element-5ee10ec7 elementor-section-boxed elementor-section-height-default elementor-section-height-default\" data-id=\"5ee10ec7\" data-element_type=\"section\" data-e-type=\"section\" data-settings=\"{&quot;background_background&quot;:&quot;classic&quot;}\">\n\t\t\t\t\t\t<div class=\"elementor-container elementor-column-gap-default\">\n\t\t\t\t\t<div class=\"elementor-column elementor-col-100 elementor-top-column elementor-element elementor-element-5b392c79\" data-id=\"5b392c79\" data-element_type=\"column\" data-e-type=\"column\">\n\t\t\t<div class=\"elementor-widget-wrap elementor-element-populated\">\n\t\t\t\t\t\t<div class=\"elementor-element elementor-element-3b8ed52 elementor-widget elementor-widget-heading\" data-id=\"3b8ed52\" data-element_type=\"widget\" data-e-type=\"widget\" data-widget_type=\"heading.default\">\n\t\t\t\t<div class=\"elementor-widget-container\">\n\t\t\t\t\t<h2 class=\"elementor-heading-title elementor-size-default\">1959-1961<\/h2>\t\t\t\t<\/div>\n\t\t\t\t<\/div>\n\t\t\t\t<div class=\"elementor-element elementor-element-4c62cd6b elementor-widget elementor-widget-text-editor\" data-id=\"4c62cd6b\" data-element_type=\"widget\" data-e-type=\"widget\" data-widget_type=\"text-editor.default\">\n\t\t\t\t<div class=\"elementor-widget-container\">\n\t\t\t\t\t\t\t\t\t<p>Nel 1960 condizioni di salute di Sergio Rossi peggiorano, viene ricoverato in un istituto di cura, l&#8217;Istituto Santa Corona a Pietra Ligure, dove per\u00f2 non rimane inattivo e riesce ad organizzare iniziative per i pazienti pi\u00f9 giovani dell&#8217;ospedale; si dedica soprattutto ad insegnare le tecniche teatrali e a realizzare con i ragazzi veri e propri spettacoli. Il teatro ha una funzione artistica e in una certa misura terapeutica: serve a esprimere e a sdrammatizzare gli stati d&#8217;animo. Diverse opere di quel periodo rappresentano i ragazzi ricoverati. Questo \u00e8 il periodo in cui avviene un cambiamento stilistico nel suo lavoro: il segno \u00e8 pi\u00f9 fluido, la pennellata pi\u00f9 libera. Dipinge molto durante i mesi che trascorre all&#8217;Istituto S. Corona, ritrova le condizioni per dedicarsi interamente alla pittura (cui aveva rinunciato dirigendo il Villaggio), pensare alla pittura e finalmente tradurre in opere le idee alle quali teoricamente si dedica da tempo.<\/p>\t\t\t\t\t\t\t\t<\/div>\n\t\t\t\t<\/div>\n\t\t\t\t\t<\/div>\n\t\t<\/div>\n\t\t\t\t\t<\/div>\n\t\t<\/section>\n\t\t<div class=\"elementor-element elementor-element-9182162 e-grid e-con-boxed e-con e-parent\" data-id=\"9182162\" data-element_type=\"container\" data-e-type=\"container\" data-settings=\"{&quot;background_background&quot;:&quot;classic&quot;}\">\n\t\t\t\t\t<div class=\"e-con-inner\">\n\t\t\t\t<div class=\"elementor-element elementor-element-002a8dc elementor-widget elementor-widget-image\" data-id=\"002a8dc\" data-element_type=\"widget\" data-e-type=\"widget\" data-widget_type=\"image.default\">\n\t\t\t\t<div class=\"elementor-widget-container\">\n\t\t\t\t\t\t\t\t\t\t\t\t<figure class=\"wp-caption\">\n\t\t\t\t\t\t\t\t\t\t<img fetchpriority=\"high\" decoding=\"async\" width=\"355\" height=\"500\" src=\"https:\/\/sergio-rossi.ch\/wp-content\/uploads\/2025\/03\/ragazzo-con-tuba-e-margherita.jpg\" class=\"attachment-large size-large wp-image-951\" alt=\"\" srcset=\"https:\/\/sergio-rossi.ch\/wp-content\/uploads\/2025\/03\/ragazzo-con-tuba-e-margherita.jpg 355w, https:\/\/sergio-rossi.ch\/wp-content\/uploads\/2025\/03\/ragazzo-con-tuba-e-margherita-213x300.jpg 213w\" sizes=\"(max-width: 355px) 100vw, 355px\" \/>\t\t\t\t\t\t\t\t\t\t\t<figcaption class=\"widget-image-caption wp-caption-text\">Ragazzo con tuba e margherita olio su pavatex 1959-60 70x50<\/figcaption>\n\t\t\t\t\t\t\t\t\t\t<\/figure>\n\t\t\t\t\t\t\t\t\t<\/div>\n\t\t\t\t<\/div>\n\t\t\t\t<div class=\"elementor-element elementor-element-5b06e2c elementor-widget elementor-widget-image\" data-id=\"5b06e2c\" data-element_type=\"widget\" data-e-type=\"widget\" data-widget_type=\"image.default\">\n\t\t\t\t<div class=\"elementor-widget-container\">\n\t\t\t\t\t\t\t\t\t\t\t\t<figure class=\"wp-caption\">\n\t\t\t\t\t\t\t\t\t\t<img decoding=\"async\" width=\"500\" height=\"438\" src=\"https:\/\/sergio-rossi.ch\/wp-content\/uploads\/2025\/03\/nudo-di-ragazzo-seduto.jpg\" class=\"attachment-large size-large wp-image-944\" alt=\"\" srcset=\"https:\/\/sergio-rossi.ch\/wp-content\/uploads\/2025\/03\/nudo-di-ragazzo-seduto.jpg 500w, https:\/\/sergio-rossi.ch\/wp-content\/uploads\/2025\/03\/nudo-di-ragazzo-seduto-300x263.jpg 300w\" sizes=\"(max-width: 500px) 100vw, 500px\" \/>\t\t\t\t\t\t\t\t\t\t\t<figcaption class=\"widget-image-caption wp-caption-text\">Nudo di ragazzo seduto olio su tela 1960 70x80<\/figcaption>\n\t\t\t\t\t\t\t\t\t\t<\/figure>\n\t\t\t\t\t\t\t\t\t<\/div>\n\t\t\t\t<\/div>\n\t\t\t\t<div class=\"elementor-element elementor-element-c701f2e elementor-widget elementor-widget-image\" data-id=\"c701f2e\" data-element_type=\"widget\" data-e-type=\"widget\" data-widget_type=\"image.default\">\n\t\t\t\t<div class=\"elementor-widget-container\">\n\t\t\t\t\t\t\t\t\t\t\t\t<figure class=\"wp-caption\">\n\t\t\t\t\t\t\t\t\t\t<img decoding=\"async\" width=\"241\" height=\"500\" src=\"https:\/\/sergio-rossi.ch\/wp-content\/uploads\/2025\/03\/ragazzo-in-cilindro.jpg\" class=\"attachment-large size-large wp-image-952\" alt=\"\" srcset=\"https:\/\/sergio-rossi.ch\/wp-content\/uploads\/2025\/03\/ragazzo-in-cilindro.jpg 241w, https:\/\/sergio-rossi.ch\/wp-content\/uploads\/2025\/03\/ragazzo-in-cilindro-145x300.jpg 145w\" sizes=\"(max-width: 241px) 100vw, 241px\" \/>\t\t\t\t\t\t\t\t\t\t\t<figcaption class=\"widget-image-caption wp-caption-text\">Ragazzo in cilindro olio su tela 1960 120x60<\/figcaption>\n\t\t\t\t\t\t\t\t\t\t<\/figure>\n\t\t\t\t\t\t\t\t\t<\/div>\n\t\t\t\t<\/div>\n\t\t\t\t<div class=\"elementor-element elementor-element-8d4787a elementor-widget elementor-widget-image\" data-id=\"8d4787a\" data-element_type=\"widget\" data-e-type=\"widget\" data-widget_type=\"image.default\">\n\t\t\t\t<div class=\"elementor-widget-container\">\n\t\t\t\t\t\t\t\t\t\t\t\t<figure class=\"wp-caption\">\n\t\t\t\t\t\t\t\t\t\t<img loading=\"lazy\" decoding=\"async\" width=\"423\" height=\"500\" src=\"https:\/\/sergio-rossi.ch\/wp-content\/uploads\/2025\/03\/bambino-con-uva.jpg\" class=\"attachment-large size-large wp-image-921\" alt=\"\" srcset=\"https:\/\/sergio-rossi.ch\/wp-content\/uploads\/2025\/03\/bambino-con-uva.jpg 423w, https:\/\/sergio-rossi.ch\/wp-content\/uploads\/2025\/03\/bambino-con-uva-254x300.jpg 254w\" sizes=\"(max-width: 423px) 100vw, 423px\" \/>\t\t\t\t\t\t\t\t\t\t\t<figcaption class=\"widget-image-caption wp-caption-text\">Bambino con uva olio su tela 1959 60x50<\/figcaption>\n\t\t\t\t\t\t\t\t\t\t<\/figure>\n\t\t\t\t\t\t\t\t\t<\/div>\n\t\t\t\t<\/div>\n\t\t\t\t<div class=\"elementor-element elementor-element-5b9bf2f elementor-widget elementor-widget-image\" data-id=\"5b9bf2f\" data-element_type=\"widget\" data-e-type=\"widget\" data-widget_type=\"image.default\">\n\t\t\t\t<div class=\"elementor-widget-container\">\n\t\t\t\t\t\t\t\t\t\t\t\t<figure class=\"wp-caption\">\n\t\t\t\t\t\t\t\t\t\t<img loading=\"lazy\" decoding=\"async\" width=\"500\" height=\"351\" src=\"https:\/\/sergio-rossi.ch\/wp-content\/uploads\/2025\/03\/ragazzo-alla-ringhiera.jpg\" class=\"attachment-large size-large wp-image-950\" alt=\"\" srcset=\"https:\/\/sergio-rossi.ch\/wp-content\/uploads\/2025\/03\/ragazzo-alla-ringhiera.jpg 500w, https:\/\/sergio-rossi.ch\/wp-content\/uploads\/2025\/03\/ragazzo-alla-ringhiera-300x211.jpg 300w\" sizes=\"(max-width: 500px) 100vw, 500px\" \/>\t\t\t\t\t\t\t\t\t\t\t<figcaption class=\"widget-image-caption wp-caption-text\">Ragazzo alla ringhiera olio su tela 1959-60 50x70<\/figcaption>\n\t\t\t\t\t\t\t\t\t\t<\/figure>\n\t\t\t\t\t\t\t\t\t<\/div>\n\t\t\t\t<\/div>\n\t\t\t\t<div class=\"elementor-element elementor-element-e15730e elementor-widget elementor-widget-image\" data-id=\"e15730e\" data-element_type=\"widget\" data-e-type=\"widget\" data-widget_type=\"image.default\">\n\t\t\t\t<div class=\"elementor-widget-container\">\n\t\t\t\t\t\t\t\t\t\t\t\t<figure class=\"wp-caption\">\n\t\t\t\t\t\t\t\t\t\t<img loading=\"lazy\" decoding=\"async\" width=\"396\" height=\"500\" src=\"https:\/\/sergio-rossi.ch\/wp-content\/uploads\/2025\/03\/figura-1960.jpg\" class=\"attachment-large size-large wp-image-930\" alt=\"\" srcset=\"https:\/\/sergio-rossi.ch\/wp-content\/uploads\/2025\/03\/figura-1960.jpg 396w, https:\/\/sergio-rossi.ch\/wp-content\/uploads\/2025\/03\/figura-1960-238x300.jpg 238w\" sizes=\"(max-width: 396px) 100vw, 396px\" \/>\t\t\t\t\t\t\t\t\t\t\t<figcaption class=\"widget-image-caption wp-caption-text\">Figura 1960 olio su tella 1960 90x70<\/figcaption>\n\t\t\t\t\t\t\t\t\t\t<\/figure>\n\t\t\t\t\t\t\t\t\t<\/div>\n\t\t\t\t<\/div>\n\t\t\t\t\t<\/div>\n\t\t\t\t<\/div>\n\t\t<div class=\"elementor-element elementor-element-78c6934 e-grid e-con-boxed e-con e-parent\" data-id=\"78c6934\" data-element_type=\"container\" data-e-type=\"container\" data-settings=\"{&quot;background_background&quot;:&quot;classic&quot;}\">\n\t\t\t\t\t<div class=\"e-con-inner\">\n\t\t\t\t<div class=\"elementor-element elementor-element-65aa6a2 elementor-widget elementor-widget-image\" data-id=\"65aa6a2\" data-element_type=\"widget\" data-e-type=\"widget\" data-widget_type=\"image.default\">\n\t\t\t\t<div class=\"elementor-widget-container\">\n\t\t\t\t\t\t\t\t\t\t\t\t<figure class=\"wp-caption\">\n\t\t\t\t\t\t\t\t\t\t<img loading=\"lazy\" decoding=\"async\" width=\"500\" height=\"422\" src=\"https:\/\/sergio-rossi.ch\/wp-content\/uploads\/2025\/03\/carriola-nel-cortile.jpg\" class=\"attachment-large size-large wp-image-925\" alt=\"\" srcset=\"https:\/\/sergio-rossi.ch\/wp-content\/uploads\/2025\/03\/carriola-nel-cortile.jpg 500w, https:\/\/sergio-rossi.ch\/wp-content\/uploads\/2025\/03\/carriola-nel-cortile-300x253.jpg 300w\" sizes=\"(max-width: 500px) 100vw, 500px\" \/>\t\t\t\t\t\t\t\t\t\t\t<figcaption class=\"widget-image-caption wp-caption-text\">Carriola nel cortile olio 1961 80x100<\/figcaption>\n\t\t\t\t\t\t\t\t\t\t<\/figure>\n\t\t\t\t\t\t\t\t\t<\/div>\n\t\t\t\t<\/div>\n\t\t\t\t<div class=\"elementor-element elementor-element-40d9717 elementor-widget elementor-widget-image\" data-id=\"40d9717\" data-element_type=\"widget\" data-e-type=\"widget\" data-widget_type=\"image.default\">\n\t\t\t\t<div class=\"elementor-widget-container\">\n\t\t\t\t\t\t\t\t\t\t\t\t<figure class=\"wp-caption\">\n\t\t\t\t\t\t\t\t\t\t<img loading=\"lazy\" decoding=\"async\" width=\"377\" height=\"500\" src=\"https:\/\/sergio-rossi.ch\/wp-content\/uploads\/2025\/03\/carriola-in-grigio.jpg\" class=\"attachment-large size-large wp-image-924\" alt=\"\" srcset=\"https:\/\/sergio-rossi.ch\/wp-content\/uploads\/2025\/03\/carriola-in-grigio.jpg 377w, https:\/\/sergio-rossi.ch\/wp-content\/uploads\/2025\/03\/carriola-in-grigio-226x300.jpg 226w\" sizes=\"(max-width: 377px) 100vw, 377px\" \/>\t\t\t\t\t\t\t\t\t\t\t<figcaption class=\"widget-image-caption wp-caption-text\">Carriola in grigio olio su tela 1961 80x60<\/figcaption>\n\t\t\t\t\t\t\t\t\t\t<\/figure>\n\t\t\t\t\t\t\t\t\t<\/div>\n\t\t\t\t<\/div>\n\t\t\t\t<div class=\"elementor-element elementor-element-cc76abe elementor-widget elementor-widget-image\" data-id=\"cc76abe\" data-element_type=\"widget\" data-e-type=\"widget\" data-widget_type=\"image.default\">\n\t\t\t\t<div class=\"elementor-widget-container\">\n\t\t\t\t\t\t\t\t\t\t\t\t<figure class=\"wp-caption\">\n\t\t\t\t\t\t\t\t\t\t<img loading=\"lazy\" decoding=\"async\" width=\"500\" height=\"338\" src=\"https:\/\/sergio-rossi.ch\/wp-content\/uploads\/2025\/03\/carriola-e-tre-secchi.jpg\" class=\"attachment-large size-large wp-image-923\" alt=\"\" srcset=\"https:\/\/sergio-rossi.ch\/wp-content\/uploads\/2025\/03\/carriola-e-tre-secchi.jpg 500w, https:\/\/sergio-rossi.ch\/wp-content\/uploads\/2025\/03\/carriola-e-tre-secchi-300x203.jpg 300w\" sizes=\"(max-width: 500px) 100vw, 500px\" \/>\t\t\t\t\t\t\t\t\t\t\t<figcaption class=\"widget-image-caption wp-caption-text\">Carriola e tre secchi olio su tela 1961 80x100<\/figcaption>\n\t\t\t\t\t\t\t\t\t\t<\/figure>\n\t\t\t\t\t\t\t\t\t<\/div>\n\t\t\t\t<\/div>\n\t\t\t\t<div class=\"elementor-element elementor-element-39409c2 elementor-widget elementor-widget-image\" data-id=\"39409c2\" data-element_type=\"widget\" data-e-type=\"widget\" data-widget_type=\"image.default\">\n\t\t\t\t<div class=\"elementor-widget-container\">\n\t\t\t\t\t\t\t\t\t\t\t\t<figure class=\"wp-caption\">\n\t\t\t\t\t\t\t\t\t\t<img loading=\"lazy\" decoding=\"async\" width=\"500\" height=\"378\" src=\"https:\/\/sergio-rossi.ch\/wp-content\/uploads\/2025\/03\/busto-riccardino.jpg\" class=\"attachment-large size-large wp-image-922\" alt=\"\" srcset=\"https:\/\/sergio-rossi.ch\/wp-content\/uploads\/2025\/03\/busto-riccardino.jpg 500w, https:\/\/sergio-rossi.ch\/wp-content\/uploads\/2025\/03\/busto-riccardino-300x227.jpg 300w\" sizes=\"(max-width: 500px) 100vw, 500px\" \/>\t\t\t\t\t\t\t\t\t\t\t<figcaption class=\"widget-image-caption wp-caption-text\">Busto di Riccardino su sfondo grigio olio su tela 1960 50x64<\/figcaption>\n\t\t\t\t\t\t\t\t\t\t<\/figure>\n\t\t\t\t\t\t\t\t\t<\/div>\n\t\t\t\t<\/div>\n\t\t\t\t<div class=\"elementor-element elementor-element-7a3e422 elementor-widget elementor-widget-image\" data-id=\"7a3e422\" data-element_type=\"widget\" data-e-type=\"widget\" data-widget_type=\"image.default\">\n\t\t\t\t<div class=\"elementor-widget-container\">\n\t\t\t\t\t\t\t\t\t\t\t\t<figure class=\"wp-caption\">\n\t\t\t\t\t\t\t\t\t\t<img loading=\"lazy\" decoding=\"async\" width=\"379\" height=\"500\" src=\"https:\/\/sergio-rossi.ch\/wp-content\/uploads\/2025\/03\/autoritratto.jpg\" class=\"attachment-large size-large wp-image-920\" alt=\"\" srcset=\"https:\/\/sergio-rossi.ch\/wp-content\/uploads\/2025\/03\/autoritratto.jpg 379w, https:\/\/sergio-rossi.ch\/wp-content\/uploads\/2025\/03\/autoritratto-227x300.jpg 227w\" sizes=\"(max-width: 379px) 100vw, 379px\" \/>\t\t\t\t\t\t\t\t\t\t\t<figcaption class=\"widget-image-caption wp-caption-text\">Autoritratto olio su tela 1959 64x50<\/figcaption>\n\t\t\t\t\t\t\t\t\t\t<\/figure>\n\t\t\t\t\t\t\t\t\t<\/div>\n\t\t\t\t<\/div>\n\t\t\t\t<div class=\"elementor-element elementor-element-2c65f01 elementor-widget elementor-widget-image\" data-id=\"2c65f01\" data-element_type=\"widget\" data-e-type=\"widget\" data-widget_type=\"image.default\">\n\t\t\t\t<div class=\"elementor-widget-container\">\n\t\t\t\t\t\t\t\t\t\t\t\t<figure class=\"wp-caption\">\n\t\t\t\t\t\t\t\t\t\t<img loading=\"lazy\" decoding=\"async\" width=\"500\" height=\"362\" src=\"https:\/\/sergio-rossi.ch\/wp-content\/uploads\/2025\/03\/due-ritratti-divergenti.jpg\" class=\"attachment-large size-large wp-image-928\" alt=\"\" srcset=\"https:\/\/sergio-rossi.ch\/wp-content\/uploads\/2025\/03\/due-ritratti-divergenti.jpg 500w, https:\/\/sergio-rossi.ch\/wp-content\/uploads\/2025\/03\/due-ritratti-divergenti-300x217.jpg 300w\" sizes=\"(max-width: 500px) 100vw, 500px\" \/>\t\t\t\t\t\t\t\t\t\t\t<figcaption class=\"widget-image-caption wp-caption-text\">Due ritratti divergenti olio su cartoncino nero intelaiato su yuta 1960 50x70<\/figcaption>\n\t\t\t\t\t\t\t\t\t\t<\/figure>\n\t\t\t\t\t\t\t\t\t<\/div>\n\t\t\t\t<\/div>\n\t\t\t\t\t<\/div>\n\t\t\t\t<\/div>\n\t\t<div class=\"elementor-element elementor-element-3f9e7f3 e-grid e-con-boxed e-con e-parent\" data-id=\"3f9e7f3\" data-element_type=\"container\" data-e-type=\"container\" data-settings=\"{&quot;background_background&quot;:&quot;classic&quot;}\">\n\t\t\t\t\t<div class=\"e-con-inner\">\n\t\t\t\t<div class=\"elementor-element elementor-element-9880b2f elementor-widget elementor-widget-image\" data-id=\"9880b2f\" data-element_type=\"widget\" data-e-type=\"widget\" data-widget_type=\"image.default\">\n\t\t\t\t<div class=\"elementor-widget-container\">\n\t\t\t\t\t\t\t\t\t\t\t\t<figure class=\"wp-caption\">\n\t\t\t\t\t\t\t\t\t\t<img loading=\"lazy\" decoding=\"async\" width=\"245\" height=\"500\" src=\"https:\/\/sergio-rossi.ch\/wp-content\/uploads\/2025\/03\/la-gravida.jpg\" class=\"attachment-large size-large wp-image-938\" alt=\"\" srcset=\"https:\/\/sergio-rossi.ch\/wp-content\/uploads\/2025\/03\/la-gravida.jpg 245w, https:\/\/sergio-rossi.ch\/wp-content\/uploads\/2025\/03\/la-gravida-147x300.jpg 147w\" sizes=\"(max-width: 245px) 100vw, 245px\" \/>\t\t\t\t\t\t\t\t\t\t\t<figcaption class=\"widget-image-caption wp-caption-text\">La gravida  olio su tela 1960 120x60<\/figcaption>\n\t\t\t\t\t\t\t\t\t\t<\/figure>\n\t\t\t\t\t\t\t\t\t<\/div>\n\t\t\t\t<\/div>\n\t\t\t\t<div class=\"elementor-element elementor-element-bbd8fdf elementor-widget elementor-widget-image\" data-id=\"bbd8fdf\" data-element_type=\"widget\" data-e-type=\"widget\" data-widget_type=\"image.default\">\n\t\t\t\t<div class=\"elementor-widget-container\">\n\t\t\t\t\t\t\t\t\t\t\t\t<figure class=\"wp-caption\">\n\t\t\t\t\t\t\t\t\t\t<img loading=\"lazy\" decoding=\"async\" width=\"413\" height=\"500\" src=\"https:\/\/sergio-rossi.ch\/wp-content\/uploads\/2025\/03\/la-gravida-3.jpg\" class=\"attachment-large size-large wp-image-937\" alt=\"\" srcset=\"https:\/\/sergio-rossi.ch\/wp-content\/uploads\/2025\/03\/la-gravida-3.jpg 413w, https:\/\/sergio-rossi.ch\/wp-content\/uploads\/2025\/03\/la-gravida-3-248x300.jpg 248w\" sizes=\"(max-width: 413px) 100vw, 413px\" \/>\t\t\t\t\t\t\t\t\t\t\t<figcaption class=\"widget-image-caption wp-caption-text\">La gravida 3 olio su tela 1960 60x50<\/figcaption>\n\t\t\t\t\t\t\t\t\t\t<\/figure>\n\t\t\t\t\t\t\t\t\t<\/div>\n\t\t\t\t<\/div>\n\t\t\t\t<div class=\"elementor-element elementor-element-2c18f79 elementor-widget elementor-widget-image\" data-id=\"2c18f79\" data-element_type=\"widget\" data-e-type=\"widget\" data-widget_type=\"image.default\">\n\t\t\t\t<div class=\"elementor-widget-container\">\n\t\t\t\t\t\t\t\t\t\t\t\t<figure class=\"wp-caption\">\n\t\t\t\t\t\t\t\t\t\t<img loading=\"lazy\" decoding=\"async\" width=\"418\" height=\"500\" src=\"https:\/\/sergio-rossi.ch\/wp-content\/uploads\/2025\/03\/la-gravida-2.jpg\" class=\"attachment-large size-large wp-image-936\" alt=\"\" srcset=\"https:\/\/sergio-rossi.ch\/wp-content\/uploads\/2025\/03\/la-gravida-2.jpg 418w, https:\/\/sergio-rossi.ch\/wp-content\/uploads\/2025\/03\/la-gravida-2-251x300.jpg 251w\" sizes=\"(max-width: 418px) 100vw, 418px\" \/>\t\t\t\t\t\t\t\t\t\t\t<figcaption class=\"widget-image-caption wp-caption-text\">La gravida 2 olio su tela 1959 60x50<\/figcaption>\n\t\t\t\t\t\t\t\t\t\t<\/figure>\n\t\t\t\t\t\t\t\t\t<\/div>\n\t\t\t\t<\/div>\n\t\t\t\t<div class=\"elementor-element elementor-element-8d912ab elementor-widget elementor-widget-image\" data-id=\"8d912ab\" data-element_type=\"widget\" data-e-type=\"widget\" data-widget_type=\"image.default\">\n\t\t\t\t<div class=\"elementor-widget-container\">\n\t\t\t\t\t\t\t\t\t\t\t\t<figure class=\"wp-caption\">\n\t\t\t\t\t\t\t\t\t\t<img loading=\"lazy\" decoding=\"async\" width=\"358\" height=\"500\" src=\"https:\/\/sergio-rossi.ch\/wp-content\/uploads\/2025\/03\/fornace-della-rasa-59.jpg\" class=\"attachment-large size-large wp-image-932\" alt=\"\" srcset=\"https:\/\/sergio-rossi.ch\/wp-content\/uploads\/2025\/03\/fornace-della-rasa-59.jpg 358w, https:\/\/sergio-rossi.ch\/wp-content\/uploads\/2025\/03\/fornace-della-rasa-59-215x300.jpg 215w\" sizes=\"(max-width: 358px) 100vw, 358px\" \/>\t\t\t\t\t\t\t\t\t\t\t<figcaption class=\"widget-image-caption wp-caption-text\">Fornace della Rasa '59 olio su cartoncino intelaiato su yuta 1959 80x60<\/figcaption>\n\t\t\t\t\t\t\t\t\t\t<\/figure>\n\t\t\t\t\t\t\t\t\t<\/div>\n\t\t\t\t<\/div>\n\t\t\t\t<div class=\"elementor-element elementor-element-f3ae0df elementor-widget elementor-widget-image\" data-id=\"f3ae0df\" data-element_type=\"widget\" data-e-type=\"widget\" data-widget_type=\"image.default\">\n\t\t\t\t<div class=\"elementor-widget-container\">\n\t\t\t\t\t\t\t\t\t\t\t\t<figure class=\"wp-caption\">\n\t\t\t\t\t\t\t\t\t\t<img loading=\"lazy\" decoding=\"async\" width=\"500\" height=\"369\" src=\"https:\/\/sergio-rossi.ch\/wp-content\/uploads\/2025\/03\/fornace-con-fumo.jpg\" class=\"attachment-large size-large wp-image-931\" alt=\"\" srcset=\"https:\/\/sergio-rossi.ch\/wp-content\/uploads\/2025\/03\/fornace-con-fumo.jpg 500w, https:\/\/sergio-rossi.ch\/wp-content\/uploads\/2025\/03\/fornace-con-fumo-300x221.jpg 300w\" sizes=\"(max-width: 500px) 100vw, 500px\" \/>\t\t\t\t\t\t\t\t\t\t\t<figcaption class=\"widget-image-caption wp-caption-text\">Fornace con fumo olio su tela 1960 50x80<\/figcaption>\n\t\t\t\t\t\t\t\t\t\t<\/figure>\n\t\t\t\t\t\t\t\t\t<\/div>\n\t\t\t\t<\/div>\n\t\t\t\t<div class=\"elementor-element elementor-element-3240fd9 elementor-widget elementor-widget-image\" data-id=\"3240fd9\" data-element_type=\"widget\" data-e-type=\"widget\" data-widget_type=\"image.default\">\n\t\t\t\t<div class=\"elementor-widget-container\">\n\t\t\t\t\t\t\t\t\t\t\t\t<figure class=\"wp-caption\">\n\t\t\t\t\t\t\t\t\t\t<img loading=\"lazy\" decoding=\"async\" width=\"500\" height=\"363\" src=\"https:\/\/sergio-rossi.ch\/wp-content\/uploads\/2025\/03\/il-porto.jpg\" class=\"attachment-large size-large wp-image-934\" alt=\"\" srcset=\"https:\/\/sergio-rossi.ch\/wp-content\/uploads\/2025\/03\/il-porto.jpg 500w, https:\/\/sergio-rossi.ch\/wp-content\/uploads\/2025\/03\/il-porto-300x218.jpg 300w\" sizes=\"(max-width: 500px) 100vw, 500px\" \/>\t\t\t\t\t\t\t\t\t\t\t<figcaption class=\"widget-image-caption wp-caption-text\">Il porto olio 1959<\/figcaption>\n\t\t\t\t\t\t\t\t\t\t<\/figure>\n\t\t\t\t\t\t\t\t\t<\/div>\n\t\t\t\t<\/div>\n\t\t\t\t\t<\/div>\n\t\t\t\t<\/div>\n\t\t<div class=\"elementor-element elementor-element-e9c1f81 e-grid e-con-boxed e-con e-parent\" data-id=\"e9c1f81\" data-element_type=\"container\" data-e-type=\"container\" data-settings=\"{&quot;background_background&quot;:&quot;classic&quot;}\">\n\t\t\t\t\t<div class=\"e-con-inner\">\n\t\t\t\t<div class=\"elementor-element elementor-element-a6bbe7c elementor-widget elementor-widget-image\" data-id=\"a6bbe7c\" data-element_type=\"widget\" data-e-type=\"widget\" data-widget_type=\"image.default\">\n\t\t\t\t<div class=\"elementor-widget-container\">\n\t\t\t\t\t\t\t\t\t\t\t\t<figure class=\"wp-caption\">\n\t\t\t\t\t\t\t\t\t\t<img loading=\"lazy\" decoding=\"async\" width=\"384\" height=\"500\" src=\"https:\/\/sergio-rossi.ch\/wp-content\/uploads\/2025\/03\/alberi.jpg\" class=\"attachment-large size-large wp-image-913\" alt=\"\" srcset=\"https:\/\/sergio-rossi.ch\/wp-content\/uploads\/2025\/03\/alberi.jpg 384w, https:\/\/sergio-rossi.ch\/wp-content\/uploads\/2025\/03\/alberi-230x300.jpg 230w\" sizes=\"(max-width: 384px) 100vw, 384px\" \/>\t\t\t\t\t\t\t\t\t\t\t<figcaption class=\"widget-image-caption wp-caption-text\">Alberi olio su tela 1959 90x70<\/figcaption>\n\t\t\t\t\t\t\t\t\t\t<\/figure>\n\t\t\t\t\t\t\t\t\t<\/div>\n\t\t\t\t<\/div>\n\t\t\t\t<div class=\"elementor-element elementor-element-636225f elementor-widget elementor-widget-image\" data-id=\"636225f\" data-element_type=\"widget\" data-e-type=\"widget\" data-widget_type=\"image.default\">\n\t\t\t\t<div class=\"elementor-widget-container\">\n\t\t\t\t\t\t\t\t\t\t\t\t<figure class=\"wp-caption\">\n\t\t\t\t\t\t\t\t\t\t<img loading=\"lazy\" decoding=\"async\" width=\"366\" height=\"500\" src=\"https:\/\/sergio-rossi.ch\/wp-content\/uploads\/2025\/03\/albero-grigio.jpg\" class=\"attachment-large size-large wp-image-914\" alt=\"\" srcset=\"https:\/\/sergio-rossi.ch\/wp-content\/uploads\/2025\/03\/albero-grigio.jpg 366w, https:\/\/sergio-rossi.ch\/wp-content\/uploads\/2025\/03\/albero-grigio-220x300.jpg 220w\" sizes=\"(max-width: 366px) 100vw, 366px\" \/>\t\t\t\t\t\t\t\t\t\t\t<figcaption class=\"widget-image-caption wp-caption-text\">Albero grigio olio su tela 1959 79x60<\/figcaption>\n\t\t\t\t\t\t\t\t\t\t<\/figure>\n\t\t\t\t\t\t\t\t\t<\/div>\n\t\t\t\t<\/div>\n\t\t\t\t<div class=\"elementor-element elementor-element-ec049b9 elementor-widget elementor-widget-image\" data-id=\"ec049b9\" data-element_type=\"widget\" data-e-type=\"widget\" data-widget_type=\"image.default\">\n\t\t\t\t<div class=\"elementor-widget-container\">\n\t\t\t\t\t\t\t\t\t\t\t\t<figure class=\"wp-caption\">\n\t\t\t\t\t\t\t\t\t\t<img loading=\"lazy\" decoding=\"async\" width=\"371\" height=\"500\" src=\"https:\/\/sergio-rossi.ch\/wp-content\/uploads\/2025\/03\/albero-macchia-rossa.jpg\" class=\"attachment-large size-large wp-image-915\" alt=\"\" srcset=\"https:\/\/sergio-rossi.ch\/wp-content\/uploads\/2025\/03\/albero-macchia-rossa.jpg 371w, https:\/\/sergio-rossi.ch\/wp-content\/uploads\/2025\/03\/albero-macchia-rossa-223x300.jpg 223w\" sizes=\"(max-width: 371px) 100vw, 371px\" \/>\t\t\t\t\t\t\t\t\t\t\t<figcaption class=\"widget-image-caption wp-caption-text\">Albero con macchia rossa olio su tela 1960 80x60<\/figcaption>\n\t\t\t\t\t\t\t\t\t\t<\/figure>\n\t\t\t\t\t\t\t\t\t<\/div>\n\t\t\t\t<\/div>\n\t\t\t\t<div class=\"elementor-element elementor-element-c06b10c elementor-widget elementor-widget-image\" data-id=\"c06b10c\" data-element_type=\"widget\" data-e-type=\"widget\" data-widget_type=\"image.default\">\n\t\t\t\t<div class=\"elementor-widget-container\">\n\t\t\t\t\t\t\t\t\t\t\t\t<figure class=\"wp-caption\">\n\t\t\t\t\t\t\t\t\t\t<img loading=\"lazy\" decoding=\"async\" width=\"237\" height=\"500\" src=\"https:\/\/sergio-rossi.ch\/wp-content\/uploads\/2025\/03\/albero-peiumato-2.jpg\" class=\"attachment-large size-large wp-image-916\" alt=\"\" srcset=\"https:\/\/sergio-rossi.ch\/wp-content\/uploads\/2025\/03\/albero-peiumato-2.jpg 237w, https:\/\/sergio-rossi.ch\/wp-content\/uploads\/2025\/03\/albero-peiumato-2-142x300.jpg 142w\" sizes=\"(max-width: 237px) 100vw, 237px\" \/>\t\t\t\t\t\t\t\t\t\t\t<figcaption class=\"widget-image-caption wp-caption-text\">Albero piumato 2 olio su tela 1959 123x70<\/figcaption>\n\t\t\t\t\t\t\t\t\t\t<\/figure>\n\t\t\t\t\t\t\t\t\t<\/div>\n\t\t\t\t<\/div>\n\t\t\t\t<div class=\"elementor-element elementor-element-b9d6277 elementor-widget elementor-widget-image\" data-id=\"b9d6277\" data-element_type=\"widget\" data-e-type=\"widget\" data-widget_type=\"image.default\">\n\t\t\t\t<div class=\"elementor-widget-container\">\n\t\t\t\t\t\t\t\t\t\t\t\t<figure class=\"wp-caption\">\n\t\t\t\t\t\t\t\t\t\t<img loading=\"lazy\" decoding=\"async\" width=\"245\" height=\"500\" src=\"https:\/\/sergio-rossi.ch\/wp-content\/uploads\/2025\/03\/albero-piumato-3.jpg\" class=\"attachment-large size-large wp-image-917\" alt=\"\" srcset=\"https:\/\/sergio-rossi.ch\/wp-content\/uploads\/2025\/03\/albero-piumato-3.jpg 245w, https:\/\/sergio-rossi.ch\/wp-content\/uploads\/2025\/03\/albero-piumato-3-147x300.jpg 147w\" sizes=\"(max-width: 245px) 100vw, 245px\" \/>\t\t\t\t\t\t\t\t\t\t\t<figcaption class=\"widget-image-caption wp-caption-text\">Albero piumato 3 olio su tela 1959 120x60<\/figcaption>\n\t\t\t\t\t\t\t\t\t\t<\/figure>\n\t\t\t\t\t\t\t\t\t<\/div>\n\t\t\t\t<\/div>\n\t\t\t\t<div class=\"elementor-element elementor-element-01142f6 elementor-widget elementor-widget-image\" data-id=\"01142f6\" data-element_type=\"widget\" data-e-type=\"widget\" data-widget_type=\"image.default\">\n\t\t\t\t<div class=\"elementor-widget-container\">\n\t\t\t\t\t\t\t\t\t\t\t\t<figure class=\"wp-caption\">\n\t\t\t\t\t\t\t\t\t\t<img loading=\"lazy\" decoding=\"async\" width=\"245\" height=\"500\" src=\"https:\/\/sergio-rossi.ch\/wp-content\/uploads\/2025\/03\/albero-piumato-5.jpg\" class=\"attachment-large size-large wp-image-918\" alt=\"\" srcset=\"https:\/\/sergio-rossi.ch\/wp-content\/uploads\/2025\/03\/albero-piumato-5.jpg 245w, https:\/\/sergio-rossi.ch\/wp-content\/uploads\/2025\/03\/albero-piumato-5-147x300.jpg 147w\" sizes=\"(max-width: 245px) 100vw, 245px\" \/>\t\t\t\t\t\t\t\t\t\t\t<figcaption class=\"widget-image-caption wp-caption-text\">Albero piumato 5 olio su tela 1961 100x50<\/figcaption>\n\t\t\t\t\t\t\t\t\t\t<\/figure>\n\t\t\t\t\t\t\t\t\t<\/div>\n\t\t\t\t<\/div>\n\t\t\t\t\t<\/div>\n\t\t\t\t<\/div>\n\t\t<div class=\"elementor-element elementor-element-7b47498 e-grid e-con-boxed e-con e-parent\" data-id=\"7b47498\" data-element_type=\"container\" data-e-type=\"container\" data-settings=\"{&quot;background_background&quot;:&quot;classic&quot;}\">\n\t\t\t\t\t<div class=\"e-con-inner\">\n\t\t\t\t<div class=\"elementor-element elementor-element-b92036f elementor-widget elementor-widget-image\" data-id=\"b92036f\" data-element_type=\"widget\" data-e-type=\"widget\" data-widget_type=\"image.default\">\n\t\t\t\t<div class=\"elementor-widget-container\">\n\t\t\t\t\t\t\t\t\t\t\t\t<figure class=\"wp-caption\">\n\t\t\t\t\t\t\t\t\t\t<img loading=\"lazy\" decoding=\"async\" width=\"500\" height=\"408\" src=\"https:\/\/sergio-rossi.ch\/wp-content\/uploads\/2025\/03\/due-ulivi.jpg\" class=\"attachment-large size-large wp-image-929\" alt=\"\" srcset=\"https:\/\/sergio-rossi.ch\/wp-content\/uploads\/2025\/03\/due-ulivi.jpg 500w, https:\/\/sergio-rossi.ch\/wp-content\/uploads\/2025\/03\/due-ulivi-300x245.jpg 300w\" sizes=\"(max-width: 500px) 100vw, 500px\" \/>\t\t\t\t\t\t\t\t\t\t\t<figcaption class=\"widget-image-caption wp-caption-text\">Due ulivi olio su tela 1959 80x100<\/figcaption>\n\t\t\t\t\t\t\t\t\t\t<\/figure>\n\t\t\t\t\t\t\t\t\t<\/div>\n\t\t\t\t<\/div>\n\t\t\t\t<div class=\"elementor-element elementor-element-408179c elementor-widget elementor-widget-image\" data-id=\"408179c\" data-element_type=\"widget\" data-e-type=\"widget\" data-widget_type=\"image.default\">\n\t\t\t\t<div class=\"elementor-widget-container\">\n\t\t\t\t\t\t\t\t\t\t\t\t<figure class=\"wp-caption\">\n\t\t\t\t\t\t\t\t\t\t<img loading=\"lazy\" decoding=\"async\" width=\"248\" height=\"500\" src=\"https:\/\/sergio-rossi.ch\/wp-content\/uploads\/2025\/03\/grande-albero.jpg\" class=\"attachment-large size-large wp-image-933\" alt=\"\" srcset=\"https:\/\/sergio-rossi.ch\/wp-content\/uploads\/2025\/03\/grande-albero.jpg 248w, https:\/\/sergio-rossi.ch\/wp-content\/uploads\/2025\/03\/grande-albero-149x300.jpg 149w\" sizes=\"(max-width: 248px) 100vw, 248px\" \/>\t\t\t\t\t\t\t\t\t\t\t<figcaption class=\"widget-image-caption wp-caption-text\">Grande albero olio su tela 1959 100x50<\/figcaption>\n\t\t\t\t\t\t\t\t\t\t<\/figure>\n\t\t\t\t\t\t\t\t\t<\/div>\n\t\t\t\t<\/div>\n\t\t\t\t<div class=\"elementor-element elementor-element-0e38a54 elementor-widget elementor-widget-image\" data-id=\"0e38a54\" data-element_type=\"widget\" data-e-type=\"widget\" data-widget_type=\"image.default\">\n\t\t\t\t<div class=\"elementor-widget-container\">\n\t\t\t\t\t\t\t\t\t\t\t\t<figure class=\"wp-caption\">\n\t\t\t\t\t\t\t\t\t\t<img loading=\"lazy\" decoding=\"async\" width=\"500\" height=\"408\" src=\"https:\/\/sergio-rossi.ch\/wp-content\/uploads\/2025\/03\/uliveto.jpg\" class=\"attachment-large size-large wp-image-955\" alt=\"\" srcset=\"https:\/\/sergio-rossi.ch\/wp-content\/uploads\/2025\/03\/uliveto.jpg 500w, https:\/\/sergio-rossi.ch\/wp-content\/uploads\/2025\/03\/uliveto-300x245.jpg 300w\" sizes=\"(max-width: 500px) 100vw, 500px\" \/>\t\t\t\t\t\t\t\t\t\t\t<figcaption class=\"widget-image-caption wp-caption-text\">Uliveto olio su tela 1959 80x100<\/figcaption>\n\t\t\t\t\t\t\t\t\t\t<\/figure>\n\t\t\t\t\t\t\t\t\t<\/div>\n\t\t\t\t<\/div>\n\t\t\t\t\t<\/div>\n\t\t\t\t<\/div>\n\t\t<div class=\"elementor-element elementor-element-415efac e-grid e-con-boxed e-con e-parent\" data-id=\"415efac\" data-element_type=\"container\" data-e-type=\"container\" data-settings=\"{&quot;background_background&quot;:&quot;classic&quot;}\">\n\t\t\t\t\t<div class=\"e-con-inner\">\n\t\t\t\t<div class=\"elementor-element elementor-element-8031b9d elementor-widget elementor-widget-image\" data-id=\"8031b9d\" data-element_type=\"widget\" data-e-type=\"widget\" data-widget_type=\"image.default\">\n\t\t\t\t<div class=\"elementor-widget-container\">\n\t\t\t\t\t\t\t\t\t\t\t\t<figure class=\"wp-caption\">\n\t\t\t\t\t\t\t\t\t\t<img loading=\"lazy\" decoding=\"async\" width=\"500\" height=\"401\" src=\"https:\/\/sergio-rossi.ch\/wp-content\/uploads\/2025\/03\/paesaggio-ligure.jpg\" class=\"attachment-large size-large wp-image-946\" alt=\"\" srcset=\"https:\/\/sergio-rossi.ch\/wp-content\/uploads\/2025\/03\/paesaggio-ligure.jpg 500w, https:\/\/sergio-rossi.ch\/wp-content\/uploads\/2025\/03\/paesaggio-ligure-300x241.jpg 300w\" sizes=\"(max-width: 500px) 100vw, 500px\" \/>\t\t\t\t\t\t\t\t\t\t\t<figcaption class=\"widget-image-caption wp-caption-text\">Paesaggio ligure   olio su tela 1960 80x100<\/figcaption>\n\t\t\t\t\t\t\t\t\t\t<\/figure>\n\t\t\t\t\t\t\t\t\t<\/div>\n\t\t\t\t<\/div>\n\t\t\t\t<div class=\"elementor-element elementor-element-8890bf0 elementor-widget elementor-widget-image\" data-id=\"8890bf0\" data-element_type=\"widget\" data-e-type=\"widget\" data-widget_type=\"image.default\">\n\t\t\t\t<div class=\"elementor-widget-container\">\n\t\t\t\t\t\t\t\t\t\t\t\t<figure class=\"wp-caption\">\n\t\t\t\t\t\t\t\t\t\t<img loading=\"lazy\" decoding=\"async\" width=\"500\" height=\"328\" src=\"https:\/\/sergio-rossi.ch\/wp-content\/uploads\/2025\/03\/punta-di-finale.jpg\" class=\"attachment-large size-large wp-image-949\" alt=\"\" srcset=\"https:\/\/sergio-rossi.ch\/wp-content\/uploads\/2025\/03\/punta-di-finale.jpg 500w, https:\/\/sergio-rossi.ch\/wp-content\/uploads\/2025\/03\/punta-di-finale-300x197.jpg 300w\" sizes=\"(max-width: 500px) 100vw, 500px\" \/>\t\t\t\t\t\t\t\t\t\t\t<figcaption class=\"widget-image-caption wp-caption-text\">Punta di Finale olio su tela 1959-60 50x70<\/figcaption>\n\t\t\t\t\t\t\t\t\t\t<\/figure>\n\t\t\t\t\t\t\t\t\t<\/div>\n\t\t\t\t<\/div>\n\t\t\t\t<div class=\"elementor-element elementor-element-1cdd312 elementor-widget elementor-widget-image\" data-id=\"1cdd312\" data-element_type=\"widget\" data-e-type=\"widget\" data-widget_type=\"image.default\">\n\t\t\t\t<div class=\"elementor-widget-container\">\n\t\t\t\t\t\t\t\t\t\t\t\t<figure class=\"wp-caption\">\n\t\t\t\t\t\t\t\t\t\t<img loading=\"lazy\" decoding=\"async\" width=\"500\" height=\"401\" src=\"https:\/\/sergio-rossi.ch\/wp-content\/uploads\/2025\/03\/porto-di-Loano-1.jpg\" class=\"attachment-large size-large wp-image-948\" alt=\"\" srcset=\"https:\/\/sergio-rossi.ch\/wp-content\/uploads\/2025\/03\/porto-di-Loano-1.jpg 500w, https:\/\/sergio-rossi.ch\/wp-content\/uploads\/2025\/03\/porto-di-Loano-1-300x241.jpg 300w\" sizes=\"(max-width: 500px) 100vw, 500px\" \/>\t\t\t\t\t\t\t\t\t\t\t<figcaption class=\"widget-image-caption wp-caption-text\">Porto di Loano 1 olio su tela 1961 80x100<\/figcaption>\n\t\t\t\t\t\t\t\t\t\t<\/figure>\n\t\t\t\t\t\t\t\t\t<\/div>\n\t\t\t\t<\/div>\n\t\t\t\t<div class=\"elementor-element elementor-element-b9d6bd9 elementor-widget elementor-widget-image\" data-id=\"b9d6bd9\" data-element_type=\"widget\" data-e-type=\"widget\" data-widget_type=\"image.default\">\n\t\t\t\t<div class=\"elementor-widget-container\">\n\t\t\t\t\t\t\t\t\t\t\t\t<figure class=\"wp-caption\">\n\t\t\t\t\t\t\t\t\t\t<img loading=\"lazy\" decoding=\"async\" width=\"500\" height=\"245\" src=\"https:\/\/sergio-rossi.ch\/wp-content\/uploads\/2025\/03\/paesaggio-marino-con-case.jpg\" class=\"attachment-large size-large wp-image-947\" alt=\"\" srcset=\"https:\/\/sergio-rossi.ch\/wp-content\/uploads\/2025\/03\/paesaggio-marino-con-case.jpg 500w, https:\/\/sergio-rossi.ch\/wp-content\/uploads\/2025\/03\/paesaggio-marino-con-case-300x147.jpg 300w\" sizes=\"(max-width: 500px) 100vw, 500px\" \/>\t\t\t\t\t\t\t\t\t\t\t<figcaption class=\"widget-image-caption wp-caption-text\">Paesaggio marino con case olio su tela 1961 50x70<\/figcaption>\n\t\t\t\t\t\t\t\t\t\t<\/figure>\n\t\t\t\t\t\t\t\t\t<\/div>\n\t\t\t\t<\/div>\n\t\t\t\t<div class=\"elementor-element elementor-element-3d83408 elementor-widget elementor-widget-image\" data-id=\"3d83408\" data-element_type=\"widget\" data-e-type=\"widget\" data-widget_type=\"image.default\">\n\t\t\t\t<div class=\"elementor-widget-container\">\n\t\t\t\t\t\t\t\t\t\t\t\t<figure class=\"wp-caption\">\n\t\t\t\t\t\t\t\t\t\t<img loading=\"lazy\" decoding=\"async\" width=\"500\" height=\"428\" src=\"https:\/\/sergio-rossi.ch\/wp-content\/uploads\/2025\/03\/case-sul-porto-1.jpg\" class=\"attachment-large size-large wp-image-926\" alt=\"\" srcset=\"https:\/\/sergio-rossi.ch\/wp-content\/uploads\/2025\/03\/case-sul-porto-1.jpg 500w, https:\/\/sergio-rossi.ch\/wp-content\/uploads\/2025\/03\/case-sul-porto-1-300x257.jpg 300w\" sizes=\"(max-width: 500px) 100vw, 500px\" \/>\t\t\t\t\t\t\t\t\t\t\t<figcaption class=\"widget-image-caption wp-caption-text\">Case sul porto 1 olio su tela 1960-61 60x70<\/figcaption>\n\t\t\t\t\t\t\t\t\t\t<\/figure>\n\t\t\t\t\t\t\t\t\t<\/div>\n\t\t\t\t<\/div>\n\t\t\t\t<div class=\"elementor-element elementor-element-a3e3d34 elementor-widget elementor-widget-image\" data-id=\"a3e3d34\" data-element_type=\"widget\" data-e-type=\"widget\" data-widget_type=\"image.default\">\n\t\t\t\t<div class=\"elementor-widget-container\">\n\t\t\t\t\t\t\t\t\t\t\t\t<figure class=\"wp-caption\">\n\t\t\t\t\t\t\t\t\t\t<img loading=\"lazy\" decoding=\"async\" width=\"500\" height=\"373\" src=\"https:\/\/sergio-rossi.ch\/wp-content\/uploads\/2025\/03\/marina-con-grigio-azzurro.jpg\" class=\"attachment-large size-large wp-image-942\" alt=\"\" srcset=\"https:\/\/sergio-rossi.ch\/wp-content\/uploads\/2025\/03\/marina-con-grigio-azzurro.jpg 500w, https:\/\/sergio-rossi.ch\/wp-content\/uploads\/2025\/03\/marina-con-grigio-azzurro-300x224.jpg 300w\" sizes=\"(max-width: 500px) 100vw, 500px\" \/>\t\t\t\t\t\t\t\t\t\t\t<figcaption class=\"widget-image-caption wp-caption-text\">Marina in grigio-azzurro olio su tela di yuta 1959 60x80<\/figcaption>\n\t\t\t\t\t\t\t\t\t\t<\/figure>\n\t\t\t\t\t\t\t\t\t<\/div>\n\t\t\t\t<\/div>\n\t\t\t\t\t<\/div>\n\t\t\t\t<\/div>\n\t\t<div class=\"elementor-element elementor-element-f7cedad e-grid e-con-boxed e-con e-parent\" data-id=\"f7cedad\" data-element_type=\"container\" data-e-type=\"container\" data-settings=\"{&quot;background_background&quot;:&quot;classic&quot;}\">\n\t\t\t\t\t<div class=\"e-con-inner\">\n\t\t\t\t<div class=\"elementor-element elementor-element-214a9e3 elementor-widget elementor-widget-image\" data-id=\"214a9e3\" data-element_type=\"widget\" data-e-type=\"widget\" data-widget_type=\"image.default\">\n\t\t\t\t<div class=\"elementor-widget-container\">\n\t\t\t\t\t\t\t\t\t\t\t\t<figure class=\"wp-caption\">\n\t\t\t\t\t\t\t\t\t\t<img loading=\"lazy\" decoding=\"async\" width=\"500\" height=\"428\" src=\"https:\/\/sergio-rossi.ch\/wp-content\/uploads\/2025\/03\/marina-con-case.jpg\" class=\"attachment-large size-large wp-image-941\" alt=\"\" srcset=\"https:\/\/sergio-rossi.ch\/wp-content\/uploads\/2025\/03\/marina-con-case.jpg 500w, https:\/\/sergio-rossi.ch\/wp-content\/uploads\/2025\/03\/marina-con-case-300x257.jpg 300w\" sizes=\"(max-width: 500px) 100vw, 500px\" \/>\t\t\t\t\t\t\t\t\t\t\t<figcaption class=\"widget-image-caption wp-caption-text\">Marina con case (il porto) olio su tela 1959 60x70<\/figcaption>\n\t\t\t\t\t\t\t\t\t\t<\/figure>\n\t\t\t\t\t\t\t\t\t<\/div>\n\t\t\t\t<\/div>\n\t\t\t\t<div class=\"elementor-element elementor-element-ff5e052 elementor-widget elementor-widget-image\" data-id=\"ff5e052\" data-element_type=\"widget\" data-e-type=\"widget\" data-widget_type=\"image.default\">\n\t\t\t\t<div class=\"elementor-widget-container\">\n\t\t\t\t\t\t\t\t\t\t\t\t<figure class=\"wp-caption\">\n\t\t\t\t\t\t\t\t\t\t<img loading=\"lazy\" decoding=\"async\" width=\"500\" height=\"377\" src=\"https:\/\/sergio-rossi.ch\/wp-content\/uploads\/2025\/03\/marina-3-con-sole.jpg\" class=\"attachment-large size-large wp-image-940\" alt=\"\" srcset=\"https:\/\/sergio-rossi.ch\/wp-content\/uploads\/2025\/03\/marina-3-con-sole.jpg 500w, https:\/\/sergio-rossi.ch\/wp-content\/uploads\/2025\/03\/marina-3-con-sole-300x226.jpg 300w\" sizes=\"(max-width: 500px) 100vw, 500px\" \/>\t\t\t\t\t\t\t\t\t\t\t<figcaption class=\"widget-image-caption wp-caption-text\">Marina 3 con sole (eclisse) olio su tela 1960 60x80<\/figcaption>\n\t\t\t\t\t\t\t\t\t\t<\/figure>\n\t\t\t\t\t\t\t\t\t<\/div>\n\t\t\t\t<\/div>\n\t\t\t\t<div class=\"elementor-element elementor-element-2adb312 elementor-widget elementor-widget-image\" data-id=\"2adb312\" data-element_type=\"widget\" data-e-type=\"widget\" data-widget_type=\"image.default\">\n\t\t\t\t<div class=\"elementor-widget-container\">\n\t\t\t\t\t\t\t\t\t\t\t\t<figure class=\"wp-caption\">\n\t\t\t\t\t\t\t\t\t\t<img loading=\"lazy\" decoding=\"async\" width=\"397\" height=\"500\" src=\"https:\/\/sergio-rossi.ch\/wp-content\/uploads\/2025\/03\/albero-su-fondo-grigio.jpg\" class=\"attachment-large size-large wp-image-919\" alt=\"\" srcset=\"https:\/\/sergio-rossi.ch\/wp-content\/uploads\/2025\/03\/albero-su-fondo-grigio.jpg 397w, https:\/\/sergio-rossi.ch\/wp-content\/uploads\/2025\/03\/albero-su-fondo-grigio-238x300.jpg 238w\" sizes=\"(max-width: 397px) 100vw, 397px\" \/>\t\t\t\t\t\t\t\t\t\t\t<figcaption class=\"widget-image-caption wp-caption-text\">Albero su fondo bruno '61 olio su tela 1961 55x45<\/figcaption>\n\t\t\t\t\t\t\t\t\t\t<\/figure>\n\t\t\t\t\t\t\t\t\t<\/div>\n\t\t\t\t<\/div>\n\t\t\t\t<div class=\"elementor-element elementor-element-517b621 elementor-widget elementor-widget-image\" data-id=\"517b621\" data-element_type=\"widget\" data-e-type=\"widget\" data-widget_type=\"image.default\">\n\t\t\t\t<div class=\"elementor-widget-container\">\n\t\t\t\t\t\t\t\t\t\t\t\t<figure class=\"wp-caption\">\n\t\t\t\t\t\t\t\t\t\t<img loading=\"lazy\" decoding=\"async\" width=\"500\" height=\"354\" src=\"https:\/\/sergio-rossi.ch\/wp-content\/uploads\/2025\/03\/uccello-morto-2.jpg\" class=\"attachment-large size-large wp-image-954\" alt=\"\" srcset=\"https:\/\/sergio-rossi.ch\/wp-content\/uploads\/2025\/03\/uccello-morto-2.jpg 500w, https:\/\/sergio-rossi.ch\/wp-content\/uploads\/2025\/03\/uccello-morto-2-300x212.jpg 300w\" sizes=\"(max-width: 500px) 100vw, 500px\" \/>\t\t\t\t\t\t\t\t\t\t\t<figcaption class=\"widget-image-caption wp-caption-text\">Uccello morto 2 olio su tela 1960 50x70<\/figcaption>\n\t\t\t\t\t\t\t\t\t\t<\/figure>\n\t\t\t\t\t\t\t\t\t<\/div>\n\t\t\t\t<\/div>\n\t\t\t\t<div class=\"elementor-element elementor-element-8e4fafc elementor-widget elementor-widget-image\" data-id=\"8e4fafc\" data-element_type=\"widget\" data-e-type=\"widget\" data-widget_type=\"image.default\">\n\t\t\t\t<div class=\"elementor-widget-container\">\n\t\t\t\t\t\t\t\t\t\t\t\t<figure class=\"wp-caption\">\n\t\t\t\t\t\t\t\t\t\t<img loading=\"lazy\" decoding=\"async\" width=\"247\" height=\"500\" src=\"https:\/\/sergio-rossi.ch\/wp-content\/uploads\/2025\/03\/minatori.jpg\" class=\"attachment-large size-large wp-image-943\" alt=\"\" srcset=\"https:\/\/sergio-rossi.ch\/wp-content\/uploads\/2025\/03\/minatori.jpg 247w, https:\/\/sergio-rossi.ch\/wp-content\/uploads\/2025\/03\/minatori-148x300.jpg 148w\" sizes=\"(max-width: 247px) 100vw, 247px\" \/>\t\t\t\t\t\t\t\t\t\t\t<figcaption class=\"widget-image-caption wp-caption-text\">Minatori olio 1960<\/figcaption>\n\t\t\t\t\t\t\t\t\t\t<\/figure>\n\t\t\t\t\t\t\t\t\t<\/div>\n\t\t\t\t<\/div>\n\t\t\t\t<div class=\"elementor-element elementor-element-35032c4 elementor-widget elementor-widget-image\" data-id=\"35032c4\" data-element_type=\"widget\" data-e-type=\"widget\" data-widget_type=\"image.default\">\n\t\t\t\t<div class=\"elementor-widget-container\">\n\t\t\t\t\t\t\t\t\t\t\t\t<figure class=\"wp-caption\">\n\t\t\t\t\t\t\t\t\t\t<img loading=\"lazy\" decoding=\"async\" width=\"388\" height=\"500\" src=\"https:\/\/sergio-rossi.ch\/wp-content\/uploads\/2025\/03\/maiale-squartato.jpg\" class=\"attachment-large size-large wp-image-939\" alt=\"\" srcset=\"https:\/\/sergio-rossi.ch\/wp-content\/uploads\/2025\/03\/maiale-squartato.jpg 388w, https:\/\/sergio-rossi.ch\/wp-content\/uploads\/2025\/03\/maiale-squartato-233x300.jpg 233w\" sizes=\"(max-width: 388px) 100vw, 388px\" \/>\t\t\t\t\t\t\t\t\t\t\t<figcaption class=\"widget-image-caption wp-caption-text\">Maiale squartato olio su tela 1959 65x50<\/figcaption>\n\t\t\t\t\t\t\t\t\t\t<\/figure>\n\t\t\t\t\t\t\t\t\t<\/div>\n\t\t\t\t<\/div>\n\t\t\t\t\t<\/div>\n\t\t\t\t<\/div>\n\t\t<div class=\"elementor-element elementor-element-5ac6b0d e-grid e-con-boxed e-con e-parent\" data-id=\"5ac6b0d\" data-element_type=\"container\" data-e-type=\"container\" data-settings=\"{&quot;background_background&quot;:&quot;classic&quot;}\">\n\t\t\t\t\t<div class=\"e-con-inner\">\n\t\t\t\t<div class=\"elementor-element elementor-element-7c24a26 elementor-widget elementor-widget-image\" data-id=\"7c24a26\" data-element_type=\"widget\" data-e-type=\"widget\" data-widget_type=\"image.default\">\n\t\t\t\t<div class=\"elementor-widget-container\">\n\t\t\t\t\t\t\t\t\t\t\t\t<figure class=\"wp-caption\">\n\t\t\t\t\t\t\t\t\t\t<img loading=\"lazy\" decoding=\"async\" width=\"359\" height=\"500\" src=\"https:\/\/sergio-rossi.ch\/wp-content\/uploads\/2025\/03\/composizione.jpg\" class=\"attachment-large size-large wp-image-927\" alt=\"\" srcset=\"https:\/\/sergio-rossi.ch\/wp-content\/uploads\/2025\/03\/composizione.jpg 359w, https:\/\/sergio-rossi.ch\/wp-content\/uploads\/2025\/03\/composizione-215x300.jpg 215w\" sizes=\"(max-width: 359px) 100vw, 359px\" \/>\t\t\t\t\t\t\t\t\t\t\t<figcaption class=\"widget-image-caption wp-caption-text\">Composizione olio su cartoncino nero 1959 70x50<\/figcaption>\n\t\t\t\t\t\t\t\t\t\t<\/figure>\n\t\t\t\t\t\t\t\t\t<\/div>\n\t\t\t\t<\/div>\n\t\t\t\t<div class=\"elementor-element elementor-element-f72fea6 elementor-widget elementor-widget-image\" data-id=\"f72fea6\" data-element_type=\"widget\" data-e-type=\"widget\" data-widget_type=\"image.default\">\n\t\t\t\t<div class=\"elementor-widget-container\">\n\t\t\t\t\t\t\t\t\t\t\t\t<figure class=\"wp-caption\">\n\t\t\t\t\t\t\t\t\t\t<img loading=\"lazy\" decoding=\"async\" width=\"399\" height=\"500\" src=\"https:\/\/sergio-rossi.ch\/wp-content\/uploads\/2025\/03\/sogno-rosso.jpg\" class=\"attachment-large size-large wp-image-953\" alt=\"\" srcset=\"https:\/\/sergio-rossi.ch\/wp-content\/uploads\/2025\/03\/sogno-rosso.jpg 399w, https:\/\/sergio-rossi.ch\/wp-content\/uploads\/2025\/03\/sogno-rosso-239x300.jpg 239w\" sizes=\"(max-width: 399px) 100vw, 399px\" \/>\t\t\t\t\t\t\t\t\t\t\t<figcaption class=\"widget-image-caption wp-caption-text\">Sogno rosso olio su tela  1961  50x40<\/figcaption>\n\t\t\t\t\t\t\t\t\t\t<\/figure>\n\t\t\t\t\t\t\t\t\t<\/div>\n\t\t\t\t<\/div>\n\t\t\t\t<div class=\"elementor-element elementor-element-b0a514d elementor-widget elementor-widget-image\" data-id=\"b0a514d\" data-element_type=\"widget\" data-e-type=\"widget\" data-widget_type=\"image.default\">\n\t\t\t\t<div class=\"elementor-widget-container\">\n\t\t\t\t\t\t\t\t\t\t\t\t<figure class=\"wp-caption\">\n\t\t\t\t\t\t\t\t\t\t<img loading=\"lazy\" decoding=\"async\" width=\"500\" height=\"377\" src=\"https:\/\/sergio-rossi.ch\/wp-content\/uploads\/2025\/03\/il-sogno-di-Sonia.jpg\" class=\"attachment-large size-large wp-image-935\" alt=\"\" srcset=\"https:\/\/sergio-rossi.ch\/wp-content\/uploads\/2025\/03\/il-sogno-di-Sonia.jpg 500w, https:\/\/sergio-rossi.ch\/wp-content\/uploads\/2025\/03\/il-sogno-di-Sonia-300x226.jpg 300w\" sizes=\"(max-width: 500px) 100vw, 500px\" \/>\t\t\t\t\t\t\t\t\t\t\t<figcaption class=\"widget-image-caption wp-caption-text\">Il sogno di Sonia olio su tela 1961 97x130<\/figcaption>\n\t\t\t\t\t\t\t\t\t\t<\/figure>\n\t\t\t\t\t\t\t\t\t<\/div>\n\t\t\t\t<\/div>\n\t\t\t\t<div class=\"elementor-element elementor-element-6d4f3c3 elementor-widget elementor-widget-image\" data-id=\"6d4f3c3\" data-element_type=\"widget\" data-e-type=\"widget\" data-widget_type=\"image.default\">\n\t\t\t\t<div class=\"elementor-widget-container\">\n\t\t\t\t\t\t\t\t\t\t\t\t<figure class=\"wp-caption\">\n\t\t\t\t\t\t\t\t\t\t<img loading=\"lazy\" decoding=\"async\" width=\"500\" height=\"406\" src=\"https:\/\/sergio-rossi.ch\/wp-content\/uploads\/2025\/03\/paesaggio-ligure-2.jpg\" class=\"attachment-large size-large wp-image-945\" alt=\"\" srcset=\"https:\/\/sergio-rossi.ch\/wp-content\/uploads\/2025\/03\/paesaggio-ligure-2.jpg 500w, https:\/\/sergio-rossi.ch\/wp-content\/uploads\/2025\/03\/paesaggio-ligure-2-300x244.jpg 300w\" sizes=\"(max-width: 500px) 100vw, 500px\" \/>\t\t\t\t\t\t\t\t\t\t\t<figcaption class=\"widget-image-caption wp-caption-text\">Paesaggio ligure 2 incompiuto (ultima opera)  olio su tela 1961 80x100<\/figcaption>\n\t\t\t\t\t\t\t\t\t\t<\/figure>\n\t\t\t\t\t\t\t\t\t<\/div>\n\t\t\t\t<\/div>\n\t\t\t\t\t<\/div>\n\t\t\t\t<\/div>\n\t\t<div class=\"elementor-element elementor-element-ec275a1 e-grid e-con-boxed e-con e-parent\" data-id=\"ec275a1\" data-element_type=\"container\" data-e-type=\"container\" data-settings=\"{&quot;background_background&quot;:&quot;classic&quot;}\">\n\t\t\t\t\t<div class=\"e-con-inner\">\n\t\t\t\t<div class=\"elementor-element elementor-element-79f5ac7 elementor-widget elementor-widget-image\" data-id=\"79f5ac7\" data-element_type=\"widget\" data-e-type=\"widget\" data-widget_type=\"image.default\">\n\t\t\t\t<div class=\"elementor-widget-container\">\n\t\t\t\t\t\t\t\t\t\t\t\t<figure class=\"wp-caption\">\n\t\t\t\t\t\t\t\t\t\t<img loading=\"lazy\" decoding=\"async\" width=\"338\" height=\"500\" src=\"https:\/\/sergio-rossi.ch\/wp-content\/uploads\/2025\/03\/ragazzo-seduto-2-11.jpg\" class=\"attachment-large size-large wp-image-1056\" alt=\"\" srcset=\"https:\/\/sergio-rossi.ch\/wp-content\/uploads\/2025\/03\/ragazzo-seduto-2-11.jpg 338w, https:\/\/sergio-rossi.ch\/wp-content\/uploads\/2025\/03\/ragazzo-seduto-2-11-203x300.jpg 203w\" sizes=\"(max-width: 338px) 100vw, 338px\" \/>\t\t\t\t\t\t\t\t\t\t\t<figcaption class=\"widget-image-caption wp-caption-text\">Ragazzo seduto 2 tecnica mista su carta 1959-61 48x33<\/figcaption>\n\t\t\t\t\t\t\t\t\t\t<\/figure>\n\t\t\t\t\t\t\t\t\t<\/div>\n\t\t\t\t<\/div>\n\t\t\t\t<div class=\"elementor-element elementor-element-a308577 elementor-widget elementor-widget-image\" data-id=\"a308577\" data-element_type=\"widget\" data-e-type=\"widget\" data-widget_type=\"image.default\">\n\t\t\t\t<div class=\"elementor-widget-container\">\n\t\t\t\t\t\t\t\t\t\t\t\t<figure class=\"wp-caption\">\n\t\t\t\t\t\t\t\t\t\t<img loading=\"lazy\" decoding=\"async\" width=\"335\" height=\"500\" src=\"https:\/\/sergio-rossi.ch\/wp-content\/uploads\/2025\/03\/ragazzo-seduto-10.jpg\" class=\"attachment-large size-large wp-image-1055\" alt=\"\" srcset=\"https:\/\/sergio-rossi.ch\/wp-content\/uploads\/2025\/03\/ragazzo-seduto-10.jpg 335w, https:\/\/sergio-rossi.ch\/wp-content\/uploads\/2025\/03\/ragazzo-seduto-10-201x300.jpg 201w\" sizes=\"(max-width: 335px) 100vw, 335px\" \/>\t\t\t\t\t\t\t\t\t\t\t<figcaption class=\"widget-image-caption wp-caption-text\">Ragazzo seduto tecnica mista su carta 1959-61 48x33<\/figcaption>\n\t\t\t\t\t\t\t\t\t\t<\/figure>\n\t\t\t\t\t\t\t\t\t<\/div>\n\t\t\t\t<\/div>\n\t\t\t\t<div class=\"elementor-element elementor-element-a5d3b19 elementor-widget elementor-widget-image\" data-id=\"a5d3b19\" data-element_type=\"widget\" data-e-type=\"widget\" data-widget_type=\"image.default\">\n\t\t\t\t<div class=\"elementor-widget-container\">\n\t\t\t\t\t\t\t\t\t\t\t\t<figure class=\"wp-caption\">\n\t\t\t\t\t\t\t\t\t\t<img loading=\"lazy\" decoding=\"async\" width=\"343\" height=\"500\" src=\"https:\/\/sergio-rossi.ch\/wp-content\/uploads\/2025\/03\/ragazzo-con-vaso-8.jpg\" class=\"attachment-large size-large wp-image-1054\" alt=\"\" srcset=\"https:\/\/sergio-rossi.ch\/wp-content\/uploads\/2025\/03\/ragazzo-con-vaso-8.jpg 343w, https:\/\/sergio-rossi.ch\/wp-content\/uploads\/2025\/03\/ragazzo-con-vaso-8-206x300.jpg 206w\" sizes=\"(max-width: 343px) 100vw, 343px\" \/>\t\t\t\t\t\t\t\t\t\t\t<figcaption class=\"widget-image-caption wp-caption-text\">Ragazzo con vaso pennarelli ad acqua su carta 1959-61 50x35<\/figcaption>\n\t\t\t\t\t\t\t\t\t\t<\/figure>\n\t\t\t\t\t\t\t\t\t<\/div>\n\t\t\t\t<\/div>\n\t\t\t\t<div class=\"elementor-element elementor-element-3dbc273 elementor-widget elementor-widget-image\" data-id=\"3dbc273\" data-element_type=\"widget\" data-e-type=\"widget\" data-widget_type=\"image.default\">\n\t\t\t\t<div class=\"elementor-widget-container\">\n\t\t\t\t\t\t\t\t\t\t\t\t<figure class=\"wp-caption\">\n\t\t\t\t\t\t\t\t\t\t<img loading=\"lazy\" decoding=\"async\" width=\"342\" height=\"500\" src=\"https:\/\/sergio-rossi.ch\/wp-content\/uploads\/2025\/03\/bambino-con-uva-13.jpg\" class=\"attachment-large size-large wp-image-1040\" alt=\"\" srcset=\"https:\/\/sergio-rossi.ch\/wp-content\/uploads\/2025\/03\/bambino-con-uva-13.jpg 342w, https:\/\/sergio-rossi.ch\/wp-content\/uploads\/2025\/03\/bambino-con-uva-13-205x300.jpg 205w\" sizes=\"(max-width: 342px) 100vw, 342px\" \/>\t\t\t\t\t\t\t\t\t\t\t<figcaption class=\"widget-image-caption wp-caption-text\">Bambino con uva pennarelli ad acqua su carta 1959-61 50x35<\/figcaption>\n\t\t\t\t\t\t\t\t\t\t<\/figure>\n\t\t\t\t\t\t\t\t\t<\/div>\n\t\t\t\t<\/div>\n\t\t\t\t<div class=\"elementor-element elementor-element-2421fbf elementor-widget elementor-widget-image\" data-id=\"2421fbf\" data-element_type=\"widget\" data-e-type=\"widget\" data-widget_type=\"image.default\">\n\t\t\t\t<div class=\"elementor-widget-container\">\n\t\t\t\t\t\t\t\t\t\t\t\t<figure class=\"wp-caption\">\n\t\t\t\t\t\t\t\t\t\t<img loading=\"lazy\" decoding=\"async\" width=\"331\" height=\"500\" src=\"https:\/\/sergio-rossi.ch\/wp-content\/uploads\/2025\/03\/studio-anatomico-15.jpg\" class=\"attachment-large size-large wp-image-1062\" alt=\"\" srcset=\"https:\/\/sergio-rossi.ch\/wp-content\/uploads\/2025\/03\/studio-anatomico-15.jpg 331w, https:\/\/sergio-rossi.ch\/wp-content\/uploads\/2025\/03\/studio-anatomico-15-199x300.jpg 199w\" sizes=\"(max-width: 331px) 100vw, 331px\" \/>\t\t\t\t\t\t\t\t\t\t\t<figcaption class=\"widget-image-caption wp-caption-text\">Studio anatomico carboncino su carta 1959-61 48x33<\/figcaption>\n\t\t\t\t\t\t\t\t\t\t<\/figure>\n\t\t\t\t\t\t\t\t\t<\/div>\n\t\t\t\t<\/div>\n\t\t\t\t<div class=\"elementor-element elementor-element-426f526 elementor-widget elementor-widget-image\" data-id=\"426f526\" data-element_type=\"widget\" data-e-type=\"widget\" data-widget_type=\"image.default\">\n\t\t\t\t<div class=\"elementor-widget-container\">\n\t\t\t\t\t\t\t\t\t\t\t\t<figure class=\"wp-caption\">\n\t\t\t\t\t\t\t\t\t\t<img loading=\"lazy\" decoding=\"async\" width=\"378\" height=\"500\" src=\"https:\/\/sergio-rossi.ch\/wp-content\/uploads\/2025\/03\/uomo-con-tuba-24.jpg\" class=\"attachment-large size-large wp-image-1064\" alt=\"\" srcset=\"https:\/\/sergio-rossi.ch\/wp-content\/uploads\/2025\/03\/uomo-con-tuba-24.jpg 378w, https:\/\/sergio-rossi.ch\/wp-content\/uploads\/2025\/03\/uomo-con-tuba-24-227x300.jpg 227w\" sizes=\"(max-width: 378px) 100vw, 378px\" \/>\t\t\t\t\t\t\t\t\t\t\t<figcaption class=\"widget-image-caption wp-caption-text\">Uomo con tuba tecnica mista su carta 1959-61 50x38<\/figcaption>\n\t\t\t\t\t\t\t\t\t\t<\/figure>\n\t\t\t\t\t\t\t\t\t<\/div>\n\t\t\t\t<\/div>\n\t\t\t\t\t<\/div>\n\t\t\t\t<\/div>\n\t\t<div class=\"elementor-element elementor-element-601c777 e-grid e-con-boxed e-con e-parent\" data-id=\"601c777\" data-element_type=\"container\" data-e-type=\"container\" data-settings=\"{&quot;background_background&quot;:&quot;classic&quot;}\">\n\t\t\t\t\t<div class=\"e-con-inner\">\n\t\t\t\t<div class=\"elementor-element elementor-element-8fc3188 elementor-widget elementor-widget-image\" data-id=\"8fc3188\" data-element_type=\"widget\" data-e-type=\"widget\" data-widget_type=\"image.default\">\n\t\t\t\t<div class=\"elementor-widget-container\">\n\t\t\t\t\t\t\t\t\t\t\t\t<figure class=\"wp-caption\">\n\t\t\t\t\t\t\t\t\t\t<img loading=\"lazy\" decoding=\"async\" width=\"379\" height=\"500\" src=\"https:\/\/sergio-rossi.ch\/wp-content\/uploads\/2025\/03\/uomo-in-barcxa-23.jpg\" class=\"attachment-large size-large wp-image-1065\" alt=\"\" srcset=\"https:\/\/sergio-rossi.ch\/wp-content\/uploads\/2025\/03\/uomo-in-barcxa-23.jpg 379w, https:\/\/sergio-rossi.ch\/wp-content\/uploads\/2025\/03\/uomo-in-barcxa-23-227x300.jpg 227w\" sizes=\"(max-width: 379px) 100vw, 379px\" \/>\t\t\t\t\t\t\t\t\t\t\t<figcaption class=\"widget-image-caption wp-caption-text\">Uomo in barca tecnica mista su carta 1959-61 50x38<\/figcaption>\n\t\t\t\t\t\t\t\t\t\t<\/figure>\n\t\t\t\t\t\t\t\t\t<\/div>\n\t\t\t\t<\/div>\n\t\t\t\t<div class=\"elementor-element elementor-element-7465a08 elementor-widget elementor-widget-image\" data-id=\"7465a08\" data-element_type=\"widget\" data-e-type=\"widget\" data-widget_type=\"image.default\">\n\t\t\t\t<div class=\"elementor-widget-container\">\n\t\t\t\t\t\t\t\t\t\t\t\t<figure class=\"wp-caption\">\n\t\t\t\t\t\t\t\t\t\t<img loading=\"lazy\" decoding=\"async\" width=\"340\" height=\"500\" src=\"https:\/\/sergio-rossi.ch\/wp-content\/uploads\/2025\/03\/ragazzo-con-tuba-2-7.jpg\" class=\"attachment-large size-large wp-image-1053\" alt=\"\" srcset=\"https:\/\/sergio-rossi.ch\/wp-content\/uploads\/2025\/03\/ragazzo-con-tuba-2-7.jpg 340w, https:\/\/sergio-rossi.ch\/wp-content\/uploads\/2025\/03\/ragazzo-con-tuba-2-7-204x300.jpg 204w\" sizes=\"(max-width: 340px) 100vw, 340px\" \/>\t\t\t\t\t\t\t\t\t\t\t<figcaption class=\"widget-image-caption wp-caption-text\">Ragazzo con tuba 2  tecnica mista su carta 1959-61 48x33<\/figcaption>\n\t\t\t\t\t\t\t\t\t\t<\/figure>\n\t\t\t\t\t\t\t\t\t<\/div>\n\t\t\t\t<\/div>\n\t\t\t\t<div class=\"elementor-element elementor-element-7874d4a elementor-widget elementor-widget-image\" data-id=\"7874d4a\" data-element_type=\"widget\" data-e-type=\"widget\" data-widget_type=\"image.default\">\n\t\t\t\t<div class=\"elementor-widget-container\">\n\t\t\t\t\t\t\t\t\t\t\t\t<figure class=\"wp-caption\">\n\t\t\t\t\t\t\t\t\t\t<img loading=\"lazy\" decoding=\"async\" width=\"344\" height=\"500\" src=\"https:\/\/sergio-rossi.ch\/wp-content\/uploads\/2025\/03\/ragazzo-con-tuba-6.jpg\" class=\"attachment-large size-large wp-image-1052\" alt=\"\" srcset=\"https:\/\/sergio-rossi.ch\/wp-content\/uploads\/2025\/03\/ragazzo-con-tuba-6.jpg 344w, https:\/\/sergio-rossi.ch\/wp-content\/uploads\/2025\/03\/ragazzo-con-tuba-6-206x300.jpg 206w\" sizes=\"(max-width: 344px) 100vw, 344px\" \/>\t\t\t\t\t\t\t\t\t\t\t<figcaption class=\"widget-image-caption wp-caption-text\">Ragazzo con tuba  tecnica mista su carta 1959-61 46x32<\/figcaption>\n\t\t\t\t\t\t\t\t\t\t<\/figure>\n\t\t\t\t\t\t\t\t\t<\/div>\n\t\t\t\t<\/div>\n\t\t\t\t<div class=\"elementor-element elementor-element-909ee31 elementor-widget elementor-widget-image\" data-id=\"909ee31\" data-element_type=\"widget\" data-e-type=\"widget\" data-widget_type=\"image.default\">\n\t\t\t\t<div class=\"elementor-widget-container\">\n\t\t\t\t\t\t\t\t\t\t\t\t<figure class=\"wp-caption\">\n\t\t\t\t\t\t\t\t\t\t<img loading=\"lazy\" decoding=\"async\" width=\"500\" height=\"393\" src=\"https:\/\/sergio-rossi.ch\/wp-content\/uploads\/2025\/03\/ragazzo-alla-ringhiera-9.jpg\" class=\"attachment-large size-large wp-image-1051\" alt=\"\" srcset=\"https:\/\/sergio-rossi.ch\/wp-content\/uploads\/2025\/03\/ragazzo-alla-ringhiera-9.jpg 500w, https:\/\/sergio-rossi.ch\/wp-content\/uploads\/2025\/03\/ragazzo-alla-ringhiera-9-300x236.jpg 300w\" sizes=\"(max-width: 500px) 100vw, 500px\" \/>\t\t\t\t\t\t\t\t\t\t\t<figcaption class=\"widget-image-caption wp-caption-text\">Ragazzo alla ringhiera carboncini colorati su carta 1959-61 38x50<\/figcaption>\n\t\t\t\t\t\t\t\t\t\t<\/figure>\n\t\t\t\t\t\t\t\t\t<\/div>\n\t\t\t\t<\/div>\n\t\t\t\t<div class=\"elementor-element elementor-element-832a8f3 elementor-widget elementor-widget-image\" data-id=\"832a8f3\" data-element_type=\"widget\" data-e-type=\"widget\" data-widget_type=\"image.default\">\n\t\t\t\t<div class=\"elementor-widget-container\">\n\t\t\t\t\t\t\t\t\t\t\t\t<figure class=\"wp-caption\">\n\t\t\t\t\t\t\t\t\t\t<img loading=\"lazy\" decoding=\"async\" width=\"500\" height=\"363\" src=\"https:\/\/sergio-rossi.ch\/wp-content\/uploads\/2025\/03\/ritratti-2-5.jpg\" class=\"attachment-large size-large wp-image-1058\" alt=\"\" srcset=\"https:\/\/sergio-rossi.ch\/wp-content\/uploads\/2025\/03\/ritratti-2-5.jpg 500w, https:\/\/sergio-rossi.ch\/wp-content\/uploads\/2025\/03\/ritratti-2-5-300x218.jpg 300w\" sizes=\"(max-width: 500px) 100vw, 500px\" \/>\t\t\t\t\t\t\t\t\t\t\t<figcaption class=\"widget-image-caption wp-caption-text\">Ritratti 2 tecnica mista 1959-61 53x70<\/figcaption>\n\t\t\t\t\t\t\t\t\t\t<\/figure>\n\t\t\t\t\t\t\t\t\t<\/div>\n\t\t\t\t<\/div>\n\t\t\t\t<div class=\"elementor-element elementor-element-5fb75c5 elementor-widget elementor-widget-image\" data-id=\"5fb75c5\" data-element_type=\"widget\" data-e-type=\"widget\" data-widget_type=\"image.default\">\n\t\t\t\t<div class=\"elementor-widget-container\">\n\t\t\t\t\t\t\t\t\t\t\t\t<figure class=\"wp-caption\">\n\t\t\t\t\t\t\t\t\t\t<img loading=\"lazy\" decoding=\"async\" width=\"500\" height=\"358\" src=\"https:\/\/sergio-rossi.ch\/wp-content\/uploads\/2025\/03\/ritratti-4.jpg\" class=\"attachment-large size-large wp-image-1057\" alt=\"\" srcset=\"https:\/\/sergio-rossi.ch\/wp-content\/uploads\/2025\/03\/ritratti-4.jpg 500w, https:\/\/sergio-rossi.ch\/wp-content\/uploads\/2025\/03\/ritratti-4-300x215.jpg 300w\" sizes=\"(max-width: 500px) 100vw, 500px\" \/>\t\t\t\t\t\t\t\t\t\t\t<figcaption class=\"widget-image-caption wp-caption-text\">Ritratti tecnica mista su carta 1959-61 52x71<\/figcaption>\n\t\t\t\t\t\t\t\t\t\t<\/figure>\n\t\t\t\t\t\t\t\t\t<\/div>\n\t\t\t\t<\/div>\n\t\t\t\t\t<\/div>\n\t\t\t\t<\/div>\n\t\t<div class=\"elementor-element elementor-element-1a61357 e-grid e-con-boxed e-con e-parent\" data-id=\"1a61357\" data-element_type=\"container\" data-e-type=\"container\" data-settings=\"{&quot;background_background&quot;:&quot;classic&quot;}\">\n\t\t\t\t\t<div class=\"e-con-inner\">\n\t\t\t\t<div class=\"elementor-element elementor-element-1ceaebf elementor-widget elementor-widget-image\" data-id=\"1ceaebf\" data-element_type=\"widget\" data-e-type=\"widget\" data-widget_type=\"image.default\">\n\t\t\t\t<div class=\"elementor-widget-container\">\n\t\t\t\t\t\t\t\t\t\t\t\t<figure class=\"wp-caption\">\n\t\t\t\t\t\t\t\t\t\t<img loading=\"lazy\" decoding=\"async\" width=\"354\" height=\"500\" src=\"https:\/\/sergio-rossi.ch\/wp-content\/uploads\/2025\/03\/ritratto-di-donna-3.jpg\" class=\"attachment-large size-large wp-image-1059\" alt=\"\" srcset=\"https:\/\/sergio-rossi.ch\/wp-content\/uploads\/2025\/03\/ritratto-di-donna-3.jpg 354w, https:\/\/sergio-rossi.ch\/wp-content\/uploads\/2025\/03\/ritratto-di-donna-3-212x300.jpg 212w\" sizes=\"(max-width: 354px) 100vw, 354px\" \/>\t\t\t\t\t\t\t\t\t\t\t<figcaption class=\"widget-image-caption wp-caption-text\">Ritratto di donna pastello a cera nero su carta 1959-61 33x24<\/figcaption>\n\t\t\t\t\t\t\t\t\t\t<\/figure>\n\t\t\t\t\t\t\t\t\t<\/div>\n\t\t\t\t<\/div>\n\t\t\t\t<div class=\"elementor-element elementor-element-570d1a5 elementor-widget elementor-widget-image\" data-id=\"570d1a5\" data-element_type=\"widget\" data-e-type=\"widget\" data-widget_type=\"image.default\">\n\t\t\t\t<div class=\"elementor-widget-container\">\n\t\t\t\t\t\t\t\t\t\t\t\t<figure class=\"wp-caption\">\n\t\t\t\t\t\t\t\t\t\t<img loading=\"lazy\" decoding=\"async\" width=\"340\" height=\"500\" src=\"https:\/\/sergio-rossi.ch\/wp-content\/uploads\/2025\/03\/donna-che-fuma-19.jpg\" class=\"attachment-large size-large wp-image-1044\" alt=\"\" srcset=\"https:\/\/sergio-rossi.ch\/wp-content\/uploads\/2025\/03\/donna-che-fuma-19.jpg 340w, https:\/\/sergio-rossi.ch\/wp-content\/uploads\/2025\/03\/donna-che-fuma-19-204x300.jpg 204w\" sizes=\"(max-width: 340px) 100vw, 340px\" \/>\t\t\t\t\t\t\t\t\t\t\t<figcaption class=\"widget-image-caption wp-caption-text\">Donna che fuma tecnica mista su carta 1959-61 48x33<\/figcaption>\n\t\t\t\t\t\t\t\t\t\t<\/figure>\n\t\t\t\t\t\t\t\t\t<\/div>\n\t\t\t\t<\/div>\n\t\t\t\t<div class=\"elementor-element elementor-element-b642700 elementor-widget elementor-widget-image\" data-id=\"b642700\" data-element_type=\"widget\" data-e-type=\"widget\" data-widget_type=\"image.default\">\n\t\t\t\t<div class=\"elementor-widget-container\">\n\t\t\t\t\t\t\t\t\t\t\t\t<figure class=\"wp-caption\">\n\t\t\t\t\t\t\t\t\t\t<img loading=\"lazy\" decoding=\"async\" width=\"333\" height=\"500\" src=\"https:\/\/sergio-rossi.ch\/wp-content\/uploads\/2025\/03\/donna-che-fuma-2-20.jpg\" class=\"attachment-large size-large wp-image-1045\" alt=\"\" srcset=\"https:\/\/sergio-rossi.ch\/wp-content\/uploads\/2025\/03\/donna-che-fuma-2-20.jpg 333w, https:\/\/sergio-rossi.ch\/wp-content\/uploads\/2025\/03\/donna-che-fuma-2-20-200x300.jpg 200w\" sizes=\"(max-width: 333px) 100vw, 333px\" \/>\t\t\t\t\t\t\t\t\t\t\t<figcaption class=\"widget-image-caption wp-caption-text\">Donna che fuma 2 tecnica mista su carta 1959-61 48x33<\/figcaption>\n\t\t\t\t\t\t\t\t\t\t<\/figure>\n\t\t\t\t\t\t\t\t\t<\/div>\n\t\t\t\t<\/div>\n\t\t\t\t<div class=\"elementor-element elementor-element-e0cdba5 elementor-widget elementor-widget-image\" data-id=\"e0cdba5\" data-element_type=\"widget\" data-e-type=\"widget\" data-widget_type=\"image.default\">\n\t\t\t\t<div class=\"elementor-widget-container\">\n\t\t\t\t\t\t\t\t\t\t\t\t<figure class=\"wp-caption\">\n\t\t\t\t\t\t\t\t\t\t<img loading=\"lazy\" decoding=\"async\" width=\"339\" height=\"500\" src=\"https:\/\/sergio-rossi.ch\/wp-content\/uploads\/2025\/03\/donna-che-fuma-3-21.jpg\" class=\"attachment-large size-large wp-image-1046\" alt=\"\" srcset=\"https:\/\/sergio-rossi.ch\/wp-content\/uploads\/2025\/03\/donna-che-fuma-3-21.jpg 339w, https:\/\/sergio-rossi.ch\/wp-content\/uploads\/2025\/03\/donna-che-fuma-3-21-203x300.jpg 203w\" sizes=\"(max-width: 339px) 100vw, 339px\" \/>\t\t\t\t\t\t\t\t\t\t\t<figcaption class=\"widget-image-caption wp-caption-text\">Donna che fuma 3 tecnica mista su carta 1959-61 48x33<\/figcaption>\n\t\t\t\t\t\t\t\t\t\t<\/figure>\n\t\t\t\t\t\t\t\t\t<\/div>\n\t\t\t\t<\/div>\n\t\t\t\t<div class=\"elementor-element elementor-element-35adeda elementor-widget elementor-widget-image\" data-id=\"35adeda\" data-element_type=\"widget\" data-e-type=\"widget\" data-widget_type=\"image.default\">\n\t\t\t\t<div class=\"elementor-widget-container\">\n\t\t\t\t\t\t\t\t\t\t\t\t<figure class=\"wp-caption\">\n\t\t\t\t\t\t\t\t\t\t<img loading=\"lazy\" decoding=\"async\" width=\"330\" height=\"500\" src=\"https:\/\/sergio-rossi.ch\/wp-content\/uploads\/2025\/03\/donna-seduta-18.jpg\" class=\"attachment-large size-large wp-image-1047\" alt=\"\" srcset=\"https:\/\/sergio-rossi.ch\/wp-content\/uploads\/2025\/03\/donna-seduta-18.jpg 330w, https:\/\/sergio-rossi.ch\/wp-content\/uploads\/2025\/03\/donna-seduta-18-198x300.jpg 198w\" sizes=\"(max-width: 330px) 100vw, 330px\" \/>\t\t\t\t\t\t\t\t\t\t\t<figcaption class=\"widget-image-caption wp-caption-text\">Donna seduta tecnica mista su carta 1959-61 48x33<\/figcaption>\n\t\t\t\t\t\t\t\t\t\t<\/figure>\n\t\t\t\t\t\t\t\t\t<\/div>\n\t\t\t\t<\/div>\n\t\t\t\t<div class=\"elementor-element elementor-element-49ef9a1 elementor-widget elementor-widget-image\" data-id=\"49ef9a1\" data-element_type=\"widget\" data-e-type=\"widget\" data-widget_type=\"image.default\">\n\t\t\t\t<div class=\"elementor-widget-container\">\n\t\t\t\t\t\t\t\t\t\t\t\t<figure class=\"wp-caption\">\n\t\t\t\t\t\t\t\t\t\t<img loading=\"lazy\" decoding=\"async\" width=\"334\" height=\"500\" src=\"https:\/\/sergio-rossi.ch\/wp-content\/uploads\/2025\/03\/gravida-17.jpg\" class=\"attachment-large size-large wp-image-1049\" alt=\"\" srcset=\"https:\/\/sergio-rossi.ch\/wp-content\/uploads\/2025\/03\/gravida-17.jpg 334w, https:\/\/sergio-rossi.ch\/wp-content\/uploads\/2025\/03\/gravida-17-200x300.jpg 200w\" sizes=\"(max-width: 334px) 100vw, 334px\" \/>\t\t\t\t\t\t\t\t\t\t\t<figcaption class=\"widget-image-caption wp-caption-text\">Gravida tecnica mista su carta 1959-61 48x33<\/figcaption>\n\t\t\t\t\t\t\t\t\t\t<\/figure>\n\t\t\t\t\t\t\t\t\t<\/div>\n\t\t\t\t<\/div>\n\t\t\t\t\t<\/div>\n\t\t\t\t<\/div>\n\t\t<div class=\"elementor-element elementor-element-3128535 e-grid e-con-boxed e-con e-parent\" data-id=\"3128535\" data-element_type=\"container\" data-e-type=\"container\" data-settings=\"{&quot;background_background&quot;:&quot;classic&quot;}\">\n\t\t\t\t\t<div class=\"e-con-inner\">\n\t\t\t\t<div class=\"elementor-element elementor-element-8030966 elementor-widget elementor-widget-image\" data-id=\"8030966\" data-element_type=\"widget\" data-e-type=\"widget\" data-widget_type=\"image.default\">\n\t\t\t\t<div class=\"elementor-widget-container\">\n\t\t\t\t\t\t\t\t\t\t\t\t<figure class=\"wp-caption\">\n\t\t\t\t\t\t\t\t\t\t<img loading=\"lazy\" decoding=\"async\" width=\"500\" height=\"359\" src=\"https:\/\/sergio-rossi.ch\/wp-content\/uploads\/2025\/03\/danza-22.jpg\" class=\"attachment-large size-large wp-image-1043\" alt=\"\" srcset=\"https:\/\/sergio-rossi.ch\/wp-content\/uploads\/2025\/03\/danza-22.jpg 500w, https:\/\/sergio-rossi.ch\/wp-content\/uploads\/2025\/03\/danza-22-300x215.jpg 300w\" sizes=\"(max-width: 500px) 100vw, 500px\" \/>\t\t\t\t\t\t\t\t\t\t\t<figcaption class=\"widget-image-caption wp-caption-text\">Danza tecnica mista su carta 1959-61 50x70<\/figcaption>\n\t\t\t\t\t\t\t\t\t\t<\/figure>\n\t\t\t\t\t\t\t\t\t<\/div>\n\t\t\t\t<\/div>\n\t\t\t\t<div class=\"elementor-element elementor-element-ff19a74 elementor-widget elementor-widget-image\" data-id=\"ff19a74\" data-element_type=\"widget\" data-e-type=\"widget\" data-widget_type=\"image.default\">\n\t\t\t\t<div class=\"elementor-widget-container\">\n\t\t\t\t\t\t\t\t\t\t\t\t<figure class=\"wp-caption\">\n\t\t\t\t\t\t\t\t\t\t<img loading=\"lazy\" decoding=\"async\" width=\"500\" height=\"354\" src=\"https:\/\/sergio-rossi.ch\/wp-content\/uploads\/2025\/03\/bambino-seduto-12.jpg\" class=\"attachment-large size-large wp-image-1041\" alt=\"\" srcset=\"https:\/\/sergio-rossi.ch\/wp-content\/uploads\/2025\/03\/bambino-seduto-12.jpg 500w, https:\/\/sergio-rossi.ch\/wp-content\/uploads\/2025\/03\/bambino-seduto-12-300x212.jpg 300w\" sizes=\"(max-width: 500px) 100vw, 500px\" \/>\t\t\t\t\t\t\t\t\t\t\t<figcaption class=\"widget-image-caption wp-caption-text\">Bambino seduto acquarello su carta 1959-61 49x69<\/figcaption>\n\t\t\t\t\t\t\t\t\t\t<\/figure>\n\t\t\t\t\t\t\t\t\t<\/div>\n\t\t\t\t<\/div>\n\t\t\t\t<div class=\"elementor-element elementor-element-1e1061e elementor-widget elementor-widget-image\" data-id=\"1e1061e\" data-element_type=\"widget\" data-e-type=\"widget\" data-widget_type=\"image.default\">\n\t\t\t\t<div class=\"elementor-widget-container\">\n\t\t\t\t\t\t\t\t\t\t\t\t<figure class=\"wp-caption\">\n\t\t\t\t\t\t\t\t\t\t<img loading=\"lazy\" decoding=\"async\" width=\"333\" height=\"500\" src=\"https:\/\/sergio-rossi.ch\/wp-content\/uploads\/2025\/03\/e-nato-Franco-14.jpg\" class=\"attachment-large size-large wp-image-1048\" alt=\"\" srcset=\"https:\/\/sergio-rossi.ch\/wp-content\/uploads\/2025\/03\/e-nato-Franco-14.jpg 333w, https:\/\/sergio-rossi.ch\/wp-content\/uploads\/2025\/03\/e-nato-Franco-14-200x300.jpg 200w\" sizes=\"(max-width: 333px) 100vw, 333px\" \/>\t\t\t\t\t\t\t\t\t\t\t<figcaption class=\"widget-image-caption wp-caption-text\">E'nato Franco matite colorate su carta 1959-61 47x31<\/figcaption>\n\t\t\t\t\t\t\t\t\t\t<\/figure>\n\t\t\t\t\t\t\t\t\t<\/div>\n\t\t\t\t<\/div>\n\t\t\t\t<div class=\"elementor-element elementor-element-762f5d6 elementor-widget elementor-widget-image\" data-id=\"762f5d6\" data-element_type=\"widget\" data-e-type=\"widget\" data-widget_type=\"image.default\">\n\t\t\t\t<div class=\"elementor-widget-container\">\n\t\t\t\t\t\t\t\t\t\t\t\t<figure class=\"wp-caption\">\n\t\t\t\t\t\t\t\t\t\t<img loading=\"lazy\" decoding=\"async\" width=\"500\" height=\"347\" src=\"https:\/\/sergio-rossi.ch\/wp-content\/uploads\/2025\/03\/carriola-secchi-25.jpg\" class=\"attachment-large size-large wp-image-1042\" alt=\"\" srcset=\"https:\/\/sergio-rossi.ch\/wp-content\/uploads\/2025\/03\/carriola-secchi-25.jpg 500w, https:\/\/sergio-rossi.ch\/wp-content\/uploads\/2025\/03\/carriola-secchi-25-300x208.jpg 300w\" sizes=\"(max-width: 500px) 100vw, 500px\" \/>\t\t\t\t\t\t\t\t\t\t\t<figcaption class=\"widget-image-caption wp-caption-text\">Carriola, secchi e cavalletto pastelli colorati su carta 1959-61 34x49<\/figcaption>\n\t\t\t\t\t\t\t\t\t\t<\/figure>\n\t\t\t\t\t\t\t\t\t<\/div>\n\t\t\t\t<\/div>\n\t\t\t\t<div class=\"elementor-element elementor-element-abf1232 elementor-widget elementor-widget-image\" data-id=\"abf1232\" data-element_type=\"widget\" data-e-type=\"widget\" data-widget_type=\"image.default\">\n\t\t\t\t<div class=\"elementor-widget-container\">\n\t\t\t\t\t\t\t\t\t\t\t\t<figure class=\"wp-caption\">\n\t\t\t\t\t\t\t\t\t\t<img loading=\"lazy\" decoding=\"async\" width=\"500\" height=\"318\" src=\"https:\/\/sergio-rossi.ch\/wp-content\/uploads\/2025\/03\/secchi-e-barattoli-27.jpg\" class=\"attachment-large size-large wp-image-1061\" alt=\"\" srcset=\"https:\/\/sergio-rossi.ch\/wp-content\/uploads\/2025\/03\/secchi-e-barattoli-27.jpg 500w, https:\/\/sergio-rossi.ch\/wp-content\/uploads\/2025\/03\/secchi-e-barattoli-27-300x191.jpg 300w\" sizes=\"(max-width: 500px) 100vw, 500px\" \/>\t\t\t\t\t\t\t\t\t\t\t<figcaption class=\"widget-image-caption wp-caption-text\">Secchi e barattoli tempera su carta 1959-61 33x51<\/figcaption>\n\t\t\t\t\t\t\t\t\t\t<\/figure>\n\t\t\t\t\t\t\t\t\t<\/div>\n\t\t\t\t<\/div>\n\t\t\t\t<div class=\"elementor-element elementor-element-4994dc9 elementor-widget elementor-widget-image\" data-id=\"4994dc9\" data-element_type=\"widget\" data-e-type=\"widget\" data-widget_type=\"image.default\">\n\t\t\t\t<div class=\"elementor-widget-container\">\n\t\t\t\t\t\t\t\t\t\t\t\t<figure class=\"wp-caption\">\n\t\t\t\t\t\t\t\t\t\t<img loading=\"lazy\" decoding=\"async\" width=\"500\" height=\"376\" src=\"https:\/\/sergio-rossi.ch\/wp-content\/uploads\/2025\/03\/secchi-da-muratore-26.jpg\" class=\"attachment-large size-large wp-image-1060\" alt=\"\" srcset=\"https:\/\/sergio-rossi.ch\/wp-content\/uploads\/2025\/03\/secchi-da-muratore-26.jpg 500w, https:\/\/sergio-rossi.ch\/wp-content\/uploads\/2025\/03\/secchi-da-muratore-26-300x226.jpg 300w\" sizes=\"(max-width: 500px) 100vw, 500px\" \/>\t\t\t\t\t\t\t\t\t\t\t<figcaption class=\"widget-image-caption wp-caption-text\">Secchi da muratore tempera su carta 1959-61 38x50<\/figcaption>\n\t\t\t\t\t\t\t\t\t\t<\/figure>\n\t\t\t\t\t\t\t\t\t<\/div>\n\t\t\t\t<\/div>\n\t\t\t\t\t<\/div>\n\t\t\t\t<\/div>\n\t\t<div class=\"elementor-element elementor-element-ab26f1d e-grid e-con-boxed e-con e-parent\" data-id=\"ab26f1d\" data-element_type=\"container\" data-e-type=\"container\" data-settings=\"{&quot;background_background&quot;:&quot;classic&quot;}\">\n\t\t\t\t\t<div class=\"e-con-inner\">\n\t\t\t\t<div class=\"elementor-element elementor-element-17c2b54 elementor-widget elementor-widget-image\" data-id=\"17c2b54\" data-element_type=\"widget\" data-e-type=\"widget\" data-widget_type=\"image.default\">\n\t\t\t\t<div class=\"elementor-widget-container\">\n\t\t\t\t\t\t\t\t\t\t\t\t<figure class=\"wp-caption\">\n\t\t\t\t\t\t\t\t\t\t<img loading=\"lazy\" decoding=\"async\" width=\"362\" height=\"500\" src=\"https:\/\/sergio-rossi.ch\/wp-content\/uploads\/2025\/03\/suora-16.jpg\" class=\"attachment-large size-large wp-image-1063\" alt=\"\" srcset=\"https:\/\/sergio-rossi.ch\/wp-content\/uploads\/2025\/03\/suora-16.jpg 362w, https:\/\/sergio-rossi.ch\/wp-content\/uploads\/2025\/03\/suora-16-217x300.jpg 217w\" sizes=\"(max-width: 362px) 100vw, 362px\" \/>\t\t\t\t\t\t\t\t\t\t\t<figcaption class=\"widget-image-caption wp-caption-text\">Suora penna nera su carta 1959-61 33x23<\/figcaption>\n\t\t\t\t\t\t\t\t\t\t<\/figure>\n\t\t\t\t\t\t\t\t\t<\/div>\n\t\t\t\t<\/div>\n\t\t\t\t<div class=\"elementor-element elementor-element-918d57f elementor-widget elementor-widget-image\" data-id=\"918d57f\" data-element_type=\"widget\" data-e-type=\"widget\" data-widget_type=\"image.default\">\n\t\t\t\t<div class=\"elementor-widget-container\">\n\t\t\t\t\t\t\t\t\t\t\t\t<figure class=\"wp-caption\">\n\t\t\t\t\t\t\t\t\t\t<img loading=\"lazy\" decoding=\"async\" width=\"500\" height=\"347\" src=\"https:\/\/sergio-rossi.ch\/wp-content\/uploads\/2025\/03\/paesaggio-urbano-2.jpg\" class=\"attachment-large size-large wp-image-1050\" alt=\"\" srcset=\"https:\/\/sergio-rossi.ch\/wp-content\/uploads\/2025\/03\/paesaggio-urbano-2.jpg 500w, https:\/\/sergio-rossi.ch\/wp-content\/uploads\/2025\/03\/paesaggio-urbano-2-300x208.jpg 300w\" sizes=\"(max-width: 500px) 100vw, 500px\" \/>\t\t\t\t\t\t\t\t\t\t\t<figcaption class=\"widget-image-caption wp-caption-text\">Paesaggio urbano 1958-59 gessetti colorati su carta 33x48<\/figcaption>\n\t\t\t\t\t\t\t\t\t\t<\/figure>\n\t\t\t\t\t\t\t\t\t<\/div>\n\t\t\t\t<\/div>\n\t\t\t\t<div class=\"elementor-element elementor-element-2d1b6e3 elementor-widget elementor-widget-image\" data-id=\"2d1b6e3\" data-element_type=\"widget\" data-e-type=\"widget\" data-widget_type=\"image.default\">\n\t\t\t\t<div class=\"elementor-widget-container\">\n\t\t\t\t\t\t\t\t\t\t\t\t<figure class=\"wp-caption\">\n\t\t\t\t\t\t\t\t\t\t<img loading=\"lazy\" decoding=\"async\" width=\"347\" height=\"500\" src=\"https:\/\/sergio-rossi.ch\/wp-content\/uploads\/2025\/03\/albero-pennarello-1.jpg\" class=\"attachment-large size-large wp-image-1039\" alt=\"\" srcset=\"https:\/\/sergio-rossi.ch\/wp-content\/uploads\/2025\/03\/albero-pennarello-1.jpg 347w, https:\/\/sergio-rossi.ch\/wp-content\/uploads\/2025\/03\/albero-pennarello-1-208x300.jpg 208w\" sizes=\"(max-width: 347px) 100vw, 347px\" \/>\t\t\t\t\t\t\t\t\t\t\t<figcaption class=\"widget-image-caption wp-caption-text\">Albero pennarello nero su carta 1959-60 42x30<\/figcaption>\n\t\t\t\t\t\t\t\t\t\t<\/figure>\n\t\t\t\t\t\t\t\t\t<\/div>\n\t\t\t\t<\/div>\n\t\t\t\t\t<\/div>\n\t\t\t\t<\/div>\n\t\t\t\t<\/div>\n\t\t","protected":false},"excerpt":{"rendered":"<p>1959-1961 Nel 1960 condizioni di salute di Sergio Rossi peggiorano, viene ricoverato in un istituto di cura, l&#8217;Istituto Santa Corona a Pietra Ligure, dove per\u00f2 non rimane inattivo e riesce ad organizzare iniziative per i pazienti pi\u00f9 giovani dell&#8217;ospedale; si dedica soprattutto ad insegnare le tecniche teatrali e a realizzare con i ragazzi veri e [&hellip;]<\/p>\n","protected":false},"author":1,"featured_media":0,"parent":0,"menu_order":0,"comment_status":"closed","ping_status":"closed","template":"","meta":{"ngg_post_thumbnail":0,"ocean_front_end_style_editor":"no","ocean_post_layout":"full-screen","ocean_both_sidebars_style":"","ocean_both_sidebars_content_width":0,"ocean_both_sidebars_sidebars_width":0,"ocean_sidebar":"","ocean_second_sidebar":"","ocean_disable_margins":"enable","ocean_add_body_class":"","ocean_shortcode_before_top_bar":"","ocean_shortcode_after_top_bar":"","ocean_shortcode_before_header":"","ocean_shortcode_after_header":"","ocean_has_shortcode":"","ocean_shortcode_after_title":"","ocean_shortcode_before_footer_widgets":"","ocean_shortcode_after_footer_widgets":"","ocean_shortcode_before_footer_bottom":"","ocean_shortcode_after_footer_bottom":"","ocean_display_top_bar":"off","ocean_display_header":"default","ocean_header_style":"","ocean_center_header_left_menu":"","ocean_custom_header_template":"","ocean_custom_logo":0,"ocean_custom_retina_logo":0,"ocean_custom_logo_max_width":0,"ocean_custom_logo_tablet_max_width":0,"ocean_custom_logo_mobile_max_width":0,"ocean_custom_logo_max_height":0,"ocean_custom_logo_tablet_max_height":0,"ocean_custom_logo_mobile_max_height":0,"ocean_header_custom_menu":"","ocean_menu_typo_font_family":"","ocean_menu_typo_font_subset":"","ocean_menu_typo_font_size":0,"ocean_menu_typo_font_size_tablet":0,"ocean_menu_typo_font_size_mobile":0,"ocean_menu_typo_font_size_unit":"px","ocean_menu_typo_font_weight":"","ocean_menu_typo_font_weight_tablet":"","ocean_menu_typo_font_weight_mobile":"","ocean_menu_typo_transform":"","ocean_menu_typo_transform_tablet":"","ocean_menu_typo_transform_mobile":"","ocean_menu_typo_line_height":0,"ocean_menu_typo_line_height_tablet":0,"ocean_menu_typo_line_height_mobile":0,"ocean_menu_typo_line_height_unit":"","ocean_menu_typo_spacing":0,"ocean_menu_typo_spacing_tablet":0,"ocean_menu_typo_spacing_mobile":0,"ocean_menu_typo_spacing_unit":"","ocean_menu_link_color":"","ocean_menu_link_color_hover":"","ocean_menu_link_color_active":"","ocean_menu_link_background":"","ocean_menu_link_hover_background":"","ocean_menu_link_active_background":"","ocean_menu_social_links_bg":"","ocean_menu_social_hover_links_bg":"","ocean_menu_social_links_color":"","ocean_menu_social_hover_links_color":"","ocean_disable_title":"on","ocean_disable_heading":"default","ocean_post_title":"","ocean_post_subheading":"","ocean_post_title_style":"","ocean_post_title_background_color":"","ocean_post_title_background":0,"ocean_post_title_bg_image_position":"","ocean_post_title_bg_image_attachment":"","ocean_post_title_bg_image_repeat":"","ocean_post_title_bg_image_size":"","ocean_post_title_height":0,"ocean_post_title_bg_overlay":0.5,"ocean_post_title_bg_overlay_color":"","ocean_disable_breadcrumbs":"default","ocean_breadcrumbs_color":"","ocean_breadcrumbs_separator_color":"","ocean_breadcrumbs_links_color":"","ocean_breadcrumbs_links_hover_color":"","ocean_display_footer_widgets":"off","ocean_display_footer_bottom":"off","ocean_custom_footer_template":"","footnotes":""},"class_list":["post-294","page","type-page","status-publish","hentry","entry"],"_links":{"self":[{"href":"https:\/\/sergio-rossi.ch\/index.php?rest_route=\/wp\/v2\/pages\/294","targetHints":{"allow":["GET"]}}],"collection":[{"href":"https:\/\/sergio-rossi.ch\/index.php?rest_route=\/wp\/v2\/pages"}],"about":[{"href":"https:\/\/sergio-rossi.ch\/index.php?rest_route=\/wp\/v2\/types\/page"}],"author":[{"embeddable":true,"href":"https:\/\/sergio-rossi.ch\/index.php?rest_route=\/wp\/v2\/users\/1"}],"replies":[{"embeddable":true,"href":"https:\/\/sergio-rossi.ch\/index.php?rest_route=%2Fwp%2Fv2%2Fcomments&post=294"}],"version-history":[{"count":64,"href":"https:\/\/sergio-rossi.ch\/index.php?rest_route=\/wp\/v2\/pages\/294\/revisions"}],"predecessor-version":[{"id":1083,"href":"https:\/\/sergio-rossi.ch\/index.php?rest_route=\/wp\/v2\/pages\/294\/revisions\/1083"}],"wp:attachment":[{"href":"https:\/\/sergio-rossi.ch\/index.php?rest_route=%2Fwp%2Fv2%2Fmedia&parent=294"}],"curies":[{"name":"wp","href":"https:\/\/api.w.org\/{rel}","templated":true}]}}