{"id":279,"date":"2025-03-16T12:47:18","date_gmt":"2025-03-16T12:47:18","guid":{"rendered":"https:\/\/sergio-rossi.ch\/?page_id=279"},"modified":"2025-04-08T12:10:51","modified_gmt":"2025-04-08T12:10:51","slug":"educatore","status":"publish","type":"page","link":"https:\/\/sergio-rossi.ch\/?page_id=279","title":{"rendered":"Educatore"},"content":{"rendered":"\t\t<div data-elementor-type=\"wp-page\" data-elementor-id=\"279\" class=\"elementor elementor-279\">\n\t\t\t\t\t\t<section class=\"elementor-section elementor-top-section elementor-element elementor-element-27edc94c elementor-section-boxed elementor-section-height-default elementor-section-height-default\" data-id=\"27edc94c\" data-element_type=\"section\" data-e-type=\"section\" data-settings=\"{&quot;background_background&quot;:&quot;classic&quot;}\">\n\t\t\t\t\t\t<div class=\"elementor-container elementor-column-gap-default\">\n\t\t\t\t\t<div class=\"elementor-column elementor-col-100 elementor-top-column elementor-element elementor-element-7ef364ae\" data-id=\"7ef364ae\" data-element_type=\"column\" data-e-type=\"column\">\n\t\t\t<div class=\"elementor-widget-wrap elementor-element-populated\">\n\t\t\t\t\t\t<div class=\"elementor-element elementor-element-e229759 elementor-widget elementor-widget-heading\" data-id=\"e229759\" data-element_type=\"widget\" data-e-type=\"widget\" data-widget_type=\"heading.default\">\n\t\t\t\t<div class=\"elementor-widget-container\">\n\t\t\t\t\t<h2 class=\"elementor-heading-title elementor-size-default\">Educatore, direttore del Villaggio \u201cSandro Cagnola\u201d<\/h2>\t\t\t\t<\/div>\n\t\t\t\t<\/div>\n\t\t\t\t<div class=\"elementor-element elementor-element-424a0c82 elementor-widget elementor-widget-text-editor\" data-id=\"424a0c82\" data-element_type=\"widget\" data-e-type=\"widget\" data-widget_type=\"text-editor.default\">\n\t\t\t\t<div class=\"elementor-widget-container\">\n\t\t\t\t\t\t\t\t\t<p>Dal 1952 al 1961 Sergio Rossi dirige con la moglie Rosina il <strong>Villaggio scuola Sandro Cagnola<\/strong> alla Rasa di Varese.<\/p>\t\t\t\t\t\t\t\t<\/div>\n\t\t\t\t<\/div>\n\t\t\t\t\t<\/div>\n\t\t<\/div>\n\t\t\t\t\t<\/div>\n\t\t<\/section>\n\t\t<div class=\"elementor-element elementor-element-0f9678f e-flex e-con-boxed e-con e-parent\" data-id=\"0f9678f\" data-element_type=\"container\" data-e-type=\"container\" data-settings=\"{&quot;background_background&quot;:&quot;classic&quot;}\">\n\t\t\t\t\t<div class=\"e-con-inner\">\n\t\t\t\t<div class=\"elementor-element elementor-element-777d1d6 elementor-widget elementor-widget-image\" data-id=\"777d1d6\" data-element_type=\"widget\" data-e-type=\"widget\" data-widget_type=\"image.default\">\n\t\t\t\t<div class=\"elementor-widget-container\">\n\t\t\t\t\t\t\t\t\t\t\t\t<figure class=\"wp-caption\">\n\t\t\t\t\t\t\t\t\t\t<img fetchpriority=\"high\" decoding=\"async\" width=\"500\" height=\"340\" src=\"https:\/\/sergio-rossi.ch\/wp-content\/uploads\/2025\/03\/villaggio-rasa2.jpg\" class=\"attachment-large size-large wp-image-68\" alt=\"\" srcset=\"https:\/\/sergio-rossi.ch\/wp-content\/uploads\/2025\/03\/villaggio-rasa2.jpg 500w, https:\/\/sergio-rossi.ch\/wp-content\/uploads\/2025\/03\/villaggio-rasa2-300x204.jpg 300w\" sizes=\"(max-width: 500px) 100vw, 500px\" \/>\t\t\t\t\t\t\t\t\t\t\t<figcaption class=\"widget-image-caption wp-caption-text\">Cartolina rappresentante la veduta del Villaggio<\/figcaption>\n\t\t\t\t\t\t\t\t\t\t<\/figure>\n\t\t\t\t\t\t\t\t\t<\/div>\n\t\t\t\t<\/div>\n\t\t\t\t\t<\/div>\n\t\t\t\t<\/div>\n\t\t\t\t<section class=\"elementor-section elementor-top-section elementor-element elementor-element-f919bcb elementor-section-boxed elementor-section-height-default elementor-section-height-default\" data-id=\"f919bcb\" data-element_type=\"section\" data-e-type=\"section\" data-settings=\"{&quot;background_background&quot;:&quot;classic&quot;}\">\n\t\t\t\t\t\t<div class=\"elementor-container elementor-column-gap-default\">\n\t\t\t\t\t<div class=\"elementor-column elementor-col-100 elementor-top-column elementor-element elementor-element-6574f3fa\" data-id=\"6574f3fa\" data-element_type=\"column\" data-e-type=\"column\">\n\t\t\t<div class=\"elementor-widget-wrap elementor-element-populated\">\n\t\t\t\t\t\t<div class=\"elementor-element elementor-element-699259ba elementor-widget elementor-widget-text-editor\" data-id=\"699259ba\" data-element_type=\"widget\" data-e-type=\"widget\" data-widget_type=\"text-editor.default\">\n\t\t\t\t<div class=\"elementor-widget-container\">\n\t\t\t\t\t\t\t\t\t<p>La storia del Villaggio ha inizio nel 1947 quando, per iniziativa del vicesindaco comunista di Milano, Piero Montagnani, il Comitato milanese per l\u2019Infanzia organizza un campeggio nel parco della Villa \u201cCagnola\u201d della Rasa di Varese, donata nel 1938 al comune di Milano dal professor Amedeo Cagnola affinch\u00e9 fosse utilizzata a scopi umanitari. Nell\u2019estate del 1947, il giovane regista Dino Risi gira sul posto un <a href=\"https:\/\/sergio-rossi.ch\/wp-content\/uploads\/2025\/03\/documentario_risi.pdf\" target=\"_blank\" rel=\"noopener\">film documentario<\/a> allo scopo di raccogliere fondi per il Comitato per l\u2019infanzia.<\/p>\t\t\t\t\t\t\t\t<\/div>\n\t\t\t\t<\/div>\n\t\t\t\t\t<\/div>\n\t\t<\/div>\n\t\t\t\t\t<\/div>\n\t\t<\/section>\n\t\t<div class=\"elementor-element elementor-element-cf1f0e3 e-flex e-con-boxed e-con e-parent\" data-id=\"cf1f0e3\" data-element_type=\"container\" data-e-type=\"container\" data-settings=\"{&quot;background_background&quot;:&quot;classic&quot;}\">\n\t\t\t\t\t<div class=\"e-con-inner\">\n\t\t\t\t<div class=\"elementor-element elementor-element-e6edeae elementor-widget elementor-widget-image\" data-id=\"e6edeae\" data-element_type=\"widget\" data-e-type=\"widget\" data-widget_type=\"image.default\">\n\t\t\t\t<div class=\"elementor-widget-container\">\n\t\t\t\t\t\t\t\t\t\t\t\t<figure class=\"wp-caption\">\n\t\t\t\t\t\t\t\t\t\t<img decoding=\"async\" width=\"500\" height=\"365\" src=\"https:\/\/sergio-rossi.ch\/wp-content\/uploads\/2025\/03\/ragazzi-sulla-strada.jpg\" class=\"attachment-large size-large wp-image-52\" alt=\"\" srcset=\"https:\/\/sergio-rossi.ch\/wp-content\/uploads\/2025\/03\/ragazzi-sulla-strada.jpg 500w, https:\/\/sergio-rossi.ch\/wp-content\/uploads\/2025\/03\/ragazzi-sulla-strada-300x219.jpg 300w\" sizes=\"(max-width: 500px) 100vw, 500px\" \/>\t\t\t\t\t\t\t\t\t\t\t<figcaption class=\"widget-image-caption wp-caption-text\">Ragazzi che camminano sulla strada del Villaggio<\/figcaption>\n\t\t\t\t\t\t\t\t\t\t<\/figure>\n\t\t\t\t\t\t\t\t\t<\/div>\n\t\t\t\t<\/div>\n\t\t\t\t\t<\/div>\n\t\t\t\t<\/div>\n\t\t\t\t<section class=\"elementor-section elementor-top-section elementor-element elementor-element-67ad791e elementor-section-boxed elementor-section-height-default elementor-section-height-default\" data-id=\"67ad791e\" data-element_type=\"section\" data-e-type=\"section\" data-settings=\"{&quot;background_background&quot;:&quot;classic&quot;}\">\n\t\t\t\t\t\t<div class=\"elementor-container elementor-column-gap-default\">\n\t\t\t\t\t<div class=\"elementor-column elementor-col-100 elementor-top-column elementor-element elementor-element-22b4cc71\" data-id=\"22b4cc71\" data-element_type=\"column\" data-e-type=\"column\">\n\t\t\t<div class=\"elementor-widget-wrap elementor-element-populated\">\n\t\t\t\t\t\t<div class=\"elementor-element elementor-element-599ebc58 elementor-widget elementor-widget-text-editor\" data-id=\"599ebc58\" data-element_type=\"widget\" data-e-type=\"widget\" data-widget_type=\"text-editor.default\">\n\t\t\t\t<div class=\"elementor-widget-container\">\n\t\t\t\t\t\t\t\t\t<p>Nel 1948 il Comitato per l\u2019Infanzia decide di dar vita ad una comunit\u00e0 stabile di ragazzi. Le tende da campeggio vengono sostituite con delle baracche in legno e un primo nucleo di ragazzi, orfani di guerra o sbandati, si trasferisce in modo definitivo alla Rasa. La prima direttrice del Villaggio \u00e8 Elena Dreher, gi\u00e0 partigiana a Milano nelle file del Partito d\u2019azione. Decorata con la medaglia d\u2019oro per le sue attivit\u00e0 antifasciste, era stata eletta nel 1945 assessore all\u2019Assistenza e beneficenza del capoluogo lombardo (una delle prime donne ad aver occupato un incarico pubblico dopo la liberazione).<\/p><p>Nel 1950 la Centrale sanitaria svizzera (organismo umanitario vicino al Partito comunista, sorto nel 1936 e operante nell\u2019ambito della solidariet\u00e0 antifascista internazionale, attivo in particolare nelle aree di conflitto) dona al Comitato milanese per l\u2019Infanzia due costruzioni in muratura, disegnate dall\u2019architetto svizzero Hans Fischli, gi\u00e0 progettista del Villaggio \u201cPestalozzi\u201d di Trogen. Le nuove strutture sono ideate considerando le tre dimensioni dell\u2019individuo, del gruppo e della comunit\u00e0, in uno stile modernista, ben inserito nell\u2019ambiente e funzionale alla vita sociale e alle attivit\u00e0 didattiche. Anche gli arredi interni, progettati dallo stesso Fischli, rispondono a queste esigenze. All\u2019inaugurazione \u00e8 presente una delegazione della CSS, tra cui Rosina Lama che ne diventer\u00e0 presto condirettrice insieme al marito Sergio Rossi, chiamato nel 1952 a dirigere il Villaggio da Emilio K\u00fcng, responsabile in Ticino della Centrale sanitaria svizzera.<\/p>\t\t\t\t\t\t\t\t<\/div>\n\t\t\t\t<\/div>\n\t\t\t\t\t<\/div>\n\t\t<\/div>\n\t\t\t\t\t<\/div>\n\t\t<\/section>\n\t\t<div class=\"elementor-element elementor-element-f71baa5 e-flex e-con-boxed e-con e-parent\" data-id=\"f71baa5\" data-element_type=\"container\" data-e-type=\"container\" data-settings=\"{&quot;background_background&quot;:&quot;classic&quot;}\">\n\t\t\t\t\t<div class=\"e-con-inner\">\n\t\t\t\t<div class=\"elementor-element elementor-element-647be96 elementor-widget elementor-widget-image\" data-id=\"647be96\" data-element_type=\"widget\" data-e-type=\"widget\" data-widget_type=\"image.default\">\n\t\t\t\t<div class=\"elementor-widget-container\">\n\t\t\t\t\t\t\t\t\t\t\t\t<figure class=\"wp-caption\">\n\t\t\t\t\t\t\t\t\t\t<img decoding=\"async\" width=\"500\" height=\"336\" src=\"https:\/\/sergio-rossi.ch\/wp-content\/uploads\/2025\/03\/assemblea.jpg\" class=\"attachment-large size-large wp-image-51\" alt=\"\" srcset=\"https:\/\/sergio-rossi.ch\/wp-content\/uploads\/2025\/03\/assemblea.jpg 500w, https:\/\/sergio-rossi.ch\/wp-content\/uploads\/2025\/03\/assemblea-300x202.jpg 300w\" sizes=\"(max-width: 500px) 100vw, 500px\" \/>\t\t\t\t\t\t\t\t\t\t\t<figcaption class=\"widget-image-caption wp-caption-text\">Cartolina assemblea dei ragazzi<\/figcaption>\n\t\t\t\t\t\t\t\t\t\t<\/figure>\n\t\t\t\t\t\t\t\t\t<\/div>\n\t\t\t\t<\/div>\n\t\t\t\t\t<\/div>\n\t\t\t\t<\/div>\n\t\t\t\t<section class=\"elementor-section elementor-top-section elementor-element elementor-element-637ccf3f elementor-section-boxed elementor-section-height-default elementor-section-height-default\" data-id=\"637ccf3f\" data-element_type=\"section\" data-e-type=\"section\" data-settings=\"{&quot;background_background&quot;:&quot;classic&quot;}\">\n\t\t\t\t\t\t<div class=\"elementor-container elementor-column-gap-default\">\n\t\t\t\t\t<div class=\"elementor-column elementor-col-100 elementor-top-column elementor-element elementor-element-5974b604\" data-id=\"5974b604\" data-element_type=\"column\" data-e-type=\"column\">\n\t\t\t<div class=\"elementor-widget-wrap elementor-element-populated\">\n\t\t\t\t\t\t<div class=\"elementor-element elementor-element-3e4b0217 elementor-widget elementor-widget-text-editor\" data-id=\"3e4b0217\" data-element_type=\"widget\" data-e-type=\"widget\" data-widget_type=\"text-editor.default\">\n\t\t\t\t<div class=\"elementor-widget-container\">\n\t\t\t\t\t\t\t\t\t<p>La popolazione del Villaggio \u00e8 eterogenea. Ci sono orfani di partigiani e deportati politici, ragazzi inviati dai tribunali dei minorenni, altri con gravi disturbi del comportamento segnalati dai centri medico psicologici. Alcuni genitori scelgono di inviare i loro figli alla Rasa perch\u00e9 istituto non confessionale, laico e democratico, per esempio alcuni membri della comunit\u00e0 valdese di Torre Pellice, oltre ad alcuni intellettuali e uomini politici che ne condividono le scelte pedagogiche. Questi ragazzi, che non hanno problemi particolari, contribuiscono all\u2019andamento positivo dell\u2019esperienza.<\/p><p>Dalla CGIL sono inviati alla Rasa bambini provenienti da famiglie in difficolt\u00e0, vittime innocenti del clima di restaurazione e di attacco alla classe operaia e alla Resistenza, che in quegli anni era particolarmente pesante. Con gli orfani dei contadini uccisi nelle occupazioni delle terre in Calabria, dei contadini in lotta assassinati dalla mafia siciliana, ci sono figli e fratelli degli uccisi dal bandito Giuliano a Portella delle Ginestre, dei comunisti in carcere per i fatti del Monte Amiata dopo l\u2019attentato a Togliatti, dei partigiani arrestati o fuggiti all\u2019estero, e pi\u00f9 tardi dei lavoratori uccisi dalla polizia nelle piazze d\u2019Italia.<\/p>\t\t\t\t\t\t\t\t<\/div>\n\t\t\t\t<\/div>\n\t\t\t\t\t<\/div>\n\t\t<\/div>\n\t\t\t\t\t<\/div>\n\t\t<\/section>\n\t\t<div class=\"elementor-element elementor-element-47300fe e-flex e-con-boxed e-con e-parent\" data-id=\"47300fe\" data-element_type=\"container\" data-e-type=\"container\" data-settings=\"{&quot;background_background&quot;:&quot;classic&quot;}\">\n\t\t\t\t\t<div class=\"e-con-inner\">\n\t\t\t\t<div class=\"elementor-element elementor-element-f132cbb elementor-widget elementor-widget-image\" data-id=\"f132cbb\" data-element_type=\"widget\" data-e-type=\"widget\" data-widget_type=\"image.default\">\n\t\t\t\t<div class=\"elementor-widget-container\">\n\t\t\t\t\t\t\t\t\t\t\t\t<figure class=\"wp-caption\">\n\t\t\t\t\t\t\t\t\t\t<img loading=\"lazy\" decoding=\"async\" width=\"500\" height=\"353\" src=\"https:\/\/sergio-rossi.ch\/wp-content\/uploads\/2025\/03\/camera.jpg\" class=\"attachment-large size-large wp-image-50\" alt=\"\" srcset=\"https:\/\/sergio-rossi.ch\/wp-content\/uploads\/2025\/03\/camera.jpg 500w, https:\/\/sergio-rossi.ch\/wp-content\/uploads\/2025\/03\/camera-300x212.jpg 300w\" sizes=\"(max-width: 500px) 100vw, 500px\" \/>\t\t\t\t\t\t\t\t\t\t\t<figcaption class=\"widget-image-caption wp-caption-text\">Cartolina interno di un albergo (camere dei ragazzi).<\/figcaption>\n\t\t\t\t\t\t\t\t\t\t<\/figure>\n\t\t\t\t\t\t\t\t\t<\/div>\n\t\t\t\t<\/div>\n\t\t\t\t\t<\/div>\n\t\t\t\t<\/div>\n\t\t\t\t<section class=\"elementor-section elementor-top-section elementor-element elementor-element-7fd1faa8 elementor-section-boxed elementor-section-height-default elementor-section-height-default\" data-id=\"7fd1faa8\" data-element_type=\"section\" data-e-type=\"section\" data-settings=\"{&quot;background_background&quot;:&quot;classic&quot;}\">\n\t\t\t\t\t\t<div class=\"elementor-container elementor-column-gap-default\">\n\t\t\t\t\t<div class=\"elementor-column elementor-col-100 elementor-top-column elementor-element elementor-element-5a1c1e71\" data-id=\"5a1c1e71\" data-element_type=\"column\" data-e-type=\"column\">\n\t\t\t<div class=\"elementor-widget-wrap elementor-element-populated\">\n\t\t\t\t\t\t<div class=\"elementor-element elementor-element-6381f86b elementor-widget elementor-widget-text-editor\" data-id=\"6381f86b\" data-element_type=\"widget\" data-e-type=\"widget\" data-widget_type=\"text-editor.default\">\n\t\t\t\t<div class=\"elementor-widget-container\">\n\t\t\t\t\t\t\t\t\t<p>Rosina e Sergio Rossi credono in un\u2019educazione diversa da quella assistenziale e tradizionale, unicamente basata su una disciplina senza umanit\u00e0. Infatti Rossi scrive: \u201c\u2026Oggi l\u2019educazione dei nostri ragazzi deve essere svincolata da questi pregiudizi della tradizione, da tali empiriche forme di allevamento e, anzich\u00e9 poggiare su idee astratte, deve piuttosto fare leva sullo stimolo dell\u2019emulazione, e della solidariet\u00e0.\u201d<\/p>\t\t\t\t\t\t\t\t<\/div>\n\t\t\t\t<\/div>\n\t\t\t\t\t<\/div>\n\t\t<\/div>\n\t\t\t\t\t<\/div>\n\t\t<\/section>\n\t\t<div class=\"elementor-element elementor-element-feb39d2 e-flex e-con-boxed e-con e-parent\" data-id=\"feb39d2\" data-element_type=\"container\" data-e-type=\"container\" data-settings=\"{&quot;background_background&quot;:&quot;classic&quot;}\">\n\t\t\t\t\t<div class=\"e-con-inner\">\n\t\t\t\t<div class=\"elementor-element elementor-element-745a3b6 elementor-widget elementor-widget-image\" data-id=\"745a3b6\" data-element_type=\"widget\" data-e-type=\"widget\" data-widget_type=\"image.default\">\n\t\t\t\t<div class=\"elementor-widget-container\">\n\t\t\t\t\t\t\t\t\t\t\t\t<figure class=\"wp-caption\">\n\t\t\t\t\t\t\t\t\t\t<img loading=\"lazy\" decoding=\"async\" width=\"500\" height=\"355\" src=\"https:\/\/sergio-rossi.ch\/wp-content\/uploads\/2025\/03\/aula.jpg\" class=\"attachment-large size-large wp-image-54\" alt=\"\" srcset=\"https:\/\/sergio-rossi.ch\/wp-content\/uploads\/2025\/03\/aula.jpg 500w, https:\/\/sergio-rossi.ch\/wp-content\/uploads\/2025\/03\/aula-300x213.jpg 300w\" sizes=\"(max-width: 500px) 100vw, 500px\" \/>\t\t\t\t\t\t\t\t\t\t\t<figcaption class=\"widget-image-caption wp-caption-text\">Cartolina aula scolastica<\/figcaption>\n\t\t\t\t\t\t\t\t\t\t<\/figure>\n\t\t\t\t\t\t\t\t\t<\/div>\n\t\t\t\t<\/div>\n\t\t\t\t\t<\/div>\n\t\t\t\t<\/div>\n\t\t\t\t<section class=\"elementor-section elementor-top-section elementor-element elementor-element-2878cc5 elementor-section-boxed elementor-section-height-default elementor-section-height-default\" data-id=\"2878cc5\" data-element_type=\"section\" data-e-type=\"section\" data-settings=\"{&quot;background_background&quot;:&quot;classic&quot;}\">\n\t\t\t\t\t\t<div class=\"elementor-container elementor-column-gap-default\">\n\t\t\t\t\t<div class=\"elementor-column elementor-col-100 elementor-top-column elementor-element elementor-element-439169c5\" data-id=\"439169c5\" data-element_type=\"column\" data-e-type=\"column\">\n\t\t\t<div class=\"elementor-widget-wrap elementor-element-populated\">\n\t\t\t\t\t\t<div class=\"elementor-element elementor-element-211a555 elementor-widget elementor-widget-text-editor\" data-id=\"211a555\" data-element_type=\"widget\" data-e-type=\"widget\" data-widget_type=\"text-editor.default\">\n\t\t\t\t<div class=\"elementor-widget-container\">\n\t\t\t\t\t\t\t\t\t<p>Durante la direzione di Elena Dreher il Villaggio \u00e8 organizzato come una piccola citt\u00e0, sul modello di altre comunit\u00e0 simili nate nel dopoguerra in altri Paesi d\u2019Europa. I ragazzi hanno un\u2019Assemblea e stabiliscono i principi fondamentali che tutelano gli interessi della comunit\u00e0. Su \u201cL\u2019Ordine nuovo\u201d del 30 aprile 1949 si legge: \u201cIl Villaggio Verso la vita ha la sua Costituzione. Nel pomeriggio del 25 aprile scorso al villaggio Verso la vita di La Rasa, i ragazzi ospitati hanno eletto i componenti del loro Parlamento ed il Presidente della loro comunit\u00e0. Le elezioni sono avvenute con una grande seriet\u00e0 e lealt\u00e0 da parte dei piccoli cittadini.\u201d (<em>Il villaggio &#8216;Verso la vita&#8217; ha la sua Costituzione<\/em>, in \u201cL&#8217;Ordine nuovo\u201d, 30 apr. 1949).<\/p><p>Dopo l\u2019arrivo di Sergio e Rosina Rossi, la prima Costituzione (del 1949) viene sostituita dallo\u00a0<a href=\"https:\/\/sergio-rossi.ch\/wp-content\/uploads\/2025\/03\/STATUTO-del-villaggio.pdf\" target=\"_blank\" rel=\"noopener\"><strong>Statuto del Villaggio<\/strong><\/a>, pi\u00f9 aderente alla realt\u00e0 concreta e alle esigenze dei ragazzi. Forti dell\u2019esperienza vissuta nei Convitti scuola della Rinascita, Sergio e Rosina Rossi elaborano una ricerca educativa in cui, accanto alle materie scolastiche, ha grande importanza la creativit\u00e0 attraverso il disegno, la pittura, la musica e il teatro. Oltre alle molte attivit\u00e0 si realizzano con i ragazzi diversi numeri del giornale \u201cVerso la vita\u201d. La partecipazione attiva dei ragazzi all\u2019organizzazione e alla gestione del Villaggio \u00e8 notevolmente innovativa in campo pedagogico.<\/p>\t\t\t\t\t\t\t\t<\/div>\n\t\t\t\t<\/div>\n\t\t\t\t\t<\/div>\n\t\t<\/div>\n\t\t\t\t\t<\/div>\n\t\t<\/section>\n\t\t<div class=\"elementor-element elementor-element-ee77550 e-flex e-con-boxed e-con e-parent\" data-id=\"ee77550\" data-element_type=\"container\" data-e-type=\"container\" data-settings=\"{&quot;background_background&quot;:&quot;classic&quot;}\">\n\t\t\t\t\t<div class=\"e-con-inner\">\n\t\t\t\t<div class=\"elementor-element elementor-element-c6f2e03 elementor-widget elementor-widget-image\" data-id=\"c6f2e03\" data-element_type=\"widget\" data-e-type=\"widget\" data-widget_type=\"image.default\">\n\t\t\t\t<div class=\"elementor-widget-container\">\n\t\t\t\t\t\t\t\t\t\t\t\t<figure class=\"wp-caption\">\n\t\t\t\t\t\t\t\t\t\t<img loading=\"lazy\" decoding=\"async\" width=\"500\" height=\"346\" src=\"https:\/\/sergio-rossi.ch\/wp-content\/uploads\/2025\/03\/educare-alla-gioia.jpg\" class=\"attachment-large size-large wp-image-49\" alt=\"\" srcset=\"https:\/\/sergio-rossi.ch\/wp-content\/uploads\/2025\/03\/educare-alla-gioia.jpg 500w, https:\/\/sergio-rossi.ch\/wp-content\/uploads\/2025\/03\/educare-alla-gioia-300x208.jpg 300w\" sizes=\"(max-width: 500px) 100vw, 500px\" \/>\t\t\t\t\t\t\t\t\t\t\t<figcaption class=\"widget-image-caption wp-caption-text\">Cartolina teatro dei piccoli mimi<\/figcaption>\n\t\t\t\t\t\t\t\t\t\t<\/figure>\n\t\t\t\t\t\t\t\t\t<\/div>\n\t\t\t\t<\/div>\n\t\t\t\t\t<\/div>\n\t\t\t\t<\/div>\n\t\t\t\t<section class=\"elementor-section elementor-top-section elementor-element elementor-element-61b5a3a1 elementor-section-boxed elementor-section-height-default elementor-section-height-default\" data-id=\"61b5a3a1\" data-element_type=\"section\" data-e-type=\"section\" data-settings=\"{&quot;background_background&quot;:&quot;classic&quot;}\">\n\t\t\t\t\t\t<div class=\"elementor-container elementor-column-gap-default\">\n\t\t\t\t\t<div class=\"elementor-column elementor-col-100 elementor-top-column elementor-element elementor-element-3ae9c614\" data-id=\"3ae9c614\" data-element_type=\"column\" data-e-type=\"column\">\n\t\t\t<div class=\"elementor-widget-wrap elementor-element-populated\">\n\t\t\t\t\t\t<div class=\"elementor-element elementor-element-7de50e8b elementor-widget elementor-widget-text-editor\" data-id=\"7de50e8b\" data-element_type=\"widget\" data-e-type=\"widget\" data-widget_type=\"text-editor.default\">\n\t\t\t\t<div class=\"elementor-widget-container\">\n\t\t\t\t\t\t\t\t\t<p>Viene creata una struttura organizzata sul modello di quella dei Convitti scuola della Rinascita, con un comitato direttivo, un\u2019assemblea, gruppi e commissioni di lavoro. Nasce una scuola intesa non solo come apprendimento di nozioni, ma anche come formazione al lavoro, preparazione culturale, impegno quotidiano in tutte le attivit\u00e0 del Villaggio.<\/p><p><strong>Il Villaggio scuola \u201cSandro Cagnola\u201d<\/strong><\/p>\t\t\t\t\t\t\t\t<\/div>\n\t\t\t\t<\/div>\n\t\t\t\t\t<\/div>\n\t\t<\/div>\n\t\t\t\t\t<\/div>\n\t\t<\/section>\n\t\t<div class=\"elementor-element elementor-element-946b77b e-grid e-con-boxed e-con e-parent\" data-id=\"946b77b\" data-element_type=\"container\" data-e-type=\"container\" data-settings=\"{&quot;background_background&quot;:&quot;classic&quot;}\">\n\t\t\t\t\t<div class=\"e-con-inner\">\n\t\t\t\t<div class=\"elementor-element elementor-element-6fa565f elementor-widget elementor-widget-image\" data-id=\"6fa565f\" data-element_type=\"widget\" data-e-type=\"widget\" data-widget_type=\"image.default\">\n\t\t\t\t<div class=\"elementor-widget-container\">\n\t\t\t\t\t\t\t\t\t\t\t\t<figure class=\"wp-caption\">\n\t\t\t\t\t\t\t\t\t\t<img loading=\"lazy\" decoding=\"async\" width=\"500\" height=\"307\" src=\"https:\/\/sergio-rossi.ch\/wp-content\/uploads\/2025\/03\/vitello.jpg\" class=\"attachment-large size-large wp-image-48\" alt=\"\" srcset=\"https:\/\/sergio-rossi.ch\/wp-content\/uploads\/2025\/03\/vitello.jpg 500w, https:\/\/sergio-rossi.ch\/wp-content\/uploads\/2025\/03\/vitello-300x184.jpg 300w\" sizes=\"(max-width: 500px) 100vw, 500px\" \/>\t\t\t\t\t\t\t\t\t\t\t<figcaption class=\"widget-image-caption wp-caption-text\">Attivit\u00e0 alla fattoria<\/figcaption>\n\t\t\t\t\t\t\t\t\t\t<\/figure>\n\t\t\t\t\t\t\t\t\t<\/div>\n\t\t\t\t<\/div>\n\t\t\t\t<div class=\"elementor-element elementor-element-24ffd62 elementor-widget elementor-widget-image\" data-id=\"24ffd62\" data-element_type=\"widget\" data-e-type=\"widget\" data-widget_type=\"image.default\">\n\t\t\t\t<div class=\"elementor-widget-container\">\n\t\t\t\t\t\t\t\t\t\t\t\t<figure class=\"wp-caption\">\n\t\t\t\t\t\t\t\t\t\t<img loading=\"lazy\" decoding=\"async\" width=\"500\" height=\"362\" src=\"https:\/\/sergio-rossi.ch\/wp-content\/uploads\/2025\/03\/falegnameria.jpg\" class=\"attachment-large size-large wp-image-47\" alt=\"\" srcset=\"https:\/\/sergio-rossi.ch\/wp-content\/uploads\/2025\/03\/falegnameria.jpg 500w, https:\/\/sergio-rossi.ch\/wp-content\/uploads\/2025\/03\/falegnameria-300x217.jpg 300w\" sizes=\"(max-width: 500px) 100vw, 500px\" \/>\t\t\t\t\t\t\t\t\t\t\t<figcaption class=\"widget-image-caption wp-caption-text\">Cartolina laboratorio di falegnameria<\/figcaption>\n\t\t\t\t\t\t\t\t\t\t<\/figure>\n\t\t\t\t\t\t\t\t\t<\/div>\n\t\t\t\t<\/div>\n\t\t\t\t\t<\/div>\n\t\t\t\t<\/div>\n\t\t\t\t<section class=\"elementor-section elementor-top-section elementor-element elementor-element-2bc62b5 elementor-section-boxed elementor-section-height-default elementor-section-height-default\" data-id=\"2bc62b5\" data-element_type=\"section\" data-e-type=\"section\" data-settings=\"{&quot;background_background&quot;:&quot;classic&quot;}\">\n\t\t\t\t\t\t<div class=\"elementor-container elementor-column-gap-default\">\n\t\t\t\t\t<div class=\"elementor-column elementor-col-100 elementor-top-column elementor-element elementor-element-2d36f391\" data-id=\"2d36f391\" data-element_type=\"column\" data-e-type=\"column\">\n\t\t\t<div class=\"elementor-widget-wrap elementor-element-populated\">\n\t\t\t\t\t\t<div class=\"elementor-element elementor-element-528fa1f0 elementor-widget elementor-widget-text-editor\" data-id=\"528fa1f0\" data-element_type=\"widget\" data-e-type=\"widget\" data-widget_type=\"text-editor.default\">\n\t\t\t\t<div class=\"elementor-widget-container\">\n\t\t\t\t\t\t\t\t\t<p>In quegli anni al Villaggio funzionano una fattoria e due laboratori: uno di falegnameria e uno di meccanica. Inoltre Rossi porta al Villaggio la sua esperienza di grafico, insegnando ai ragazzi a progettare e realizzare biglietti di auguri, inviti a feste, manifesti, e il giornale dal titolo \u201cVerso la vita\u201d, che da allora documenter\u00e0 tutto ci\u00f2 che avviene al Villaggio e servir\u00e0 da comunicazione con l\u2019esterno.<\/p><p><strong>Visualizza il giornale \u201cVerso la vita\u201d &#8211; pdf <\/strong><\/p><ol><li><a href=\"https:\/\/sergio-rossi.ch\/wp-content\/uploads\/2025\/03\/coro-parlato-1953.pdf\" target=\"_blank\" rel=\"noopener\">coro parlato sulla storia del villaggio<\/a><\/li><li><a href=\"https:\/\/sergio-rossi.ch\/wp-content\/uploads\/2025\/03\/verso-la-vita-1952.pdf\" target=\"_blank\" rel=\"noopener\">dicembre 1952<\/a><\/li><li><a href=\"https:\/\/sergio-rossi.ch\/wp-content\/uploads\/2025\/03\/verso-la-vita-1958_gennaio-febbraio.pdf\" target=\"_blank\" rel=\"noopener\">gennaio-febbraio 1958<\/a><\/li><li><a href=\"https:\/\/sergio-rossi.ch\/wp-content\/uploads\/2025\/03\/verso-la-vita-1958_marzo-aprile.pdf\" target=\"_blank\" rel=\"noopener\">marzo-aprile 1958<\/a><\/li><li><a href=\"https:\/\/sergio-rossi.ch\/wp-content\/uploads\/2025\/03\/verso-la-vita-1958_ottobre.pdf\" target=\"_blank\" rel=\"noopener\">ottobre 1958 &#8211; il decennale del villaggio<\/a><\/li><\/ol><p>Musica, canto, lettura, teatro, cinema, ricerche naturalistiche fanno parte delle attivit\u00e0 del Villaggio, tanto che i ragazzi ottengono un riconoscimento importante al Festival del teatro popolare di Napoli, con uno spettacolo di mimo. Saranno premiati nel 1954 con la \u201cmaschera d\u2019oro\u201d da Eduardo de Filippo e Gillo Pontecorvo. Gli spettacoli sono rappresentati in molte occasioni e in diverse citt\u00e0: Zurigo, Milano, Reggio Emilia, numerose localit\u00e0 della Lombardia.<\/p>\t\t\t\t\t\t\t\t<\/div>\n\t\t\t\t<\/div>\n\t\t\t\t\t<\/div>\n\t\t<\/div>\n\t\t\t\t\t<\/div>\n\t\t<\/section>\n\t\t<div class=\"elementor-element elementor-element-faed023 e-grid e-con-boxed e-con e-parent\" data-id=\"faed023\" data-element_type=\"container\" data-e-type=\"container\" data-settings=\"{&quot;background_background&quot;:&quot;classic&quot;}\">\n\t\t\t\t\t<div class=\"e-con-inner\">\n\t\t\t\t<div class=\"elementor-element elementor-element-d235b05 elementor-widget elementor-widget-image\" data-id=\"d235b05\" data-element_type=\"widget\" data-e-type=\"widget\" data-widget_type=\"image.default\">\n\t\t\t\t<div class=\"elementor-widget-container\">\n\t\t\t\t\t\t\t\t\t\t\t\t<figure class=\"wp-caption\">\n\t\t\t\t\t\t\t\t\t\t<img loading=\"lazy\" decoding=\"async\" width=\"500\" height=\"343\" src=\"https:\/\/sergio-rossi.ch\/wp-content\/uploads\/2025\/03\/laboratorio-arte.jpg\" class=\"attachment-large size-large wp-image-46\" alt=\"\" srcset=\"https:\/\/sergio-rossi.ch\/wp-content\/uploads\/2025\/03\/laboratorio-arte.jpg 500w, https:\/\/sergio-rossi.ch\/wp-content\/uploads\/2025\/03\/laboratorio-arte-300x206.jpg 300w\" sizes=\"(max-width: 500px) 100vw, 500px\" \/>\t\t\t\t\t\t\t\t\t\t\t<figcaption class=\"widget-image-caption wp-caption-text\">Cartolina attivit\u00e0 creative<\/figcaption>\n\t\t\t\t\t\t\t\t\t\t<\/figure>\n\t\t\t\t\t\t\t\t\t<\/div>\n\t\t\t\t<\/div>\n\t\t\t\t<div class=\"elementor-element elementor-element-c0c72ef elementor-widget elementor-widget-image\" data-id=\"c0c72ef\" data-element_type=\"widget\" data-e-type=\"widget\" data-widget_type=\"image.default\">\n\t\t\t\t<div class=\"elementor-widget-container\">\n\t\t\t\t\t\t\t\t\t\t\t\t<figure class=\"wp-caption\">\n\t\t\t\t\t\t\t\t\t\t<img loading=\"lazy\" decoding=\"async\" width=\"500\" height=\"357\" src=\"https:\/\/sergio-rossi.ch\/wp-content\/uploads\/2025\/03\/cartolina-maschera-doro.jpg\" class=\"attachment-large size-large wp-image-45\" alt=\"\" srcset=\"https:\/\/sergio-rossi.ch\/wp-content\/uploads\/2025\/03\/cartolina-maschera-doro.jpg 500w, https:\/\/sergio-rossi.ch\/wp-content\/uploads\/2025\/03\/cartolina-maschera-doro-300x214.jpg 300w\" sizes=\"(max-width: 500px) 100vw, 500px\" \/>\t\t\t\t\t\t\t\t\t\t\t<figcaption class=\"widget-image-caption wp-caption-text\">Cartolina scritta da Sergio in occasione del premio \"Maschera d'oro\"<\/figcaption>\n\t\t\t\t\t\t\t\t\t\t<\/figure>\n\t\t\t\t\t\t\t\t\t<\/div>\n\t\t\t\t<\/div>\n\t\t\t\t\t<\/div>\n\t\t\t\t<\/div>\n\t\t<div class=\"elementor-element elementor-element-8c0adf8 e-grid e-con-boxed e-con e-parent\" data-id=\"8c0adf8\" data-element_type=\"container\" data-e-type=\"container\" data-settings=\"{&quot;background_background&quot;:&quot;classic&quot;}\">\n\t\t\t\t\t<div class=\"e-con-inner\">\n\t\t\t\t<div class=\"elementor-element elementor-element-b091962 elementor-widget elementor-widget-image\" data-id=\"b091962\" data-element_type=\"widget\" data-e-type=\"widget\" data-widget_type=\"image.default\">\n\t\t\t\t<div class=\"elementor-widget-container\">\n\t\t\t\t\t\t\t\t\t\t\t\t<figure class=\"wp-caption\">\n\t\t\t\t\t\t\t\t\t\t<img loading=\"lazy\" decoding=\"async\" width=\"341\" height=\"500\" src=\"https:\/\/sergio-rossi.ch\/wp-content\/uploads\/2025\/03\/maschera-doro.jpg\" class=\"attachment-large size-large wp-image-44\" alt=\"\" srcset=\"https:\/\/sergio-rossi.ch\/wp-content\/uploads\/2025\/03\/maschera-doro.jpg 341w, https:\/\/sergio-rossi.ch\/wp-content\/uploads\/2025\/03\/maschera-doro-205x300.jpg 205w\" sizes=\"(max-width: 341px) 100vw, 341px\" \/>\t\t\t\t\t\t\t\t\t\t\t<figcaption class=\"widget-image-caption wp-caption-text\">Gruppo attori del Villaggio, al centro la Maschera d'oro<\/figcaption>\n\t\t\t\t\t\t\t\t\t\t<\/figure>\n\t\t\t\t\t\t\t\t\t<\/div>\n\t\t\t\t<\/div>\n\t\t\t\t<div class=\"elementor-element elementor-element-6094c80 elementor-widget elementor-widget-image\" data-id=\"6094c80\" data-element_type=\"widget\" data-e-type=\"widget\" data-widget_type=\"image.default\">\n\t\t\t\t<div class=\"elementor-widget-container\">\n\t\t\t\t\t\t\t\t\t\t\t\t<figure class=\"wp-caption\">\n\t\t\t\t\t\t\t\t\t\t<img loading=\"lazy\" decoding=\"async\" width=\"500\" height=\"346\" src=\"https:\/\/sergio-rossi.ch\/wp-content\/uploads\/2025\/03\/attori-a-Napoli.jpg\" class=\"attachment-large size-large wp-image-43\" alt=\"\" srcset=\"https:\/\/sergio-rossi.ch\/wp-content\/uploads\/2025\/03\/attori-a-Napoli.jpg 500w, https:\/\/sergio-rossi.ch\/wp-content\/uploads\/2025\/03\/attori-a-Napoli-300x208.jpg 300w\" sizes=\"(max-width: 500px) 100vw, 500px\" \/>\t\t\t\t\t\t\t\t\t\t\t<figcaption class=\"widget-image-caption wp-caption-text\">Gruppo attori al completo, sullo sfondo il Maschio Angioino di Napoli<\/figcaption>\n\t\t\t\t\t\t\t\t\t\t<\/figure>\n\t\t\t\t\t\t\t\t\t<\/div>\n\t\t\t\t<\/div>\n\t\t\t\t\t<\/div>\n\t\t\t\t<\/div>\n\t\t\t\t<section class=\"elementor-section elementor-top-section elementor-element elementor-element-5b12224b elementor-section-boxed elementor-section-height-default elementor-section-height-default\" data-id=\"5b12224b\" data-element_type=\"section\" data-e-type=\"section\" data-settings=\"{&quot;background_background&quot;:&quot;classic&quot;}\">\n\t\t\t\t\t\t<div class=\"elementor-container elementor-column-gap-default\">\n\t\t\t\t\t<div class=\"elementor-column elementor-col-100 elementor-top-column elementor-element elementor-element-3eb8bf10\" data-id=\"3eb8bf10\" data-element_type=\"column\" data-e-type=\"column\">\n\t\t\t<div class=\"elementor-widget-wrap elementor-element-populated\">\n\t\t\t\t\t\t<div class=\"elementor-element elementor-element-5eeba1ca elementor-widget elementor-widget-text-editor\" data-id=\"5eeba1ca\" data-element_type=\"widget\" data-e-type=\"widget\" data-widget_type=\"text-editor.default\">\n\t\t\t\t<div class=\"elementor-widget-container\">\n\t\t\t\t\t\t\t\t\t<p>Proficua e duratura \u00e8 stata la collaborazione con <a href=\"https:\/\/www.teatrocolla.org\" target=\"_blank\" rel=\"noopener\">Gianni e Cosetta Colla<\/a>, marionettisti di Milano. Con loro Sergio e Rosina Rossi realizzano uno spettacolo (<em>Tuba Nera<\/em>) nel quale interagiscono marionette e ragazzi del gruppo dei mimi, con sottofondo di musiche classiche. <br \/>Anche lo sport \u00e8 molto importante, soprattutto per quel che riguarda l\u2019autostima di ragazzi che sono convinti di non poter eccellere in nessuna disciplina. Un\u2019attivit\u00e0 sportiva fatta di sforzi e regolarit\u00e0 insegna ai ragazzi che si pu\u00f2 ottenere pi\u00f9 di quanto si pensi sia nelle proprie capacit\u00e0.<\/p><p>Aspetto fondamentale dell\u2019educazione cos\u00ec intesa \u00e8 che i ragazzi diventano consapevoli di avere dei diritti, oltre che dei doveri, e capiscono di poter avanzare delle giuste aspettative per migliorare l\u2019ambiente e l\u2019apprendimento di ci\u00f2 che servir\u00e0 loro in futuro.<\/p><p>L\u2019arricchimento culturale \u00e8 rafforzato anche dalle origini sociali dei bambini e degli adulti, provenienti da tutta Italia e da ambienti diversi: un\u2019originale esperienza d\u2019<em>integrazione<\/em> e <em>interazione<\/em>. Sergio Rossi in prima persona investe nelle attivit\u00e0 creative con i ragazzi tutto il suo entusiasmo e le sue competenze, la sua abilit\u00e0 di artista: realizza molte opere per il Villaggio stesso e per il suo abbellimento, cos\u00ec che tutti gli ambienti interni ed esterni sono resi esteticamente piacevoli, in un ambiente armonico, e i ragazzi sono stimolati continuamente: la loro giornata \u00e8 rasserenata dalla vita che queste produzioni artistiche sprigionano. Belli gli affreschi all\u2019interno del Villaggio, come \u201cAllegoria della vita\u201d sulle pareti della sala delle riunioni e \u201cLe quattro stagioni\u201d su quelle del ristorante.<\/p>\t\t\t\t\t\t\t\t<\/div>\n\t\t\t\t<\/div>\n\t\t\t\t\t<\/div>\n\t\t<\/div>\n\t\t\t\t\t<\/div>\n\t\t<\/section>\n\t\t<div class=\"elementor-element elementor-element-dd6decf e-grid e-con-boxed e-con e-parent\" data-id=\"dd6decf\" data-element_type=\"container\" data-e-type=\"container\" data-settings=\"{&quot;background_background&quot;:&quot;classic&quot;}\">\n\t\t\t\t\t<div class=\"e-con-inner\">\n\t\t\t\t<div class=\"elementor-element elementor-element-5330742 elementor-widget elementor-widget-image\" data-id=\"5330742\" data-element_type=\"widget\" data-e-type=\"widget\" data-widget_type=\"image.default\">\n\t\t\t\t<div class=\"elementor-widget-container\">\n\t\t\t\t\t\t\t\t\t\t\t\t<figure class=\"wp-caption\">\n\t\t\t\t\t\t\t\t\t\t<img loading=\"lazy\" decoding=\"async\" width=\"500\" height=\"486\" src=\"https:\/\/sergio-rossi.ch\/wp-content\/uploads\/2025\/03\/spettacolo-Colla.jpg\" class=\"attachment-large size-large wp-image-42\" alt=\"\" srcset=\"https:\/\/sergio-rossi.ch\/wp-content\/uploads\/2025\/03\/spettacolo-Colla.jpg 500w, https:\/\/sergio-rossi.ch\/wp-content\/uploads\/2025\/03\/spettacolo-Colla-300x292.jpg 300w\" sizes=\"(max-width: 500px) 100vw, 500px\" \/>\t\t\t\t\t\t\t\t\t\t\t<figcaption class=\"widget-image-caption wp-caption-text\">Spettacolo Tuba Nera<\/figcaption>\n\t\t\t\t\t\t\t\t\t\t<\/figure>\n\t\t\t\t\t\t\t\t\t<\/div>\n\t\t\t\t<\/div>\n\t\t\t\t<div class=\"elementor-element elementor-element-014e967 elementor-widget elementor-widget-image\" data-id=\"014e967\" data-element_type=\"widget\" data-e-type=\"widget\" data-widget_type=\"image.default\">\n\t\t\t\t<div class=\"elementor-widget-container\">\n\t\t\t\t\t\t\t\t\t\t\t\t<figure class=\"wp-caption\">\n\t\t\t\t\t\t\t\t\t\t<img loading=\"lazy\" decoding=\"async\" width=\"500\" height=\"488\" src=\"https:\/\/sergio-rossi.ch\/wp-content\/uploads\/2025\/03\/macchia-nera.jpg\" class=\"attachment-large size-large wp-image-41\" alt=\"\" srcset=\"https:\/\/sergio-rossi.ch\/wp-content\/uploads\/2025\/03\/macchia-nera.jpg 500w, https:\/\/sergio-rossi.ch\/wp-content\/uploads\/2025\/03\/macchia-nera-300x293.jpg 300w\" sizes=\"(max-width: 500px) 100vw, 500px\" \/>\t\t\t\t\t\t\t\t\t\t\t<figcaption class=\"widget-image-caption wp-caption-text\">Spettacolo Tuba Nera<\/figcaption>\n\t\t\t\t\t\t\t\t\t\t<\/figure>\n\t\t\t\t\t\t\t\t\t<\/div>\n\t\t\t\t<\/div>\n\t\t\t\t\t<\/div>\n\t\t\t\t<\/div>\n\t\t\t\t<section class=\"elementor-section elementor-top-section elementor-element elementor-element-ff67d7a elementor-section-boxed elementor-section-height-default elementor-section-height-default\" data-id=\"ff67d7a\" data-element_type=\"section\" data-e-type=\"section\" data-settings=\"{&quot;background_background&quot;:&quot;classic&quot;}\">\n\t\t\t\t\t\t<div class=\"elementor-container elementor-column-gap-default\">\n\t\t\t\t\t<div class=\"elementor-column elementor-col-100 elementor-top-column elementor-element elementor-element-0574daa\" data-id=\"0574daa\" data-element_type=\"column\" data-e-type=\"column\">\n\t\t\t<div class=\"elementor-widget-wrap elementor-element-populated\">\n\t\t\t\t\t\t<div class=\"elementor-element elementor-element-d886023 elementor-widget elementor-widget-text-editor\" data-id=\"d886023\" data-element_type=\"widget\" data-e-type=\"widget\" data-widget_type=\"text-editor.default\">\n\t\t\t\t<div class=\"elementor-widget-container\">\n\t\t\t\t\t\t\t\t\t<p>L\u2019attivit\u00e0 di direttore del Villaggio, dal 1952 al 1961, non permette a Sergio Rossi di dedicare molto tempo alla pittura. Esegue quindi molti disegni e veloci schizzi di tutto ci\u00f2 che lo circonda: la sua famiglia, i ragazzi, i lavoratori, la natura circostante; anche la fornace cattura la sua attenzione. Continua, nonostante il poco tempo a disposizione, a dipingere con la tecnica della pittura a olio: quadri dai temi semplici, ma dai contenuti emotivamente forti e tecnicamente sempre pi\u00f9 consapevoli.<\/p><p>Economicamente il Villaggio \u00e8 aiutato innanzitutto dal Comitato milanese per l\u2019Infanzia. La corista Tita Fusco, moglie di Piero Montagnani, per raccogliere fondi crea l\u2019<em>Associazione Amici del Villaggio \u201cVerso la vita\u201d<\/em>, che comprende alcuni coristi del Teatro alla Scala di Milano. <br \/>Il lavoro educativo \u00e8 sostenuto dalla solidariet\u00e0 esterna. Sono molti gli aiuti individuali, pur modesti ma ricchi di significato. Il sindacato dei tipografi offre una macchina tipografica che viene utilizzata per la stampa del giornale del Villaggio, gli operai della Geloso (fabbrica di elettrodomestici) donano uno dei primi televisori prodotti in Italia, mentre la casa editrice Feltrinelli e la Libreria Internazionale di Milano forniscono i libri necessari alla biblioteca interna e alla scuola. Molti altri aiuti vengono dalle Cooperative emiliane e dai loro camion di viveri, dai pittori e dai loro quadri; il Villaggio pu\u00f2 contare anche su una piccola fattoria e due laboratori di produzione.<\/p><p>Inoltre Rosina e Sergio Rossi chiedono e ottengono la collaborazione gratuita di un gruppo di insegnanti democratici di Varese, valido aiuto non solo sul piano didattico, ma anche su quello dei rapporti con l\u2019esterno: tra questi l\u2019ex partigiana Edmea Bassani, Matilde Clerici, Barbara Matteozzi Coggiola, Gian Maria Girelli.<\/p>\t\t\t\t\t\t\t\t<\/div>\n\t\t\t\t<\/div>\n\t\t\t\t\t<\/div>\n\t\t<\/div>\n\t\t\t\t\t<\/div>\n\t\t<\/section>\n\t\t<div class=\"elementor-element elementor-element-bb800d4 e-grid e-con-boxed e-con e-parent\" data-id=\"bb800d4\" data-element_type=\"container\" data-e-type=\"container\" data-settings=\"{&quot;background_background&quot;:&quot;classic&quot;}\">\n\t\t\t\t\t<div class=\"e-con-inner\">\n\t\t\t\t<div class=\"elementor-element elementor-element-0890ca3 elementor-widget elementor-widget-image\" data-id=\"0890ca3\" data-element_type=\"widget\" data-e-type=\"widget\" data-widget_type=\"image.default\">\n\t\t\t\t<div class=\"elementor-widget-container\">\n\t\t\t\t\t\t\t\t\t\t\t\t<figure class=\"wp-caption\">\n\t\t\t\t\t\t\t\t\t\t<img loading=\"lazy\" decoding=\"async\" width=\"500\" height=\"352\" src=\"https:\/\/sergio-rossi.ch\/wp-content\/uploads\/2025\/03\/cartolina-Rodari.jpg\" class=\"attachment-large size-large wp-image-39\" alt=\"\" srcset=\"https:\/\/sergio-rossi.ch\/wp-content\/uploads\/2025\/03\/cartolina-Rodari.jpg 500w, https:\/\/sergio-rossi.ch\/wp-content\/uploads\/2025\/03\/cartolina-Rodari-300x211.jpg 300w\" sizes=\"(max-width: 500px) 100vw, 500px\" \/>\t\t\t\t\t\t\t\t\t\t\t<figcaption class=\"widget-image-caption wp-caption-text\">Cartolina con dedica e disegno di Gianni Rodari<\/figcaption>\n\t\t\t\t\t\t\t\t\t\t<\/figure>\n\t\t\t\t\t\t\t\t\t<\/div>\n\t\t\t\t<\/div>\n\t\t\t\t<div class=\"elementor-element elementor-element-a422933 elementor-widget elementor-widget-image\" data-id=\"a422933\" data-element_type=\"widget\" data-e-type=\"widget\" data-widget_type=\"image.default\">\n\t\t\t\t<div class=\"elementor-widget-container\">\n\t\t\t\t\t\t\t\t\t\t\t\t<figure class=\"wp-caption\">\n\t\t\t\t\t\t\t\t\t\t<img loading=\"lazy\" decoding=\"async\" width=\"330\" height=\"500\" src=\"https:\/\/sergio-rossi.ch\/wp-content\/uploads\/2025\/03\/gruppo-con-moto.jpg\" class=\"attachment-large size-large wp-image-40\" alt=\"\" srcset=\"https:\/\/sergio-rossi.ch\/wp-content\/uploads\/2025\/03\/gruppo-con-moto.jpg 330w, https:\/\/sergio-rossi.ch\/wp-content\/uploads\/2025\/03\/gruppo-con-moto-198x300.jpg 198w\" sizes=\"(max-width: 330px) 100vw, 330px\" \/>\t\t\t\t\t\t\t\t\t\t\t<figcaption class=\"widget-image-caption wp-caption-text\">Gruppo ex cittadini sotto colonne con anfore dipinte da Sergio<\/figcaption>\n\t\t\t\t\t\t\t\t\t\t<\/figure>\n\t\t\t\t\t\t\t\t\t<\/div>\n\t\t\t\t<\/div>\n\t\t\t\t\t<\/div>\n\t\t\t\t<\/div>\n\t\t\t\t<section class=\"elementor-section elementor-top-section elementor-element elementor-element-5c6e8e5 elementor-section-boxed elementor-section-height-default elementor-section-height-default\" data-id=\"5c6e8e5\" data-element_type=\"section\" data-e-type=\"section\" data-settings=\"{&quot;background_background&quot;:&quot;classic&quot;}\">\n\t\t\t\t\t\t<div class=\"elementor-container elementor-column-gap-default\">\n\t\t\t\t\t<div class=\"elementor-column elementor-col-100 elementor-top-column elementor-element elementor-element-98f6780\" data-id=\"98f6780\" data-element_type=\"column\" data-e-type=\"column\">\n\t\t\t<div class=\"elementor-widget-wrap elementor-element-populated\">\n\t\t\t\t\t\t<div class=\"elementor-element elementor-element-611bb15 elementor-widget elementor-widget-text-editor\" data-id=\"611bb15\" data-element_type=\"widget\" data-e-type=\"widget\" data-widget_type=\"text-editor.default\">\n\t\t\t\t<div class=\"elementor-widget-container\">\n\t\t\t\t\t\t\t\t\t<p>Dal 1956, con la regolare autorizzazione, si attivano nella nuova sede scolastica il secondo ciclo elementare e i corsi di avviamento industriale (falegnameria, meccanica, tipografia): lo sforzo maggiore \u00e8 rivolto alle diverse attivit\u00e0 scolastiche e all\u2019ingresso dei giovani nel mondo del lavoro. L\u2019impegno verso la scuola diviene pi\u00f9 attento e sistematico. Un ruolo importante hanno i maestri di falegnameria, Ruggero Batteon prima e Arturo Guenzi poi (quest\u2019ultimo un abile operaio specializzato, licenziato dalla SIAI-Marchetti per rappresaglia politica) e i maestri di meccanica Aldo Dusi e Tristano Ricc\u00f2 Panciroli (detto Gianni), perito meccanico giunto da Reggio Emilia, che assume la direzione del Villaggio dopo la scomparsa di Sergio Rossi. Orlando Mazzola \u00e8 per diversi anni l\u2019economo del Villaggio. <a href=\"https:\/\/sergio-rossi.ch\/wp-content\/uploads\/2025\/03\/Ortlando-mazzola.png\" target=\"_blank\" rel=\"noopener\">Mazzola<\/a> deceduto nel 2008 viene ricordato dalla rivista della societ\u00e0 di cremazione di Varese Il Nibbio.<\/p><p>Tra le persone esterne che manifestarono grande disponibilit\u00e0 verso il Villaggio, vi \u00e8 in particolare il prof. Luigi Ambrosoli, allora preside della Scuola tecnica industriale statale \u201cA. Righi\u201d di Varese (con annessa la Scuola di Avviamento industriale), che insieme con un gruppo di insegnanti offre il proprio sostegno.<br \/>Alcuni collaboratori del Villaggio hanno poi ricoperto, negli anni successivi, incarichi di prestigio: il giornalista Sauro Borelli, apprezzato critico cinematografico, Gianni Ricc\u00f2 Panciroli, consigliere delegato del Consorzio cooperative produzione e lavoro di Reggio Emilia; Romano Punginelli, assessore alla regione Emilia Romagna, Tommaso Petrillo, direttore didattico ad Arcisate, Leandro Papi e Antonio Masi. Altri qualificati educatori sono stati i francesi Guy e Michelle Beaucoudray, gli emiliani Paola e Clemo Brunetti, Vittorio Trentin di Carpi, Giovanni Ballarini di Bagnocavallo, Angelo Castiglioni di Trapani, Gilda Fanfani di Firenze, Quarto Zoffoli di Ravenna, ed altri.<\/p><p>Al Villaggio s\u2019impara la storia dell\u2019antifascismo dalla voce di Teresa Noce, dirigente sindacale, si ripercorrono le lotte degli operai insieme a loro, si studia la guerra di Liberazione con i partigiani: gli insegnanti sono uomini di cultura, di scienza, artigiani e contadini. In visita alla Rasa si reca anche il segretario generale della CGIL, Giuseppe di Vittorio. S\u2019intrattiene con i ragazzi il comandante partigiano Fulvio De Salvo, che descrive ai ragazzi come i partigiani dell\u2019Ossola avessero impedito ai tedeschi di distruggere la galleria del Sempione.<\/p>\t\t\t\t\t\t\t\t<\/div>\n\t\t\t\t<\/div>\n\t\t\t\t\t<\/div>\n\t\t<\/div>\n\t\t\t\t\t<\/div>\n\t\t<\/section>\n\t\t<div class=\"elementor-element elementor-element-29633d6 e-flex e-con-boxed e-con e-parent\" data-id=\"29633d6\" data-element_type=\"container\" data-e-type=\"container\" data-settings=\"{&quot;background_background&quot;:&quot;classic&quot;}\">\n\t\t\t\t\t<div class=\"e-con-inner\">\n\t\t\t\t<div class=\"elementor-element elementor-element-6787ee6 elementor-widget elementor-widget-image\" data-id=\"6787ee6\" data-element_type=\"widget\" data-e-type=\"widget\" data-widget_type=\"image.default\">\n\t\t\t\t<div class=\"elementor-widget-container\">\n\t\t\t\t\t\t\t\t\t\t\t\t<figure class=\"wp-caption\">\n\t\t\t\t\t\t\t\t\t\t<img loading=\"lazy\" decoding=\"async\" width=\"500\" height=\"342\" src=\"https:\/\/sergio-rossi.ch\/wp-content\/uploads\/2025\/03\/Sergio-e-Rosina.jpg\" class=\"attachment-large size-large wp-image-38\" alt=\"\" srcset=\"https:\/\/sergio-rossi.ch\/wp-content\/uploads\/2025\/03\/Sergio-e-Rosina.jpg 500w, https:\/\/sergio-rossi.ch\/wp-content\/uploads\/2025\/03\/Sergio-e-Rosina-300x205.jpg 300w\" sizes=\"(max-width: 500px) 100vw, 500px\" \/>\t\t\t\t\t\t\t\t\t\t\t<figcaption class=\"widget-image-caption wp-caption-text\">Sergio e Rosina al Villaggio<\/figcaption>\n\t\t\t\t\t\t\t\t\t\t<\/figure>\n\t\t\t\t\t\t\t\t\t<\/div>\n\t\t\t\t<\/div>\n\t\t\t\t\t<\/div>\n\t\t\t\t<\/div>\n\t\t\t\t<section class=\"elementor-section elementor-top-section elementor-element elementor-element-ffc84cc elementor-section-boxed elementor-section-height-default elementor-section-height-default\" data-id=\"ffc84cc\" data-element_type=\"section\" data-e-type=\"section\" data-settings=\"{&quot;background_background&quot;:&quot;classic&quot;}\">\n\t\t\t\t\t\t<div class=\"elementor-container elementor-column-gap-default\">\n\t\t\t\t\t<div class=\"elementor-column elementor-col-100 elementor-top-column elementor-element elementor-element-12c8989\" data-id=\"12c8989\" data-element_type=\"column\" data-e-type=\"column\">\n\t\t\t<div class=\"elementor-widget-wrap elementor-element-populated\">\n\t\t\t\t\t\t<div class=\"elementor-element elementor-element-aef1241 elementor-widget elementor-widget-text-editor\" data-id=\"aef1241\" data-element_type=\"widget\" data-e-type=\"widget\" data-widget_type=\"text-editor.default\">\n\t\t\t\t<div class=\"elementor-widget-container\">\n\t\t\t\t\t\t\t\t\t<p>Preziose occasioni di crescita e apprendimento sono le gite culturali. Gruppi di ragazzi, invitate da varie organizzazioni di lavoratori o di ex partigiani, hanno la possibilit\u00e0 di visitare alcune localit\u00e0 italiane. Pi\u00f9 volte vengono organizzati viaggi a Campegine (in provincia di Reggio Emilia) per incontrare Alcide Cervi e ascoltare a viva voce la storia dei suoi sette figli. Inoltre i giovani cittadini hanno modo di assistere ad alcuni spettacoli in prestigiosi teatri milanesi, ad esempio al Piccolo Teatro (i cui biglietti sono offerti dal sindacato dei tramvieri); piccoli gruppi hanno perfino la possibilit\u00e0 di ammirare gli spettacoli alla Scala di Milano, grazie ai posti messi a disposizione dai coristi del teatro stesso.<\/p><p>Gli scambi sono aperti e continui anche con altre istituzioni laiche italiane e con movimenti progressisti esteri: fra gli altri con la <em>F\u00e9d\u00e9ration internationale des communaut\u00e9es d\u2019enfants<\/em> (FICE), organismo dell\u2019UNESCO, di cui il Villaggio \u00e8 membro fin dalla sua nascita. Il Villaggio \u201cCagnola\u201d mantiene collaborazioni regolari con altri istituti pedagogicamente innovativi, come il CEIS (Centro educativo italo-svizzero) di Rimini, creato e diretto da Margherita Zoebeli, e l\u2019Istituto \u201dCarlo Pedroni\u201d di Cresseglio, diretto da Adelina Guadagnucci, la Scuola citt\u00e0 \u201cPestalozzi\u201d di Firenze, fondata e diretta dal prof. Ernesto Codignola: istituti aperti anch\u2019essi con intenti laici e, soprattutto il primo, con aiuti svizzeri.<\/p>\t\t\t\t\t\t\t\t<\/div>\n\t\t\t\t<\/div>\n\t\t\t\t\t<\/div>\n\t\t<\/div>\n\t\t\t\t\t<\/div>\n\t\t<\/section>\n\t\t\t\t<section class=\"elementor-section elementor-top-section elementor-element elementor-element-5389fc7 elementor-section-boxed elementor-section-height-default elementor-section-height-default\" data-id=\"5389fc7\" data-element_type=\"section\" data-e-type=\"section\" data-settings=\"{&quot;background_background&quot;:&quot;classic&quot;}\">\n\t\t\t\t\t\t<div class=\"elementor-container elementor-column-gap-default\">\n\t\t\t\t\t<div class=\"elementor-column elementor-col-100 elementor-top-column elementor-element elementor-element-36fc39f\" data-id=\"36fc39f\" data-element_type=\"column\" data-e-type=\"column\">\n\t\t\t<div class=\"elementor-widget-wrap elementor-element-populated\">\n\t\t\t\t\t\t<div class=\"elementor-element elementor-element-a6eaed5 elementor-widget elementor-widget-text-editor\" data-id=\"a6eaed5\" data-element_type=\"widget\" data-e-type=\"widget\" data-widget_type=\"text-editor.default\">\n\t\t\t\t<div class=\"elementor-widget-container\">\n\t\t\t\t\t\t\t\t\t<p><strong>Conferenze e interventi di Sergio Rossi<\/strong><\/p><p>Tra i molti contributi di Sergio Rossi, insieme con pubblicazioni e interventi dedicati al Villaggio \u201cCagnola\u201d, ricordiamo:<\/p><p><strong>1955<\/strong><\/p><p>Discorso di Sergio Rossi in occasione del convegno organizzato dal Comune di Reggio Emilia su \u201cI valori della Resistenza\u201d.7 maggio 1955<\/p><p><strong>1955<\/strong><\/p><p>Relazione di Sergio Rossi al convegno \u201cSul rinnovamento della scuola italiana\u201d, presso l\u2019Istituto Gramsci di Roma. 14-15 maggio 1955<\/p><p><strong>1956<\/strong><\/p><p>Relazione di Sergio Rossi al Consiglio Nazionale dell\u2019Associazione Pionieri d\u2019Italia (API), Milano. 28-30 dicembre 1956<\/p><p><strong>1958<\/strong><\/p><p>Conferenza di Sergio Rossi dal titolo \u201cIsraele e i giovani\u201d, tenuta all\u2019Universit\u00e0 Popolare di Varese dopo il viaggio effettuato nel 1958.<\/p><p><strong>1959<\/strong><\/p><p>Relazione introduttiva di Sergio Rossi al dibattito presso il Villaggio \u201cSandro Cagnola\u201d, in occasione del decimo anniversario della fondazione dell\u2019istituto. 26-27 settembre 1959<\/p><p><strong>Personalit\u00e0, amici e collaboratori del Villaggio<\/strong><\/p><p>La collaborazione esterna \u00e8 molto importante per il Villaggio e allo stesso modo lo sono le visite, seppur occasionali, di alcuni amici artisti come Guttuso, grande sostenitore di Rossi, oltre ai pittori Treccani, Francese, Omiccioli, Morelli, Luisa Zanetti, Venturi, il vicedirettore del Piccolo Teatro di Milano, Virginio Puecher, Gianni e Cosetta Colla, noti burattinai, Otello Sarzi, anch\u2019egli burattinaio, e Rina Bonazzola, pianista, che organizzava anche il coro al Villaggio. Inoltre tra gli scrittori amici del \u201cSandro Cagnola\u201d vanno annoverati Giovanni Pirelli (curatore insieme a Piero Malvezzi di <em>Lettere di condannati a morte della Resistenza italiana<\/em>) e Gianni Rodari, direttore e poi collaboratore del settimanale per ragazzi \u201cPioniere\u201d, letto regolarmente dai giovani cittadini del Villaggio. Rodari si reca in visita pi\u00f9 volte alla Rasa, dona i suoi libri e s\u2019intrattiene con i ragazzi leggendo racconti e filastrocche.<\/p><p>Molti furono anche gli specialisti che collaborarono con il Villaggio e che instaurarono un forte legame con Rosina e Sergio Rossi: <a href=\"https:\/\/www.centrogobetti.it\/ada-prospero-marchesini-gobetti.html\" target=\"_blank\" rel=\"noopener\">Ada Marchesini Gobetti<\/a> (direttrice della rivista \u201cEducazione Democratica\u201d), Dina Bertoni Jovine (della rivista \u201cRiforma della Scuola\u201d), Mariolina Berrini (del Servizio medico psicologico, Milano), <a href=\"https:\/\/it.wikipedia.org\/wiki\/Marcella_Balconi\" target=\"_blank\" rel=\"noopener\">Marcella Balconi<\/a> (del Servizio medico psicologico, Novara), Lia e Momo Finzi Federici (del Convitto Rinascita \u201cFrancesco Biancotto\u201d, Venezia).<\/p><p>Mario Silvani, amico e collaboratore di Rossi, ricorda alcuni momenti passati con lui al Villaggio:<\/p><ul><li>\u201c\u2026 E mentre camminavamo per i viali del parco, egli con quell\u2019aria buona e un po\u2019 romantica da garibaldino, mi parlava di tante cose, della collettivit\u00e0, di molti dei piccoli ospiti, e, di tutti, conosceva perfettamente la condizione psicologica, ma soprattutto dei progetti, che entusiasmo e precisione della inventiva toglievano dall\u2019apparenza dei sogni per determinarli in una prospettiva concreta.\u201d<\/li><li>\u201c\u2026egli alla amicizia costringeva per la forza stessa di quella fede nell\u2019immenso potere della solidariet\u00e0 che aveva spinto lui, artista, pittore, a dedicarsi al difficilissimo compito di far diventare adulti e pronti alla pi\u00f9 grande collettivit\u00e0 sociale dei ragazzi difficili, per i quali la vita era sembrata nemica dei bambini. Rossi conosceva i pedagogisti vecchi e nuovi, era al corrente delle dottrine pi\u00f9 moderne, ma quando esponeva le sue idee, non citava mai nessuno. Il nuovo, tutto ci\u00f2 che teneva vivo l\u2019interesse del Villaggio, che alimentava una attesa gioiosa e vibrante, lo ricercava nell\u2019immenso potenziale creativo che era nei suoi stessi ragazzi; perci\u00f2 tutto quanto asseriva lo si collegava senza artificio, idealmente ai grandi movimenti del mondo moderno, alle lotte per la liberazione del nostro paese, alle lotte per la democrazia e per il lavoro.\u201d<\/li><li>\u201c\u2026i suoi ragazzi, alla Rasa, dipingevano come noi mai abbiamo visto fare altrove e certe annotazioni nei colori, nel segno, indicavano per mezzo di manifestazioni espressive che la liberazione della personalit\u00e0 era avvenuta e che la stessa personalit\u00e0 andava perfezionandosi nella autonomia della ricerca, sollecitata dal fervore del lavoro fatto insieme agli altri.\u201d<\/li><li>\u201cRossi non aveva tempo per la sosta. Ad una idea, seguiva un\u2019altra idea, ad una invenzione, seguiva un\u2019altra invenzione, era l\u2019educatore artista, che sa che niente nella creazione \u00e8 definitivo.&#8221;<\/li><\/ul><p>Parlando dei suoi quadri scriveva:<\/p><ul><li>\u201cSono cosciente degli elementi contrastanti contenuti ancora nel mio lavoro. So che ancora dovr\u00f2 molto faticare, ma ho fiducia nella mia volont\u00e0. Speriamo che la salute non mi manchi\u2026\u201d. (Avrebbe potuto scrivere le stesse parole per la sua attivit\u00e0 di direttore del Villaggio.)<\/li><\/ul><ul><li>\u201cUn giorno per\u00f2 seppi che con ardore positivo era ritornato a dipingere perch\u00e9 voleva con questo mezzo cominciare a far conoscere a un numero pi\u00f9 vasto di persone quelle verit\u00e0 di cui si era alla fine impossessato, nella esperienza ormai lunga alla Rasa e capii che il racconto di una meravigliosa avventura pedagogica, quella del direttore del Villaggio Sandro Cagnola, si sarebbe aggiunta ad altre famose; del resto ne avevamo gi\u00e0 parlato e in maniera precisa. La morte lo port\u00f2 via, prima di tante speranze.\u201d<\/li><\/ul><p>(Mario Silvani, <em>Con Sergio Rossi alla scuola della Rasa<\/em>, in \u201cl&#8217;Unit\u00e0\u201d, 27 mar. 1962)<\/p><p><a href=\"https:\/\/www.rinascitalivi.it\/\" target=\"_blank\" rel=\"noopener\">Sito della Scuola nata dai Convitti Rinascita<\/a><\/p><p><a href=\"https:\/\/www.ceisrimini.it\" target=\"_blank\" rel=\"noopener\">Sito del Centro educativo italo-svizzero di Rimini<\/a><\/p><p><a href=\"https:\/\/it.wikipedia.org\/wiki\/Marcella_Balconi\" target=\"_blank\" rel=\"noopener\">Pagina di Wikipedia dedicato a Marcella Balconi, psichiatra infantile, collaboratrice e amica del Villaggio.<\/a><\/p><p><a href=\"https:\/\/css-romande.ch\" target=\"_blank\" rel=\"noopener\">Sito della Centrale sanitaria svizzera<\/a><\/p><p><a href=\"https:\/\/www.teatrocolla.org\/\" target=\"_blank\" rel=\"noopener\">Sito del teatro di Gianni e Cosetta Colla<\/a><\/p>\t\t\t\t\t\t\t\t<\/div>\n\t\t\t\t<\/div>\n\t\t\t\t\t<\/div>\n\t\t<\/div>\n\t\t\t\t\t<\/div>\n\t\t<\/section>\n\t\t\t\t<\/div>\n\t\t","protected":false},"excerpt":{"rendered":"<p>Educatore, direttore del Villaggio \u201cSandro Cagnola\u201d Dal 1952 al 1961 Sergio Rossi dirige con la moglie Rosina il Villaggio scuola Sandro Cagnola alla Rasa di Varese. Cartolina rappresentante la veduta del Villaggio La storia del Villaggio ha inizio nel 1947 quando, per iniziativa del vicesindaco comunista di Milano, Piero Montagnani, il Comitato milanese per l\u2019Infanzia [&hellip;]<\/p>\n","protected":false},"author":1,"featured_media":0,"parent":0,"menu_order":0,"comment_status":"closed","ping_status":"closed","template":"","meta":{"ngg_post_thumbnail":0,"ocean_front_end_style_editor":"no","ocean_post_layout":"full-screen","ocean_both_sidebars_style":"","ocean_both_sidebars_content_width":0,"ocean_both_sidebars_sidebars_width":0,"ocean_sidebar":"","ocean_second_sidebar":"","ocean_disable_margins":"enable","ocean_add_body_class":"","ocean_shortcode_before_top_bar":"","ocean_shortcode_after_top_bar":"","ocean_shortcode_before_header":"","ocean_shortcode_after_header":"","ocean_has_shortcode":"","ocean_shortcode_after_title":"","ocean_shortcode_before_footer_widgets":"","ocean_shortcode_after_footer_widgets":"","ocean_shortcode_before_footer_bottom":"","ocean_shortcode_after_footer_bottom":"","ocean_display_top_bar":"off","ocean_display_header":"default","ocean_header_style":"","ocean_center_header_left_menu":"","ocean_custom_header_template":"","ocean_custom_logo":0,"ocean_custom_retina_logo":0,"ocean_custom_logo_max_width":0,"ocean_custom_logo_tablet_max_width":0,"ocean_custom_logo_mobile_max_width":0,"ocean_custom_logo_max_height":0,"ocean_custom_logo_tablet_max_height":0,"ocean_custom_logo_mobile_max_height":0,"ocean_header_custom_menu":"","ocean_menu_typo_font_family":"","ocean_menu_typo_font_subset":"","ocean_menu_typo_font_size":0,"ocean_menu_typo_font_size_tablet":0,"ocean_menu_typo_font_size_mobile":0,"ocean_menu_typo_font_size_unit":"px","ocean_menu_typo_font_weight":"","ocean_menu_typo_font_weight_tablet":"","ocean_menu_typo_font_weight_mobile":"","ocean_menu_typo_transform":"","ocean_menu_typo_transform_tablet":"","ocean_menu_typo_transform_mobile":"","ocean_menu_typo_line_height":0,"ocean_menu_typo_line_height_tablet":0,"ocean_menu_typo_line_height_mobile":0,"ocean_menu_typo_line_height_unit":"","ocean_menu_typo_spacing":0,"ocean_menu_typo_spacing_tablet":0,"ocean_menu_typo_spacing_mobile":0,"ocean_menu_typo_spacing_unit":"","ocean_menu_link_color":"","ocean_menu_link_color_hover":"","ocean_menu_link_color_active":"","ocean_menu_link_background":"","ocean_menu_link_hover_background":"","ocean_menu_link_active_background":"","ocean_menu_social_links_bg":"","ocean_menu_social_hover_links_bg":"","ocean_menu_social_links_color":"","ocean_menu_social_hover_links_color":"","ocean_disable_title":"on","ocean_disable_heading":"default","ocean_post_title":"","ocean_post_subheading":"","ocean_post_title_style":"","ocean_post_title_background_color":"","ocean_post_title_background":0,"ocean_post_title_bg_image_position":"","ocean_post_title_bg_image_attachment":"","ocean_post_title_bg_image_repeat":"","ocean_post_title_bg_image_size":"","ocean_post_title_height":0,"ocean_post_title_bg_overlay":0.5,"ocean_post_title_bg_overlay_color":"","ocean_disable_breadcrumbs":"default","ocean_breadcrumbs_color":"","ocean_breadcrumbs_separator_color":"","ocean_breadcrumbs_links_color":"","ocean_breadcrumbs_links_hover_color":"","ocean_display_footer_widgets":"off","ocean_display_footer_bottom":"off","ocean_custom_footer_template":"","footnotes":""},"class_list":["post-279","page","type-page","status-publish","hentry","entry"],"_links":{"self":[{"href":"https:\/\/sergio-rossi.ch\/index.php?rest_route=\/wp\/v2\/pages\/279","targetHints":{"allow":["GET"]}}],"collection":[{"href":"https:\/\/sergio-rossi.ch\/index.php?rest_route=\/wp\/v2\/pages"}],"about":[{"href":"https:\/\/sergio-rossi.ch\/index.php?rest_route=\/wp\/v2\/types\/page"}],"author":[{"embeddable":true,"href":"https:\/\/sergio-rossi.ch\/index.php?rest_route=\/wp\/v2\/users\/1"}],"replies":[{"embeddable":true,"href":"https:\/\/sergio-rossi.ch\/index.php?rest_route=%2Fwp%2Fv2%2Fcomments&post=279"}],"version-history":[{"count":133,"href":"https:\/\/sergio-rossi.ch\/index.php?rest_route=\/wp\/v2\/pages\/279\/revisions"}],"predecessor-version":[{"id":1147,"href":"https:\/\/sergio-rossi.ch\/index.php?rest_route=\/wp\/v2\/pages\/279\/revisions\/1147"}],"wp:attachment":[{"href":"https:\/\/sergio-rossi.ch\/index.php?rest_route=%2Fwp%2Fv2%2Fmedia&parent=279"}],"curies":[{"name":"wp","href":"https:\/\/api.w.org\/{rel}","templated":true}]}}