{"id":185,"date":"2025-03-15T15:29:42","date_gmt":"2025-03-15T15:29:42","guid":{"rendered":"https:\/\/sergio-rossi.ch\/?page_id=185"},"modified":"2026-07-30T12:28:06","modified_gmt":"2026-07-30T12:28:06","slug":"biografia","status":"publish","type":"page","link":"https:\/\/sergio-rossi.ch\/?page_id=185","title":{"rendered":"Biografia"},"content":{"rendered":"\t\t<div data-elementor-type=\"wp-page\" data-elementor-id=\"185\" class=\"elementor elementor-185\">\n\t\t\t\t\t\t<section class=\"elementor-section elementor-top-section elementor-element elementor-element-n6es3c1 elementor-section-boxed elementor-section-height-default elementor-section-height-default\" data-id=\"n6es3c1\" data-element_type=\"section\" data-e-type=\"section\" data-settings=\"{&quot;background_background&quot;:&quot;classic&quot;}\">\n\t\t\t\t\t\t<div class=\"elementor-container elementor-column-gap-default\">\n\t\t\t\t\t<div class=\"elementor-column elementor-col-100 elementor-top-column elementor-element elementor-element-2691c60\" data-id=\"2691c60\" data-element_type=\"column\" data-e-type=\"column\">\n\t\t\t<div class=\"elementor-widget-wrap elementor-element-populated\">\n\t\t\t\t\t\t<div class=\"elementor-element elementor-element-099a04b elementor-widget elementor-widget-heading\" data-id=\"099a04b\" data-element_type=\"widget\" data-e-type=\"widget\" data-widget_type=\"heading.default\">\n\t\t\t\t<div class=\"elementor-widget-container\">\n\t\t\t\t\t<h2 class=\"elementor-heading-title elementor-size-default\">Cenni Biografici<\/h2>\t\t\t\t<\/div>\n\t\t\t\t<\/div>\n\t\t\t\t<div class=\"elementor-element elementor-element-ef51198 elementor-widget elementor-widget-text-editor\" data-id=\"ef51198\" data-element_type=\"widget\" data-e-type=\"widget\" data-widget_type=\"text-editor.default\">\n\t\t\t\t<div class=\"elementor-widget-container\">\n\t\t\t\t\t\t\t\t\t<p>Sergio Rossi nasce a Mantova il 5 dicembre 1921 da Giuseppina Reofiglia Cremaschi (di Quingentole MN) e Napoleone Biagio Rossi (di Borgoforte MN), commerciante. Tre anni pi\u00f9 tardi nasce la sorella Aldina, che diverr\u00e0 pianista e concertista.<\/p>\t\t\t\t\t\t\t\t<\/div>\n\t\t\t\t<\/div>\n\t\t\t\t\t<\/div>\n\t\t<\/div>\n\t\t\t\t\t<\/div>\n\t\t<\/section>\n\t\t<div class=\"elementor-element elementor-element-b994033 e-grid e-con-boxed e-con e-parent\" data-id=\"b994033\" data-element_type=\"container\" data-e-type=\"container\" data-settings=\"{&quot;background_background&quot;:&quot;classic&quot;}\">\n\t\t\t\t\t<div class=\"e-con-inner\">\n\t\t\t\t<div class=\"elementor-element elementor-element-8e62362 elementor-widget elementor-widget-image\" data-id=\"8e62362\" data-element_type=\"widget\" data-e-type=\"widget\" data-widget_type=\"image.default\">\n\t\t\t\t<div class=\"elementor-widget-container\">\n\t\t\t\t\t\t\t\t\t\t\t\t<figure class=\"wp-caption\">\n\t\t\t\t\t\t\t\t\t\t<img fetchpriority=\"high\" decoding=\"async\" width=\"374\" height=\"500\" src=\"https:\/\/sergio-rossi.ch\/wp-content\/uploads\/2025\/03\/madre.jpg\" class=\"attachment-large size-large wp-image-107\" alt=\"\" srcset=\"https:\/\/sergio-rossi.ch\/wp-content\/uploads\/2025\/03\/madre.jpg 374w, https:\/\/sergio-rossi.ch\/wp-content\/uploads\/2025\/03\/madre-224x300.jpg 224w\" sizes=\"(max-width: 374px) 100vw, 374px\" \/>\t\t\t\t\t\t\t\t\t\t\t<figcaption class=\"widget-image-caption wp-caption-text\">Madre, Giuseppina Reofiglia Cremaschi<\/figcaption>\n\t\t\t\t\t\t\t\t\t\t<\/figure>\n\t\t\t\t\t\t\t\t\t<\/div>\n\t\t\t\t<\/div>\n\t\t\t\t<div class=\"elementor-element elementor-element-3ff1713 elementor-widget elementor-widget-image\" data-id=\"3ff1713\" data-element_type=\"widget\" data-e-type=\"widget\" data-widget_type=\"image.default\">\n\t\t\t\t<div class=\"elementor-widget-container\">\n\t\t\t\t\t\t\t\t\t\t\t\t<figure class=\"wp-caption\">\n\t\t\t\t\t\t\t\t\t\t<img decoding=\"async\" width=\"379\" height=\"500\" src=\"https:\/\/sergio-rossi.ch\/wp-content\/uploads\/2025\/03\/padre.jpg\" class=\"attachment-large size-large wp-image-106\" alt=\"\" srcset=\"https:\/\/sergio-rossi.ch\/wp-content\/uploads\/2025\/03\/padre.jpg 379w, https:\/\/sergio-rossi.ch\/wp-content\/uploads\/2025\/03\/padre-227x300.jpg 227w\" sizes=\"(max-width: 379px) 100vw, 379px\" \/>\t\t\t\t\t\t\t\t\t\t\t<figcaption class=\"widget-image-caption wp-caption-text\">Padre, Napoleone Biagio Rossi<\/figcaption>\n\t\t\t\t\t\t\t\t\t\t<\/figure>\n\t\t\t\t\t\t\t\t\t<\/div>\n\t\t\t\t<\/div>\n\t\t\t\t<div class=\"elementor-element elementor-element-f38965e elementor-widget elementor-widget-image\" data-id=\"f38965e\" data-element_type=\"widget\" data-e-type=\"widget\" data-widget_type=\"image.default\">\n\t\t\t\t<div class=\"elementor-widget-container\">\n\t\t\t\t\t\t\t\t\t\t\t\t<figure class=\"wp-caption\">\n\t\t\t\t\t\t\t\t\t\t<img decoding=\"async\" width=\"335\" height=\"500\" src=\"https:\/\/sergio-rossi.ch\/wp-content\/uploads\/2025\/03\/sorella.jpg\" class=\"attachment-large size-large wp-image-105\" alt=\"\" srcset=\"https:\/\/sergio-rossi.ch\/wp-content\/uploads\/2025\/03\/sorella.jpg 335w, https:\/\/sergio-rossi.ch\/wp-content\/uploads\/2025\/03\/sorella-201x300.jpg 201w\" sizes=\"(max-width: 335px) 100vw, 335px\" \/>\t\t\t\t\t\t\t\t\t\t\t<figcaption class=\"widget-image-caption wp-caption-text\">Sorella, Aldina Rossi<\/figcaption>\n\t\t\t\t\t\t\t\t\t\t<\/figure>\n\t\t\t\t\t\t\t\t\t<\/div>\n\t\t\t\t<\/div>\n\t\t\t\t\t<\/div>\n\t\t\t\t<\/div>\n\t\t\t\t<section class=\"elementor-section elementor-top-section elementor-element elementor-element-9626774 elementor-section-boxed elementor-section-height-default elementor-section-height-default\" data-id=\"9626774\" data-element_type=\"section\" data-e-type=\"section\" data-settings=\"{&quot;background_background&quot;:&quot;classic&quot;}\">\n\t\t\t\t\t\t<div class=\"elementor-container elementor-column-gap-default\">\n\t\t\t\t\t<div class=\"elementor-column elementor-col-100 elementor-top-column elementor-element elementor-element-aae4c40\" data-id=\"aae4c40\" data-element_type=\"column\" data-e-type=\"column\">\n\t\t\t<div class=\"elementor-widget-wrap elementor-element-populated\">\n\t\t\t\t\t\t<div class=\"elementor-element elementor-element-3478d21 elementor-widget elementor-widget-text-editor\" data-id=\"3478d21\" data-element_type=\"widget\" data-e-type=\"widget\" data-widget_type=\"text-editor.default\">\n\t\t\t\t<div class=\"elementor-widget-container\">\n\t\t\t\t\t\t\t\t\t<p>Anche Sergio, nella tradizione delle famiglie borghesi di quegli anni, segue lezioni di violino e pianoforte. In seguito suoner\u00e0 anche la chitarra e la fisarmonica; questi ultimi si riveleranno utili soprattutto a scopo didattico nel periodo di educatore al Villaggio Sandro Cagnola.<\/p><p>Dopo aver ottenuto il diploma di maestro di scuola elementare, Sergio Rossi insegna per un anno e nel 1942, richiamato nell\u2019esercito, partecipa alla guerra.<\/p>\t\t\t\t\t\t\t\t<\/div>\n\t\t\t\t<\/div>\n\t\t\t\t\t<\/div>\n\t\t<\/div>\n\t\t\t\t\t<\/div>\n\t\t<\/section>\n\t\t\t\t<section class=\"elementor-section elementor-top-section elementor-element elementor-element-4c32195 elementor-section-boxed elementor-section-height-default elementor-section-height-default\" data-id=\"4c32195\" data-element_type=\"section\" data-e-type=\"section\" data-settings=\"{&quot;background_background&quot;:&quot;classic&quot;}\">\n\t\t\t\t\t\t<div class=\"elementor-container elementor-column-gap-default\">\n\t\t\t\t\t<div class=\"elementor-column elementor-col-100 elementor-top-column elementor-element elementor-element-a1c4161\" data-id=\"a1c4161\" data-element_type=\"column\" data-e-type=\"column\">\n\t\t\t<div class=\"elementor-widget-wrap elementor-element-populated\">\n\t\t\t\t\t\t<div class=\"elementor-element elementor-element-0457a20 elementor-widget elementor-widget-heading\" data-id=\"0457a20\" data-element_type=\"widget\" data-e-type=\"widget\" data-widget_type=\"heading.default\">\n\t\t\t\t<div class=\"elementor-widget-container\">\n\t\t\t\t\t<h2 class=\"elementor-heading-title elementor-size-default\"><a href=\"https:\/\/sergio-rossi.ch\/?page_id=282\" target=\"_blank\">Partigiano<\/a><\/h2>\t\t\t\t<\/div>\n\t\t\t\t<\/div>\n\t\t\t\t<div class=\"elementor-element elementor-element-6d0dedb elementor-widget elementor-widget-text-editor\" data-id=\"6d0dedb\" data-element_type=\"widget\" data-e-type=\"widget\" data-widget_type=\"text-editor.default\">\n\t\t\t\t<div class=\"elementor-widget-container\">\n\t\t\t\t\t\t\t\t\t<p>Inviato in Jugoslavia dal 1942 al 1943, matura posizioni fortemente critiche sulla guerra voluta dal regime fascista e, dopo l\u2019armistizio dell\u20198 settembre 1943, prende la decisione di rientrare in Italia: raggiunge quindi i genitori, sfollati a Cavallirio in Valsesia. Nel marzo del 1944 si arruola nelle formazioni partigiane unendosi alle Brigate \u201cGaribaldi\u201d della Valsesia, comandate da Cino Moscatelli. La scelta di partecipazione alla Resistenza segna la rottura dei rapporti fra Sergio e la sua famiglia di origine, di ben altro orientamento. Dal settembre 1944 Sergio \u00e8 commissario politico di battaglione. L\u2019esperienza della lotta partigiana costituisce un momento fondamentale per la formazione non solo politica di Sergio Rossi, ma anche pedagogica e educativa, che gli consente di maturare idee e metodi applicati poi negli anni successivi. In veste di commissario politico svolge un lavoro formativo nei confronti di altri giovani partigiani, consapevole dell\u2019importanza della cultura per la costruzione di un\u2019Italia rinnovata.<\/p><p>Nel 1946 entra al convitto scuola Rinascita di Milano e frequenta l&#8217;Accademia di Belle Arti di Brera. Al Convitto Rinascita conosce <a href=\"https:\/\/sergio-rossi.ch\/?page_id=285\">Rosina Lama<\/a>. Si sposa nel 1951 e con lei avr\u00e0 quattro figli: Sonia, Marco, Luca e Giorgio.<\/p>\t\t\t\t\t\t\t\t<\/div>\n\t\t\t\t<\/div>\n\t\t\t\t\t<\/div>\n\t\t<\/div>\n\t\t\t\t\t<\/div>\n\t\t<\/section>\n\t\t\t\t<section class=\"elementor-section elementor-top-section elementor-element elementor-element-4b848b5 elementor-section-boxed elementor-section-height-default elementor-section-height-default\" data-id=\"4b848b5\" data-element_type=\"section\" data-e-type=\"section\" data-settings=\"{&quot;background_background&quot;:&quot;classic&quot;}\">\n\t\t\t\t\t\t<div class=\"elementor-container elementor-column-gap-default\">\n\t\t\t\t\t<div class=\"elementor-column elementor-col-100 elementor-top-column elementor-element elementor-element-56bcf51\" data-id=\"56bcf51\" data-element_type=\"column\" data-e-type=\"column\">\n\t\t\t<div class=\"elementor-widget-wrap elementor-element-populated\">\n\t\t\t\t\t\t<div class=\"elementor-element elementor-element-860e83a elementor-widget elementor-widget-heading\" data-id=\"860e83a\" data-element_type=\"widget\" data-e-type=\"widget\" data-widget_type=\"heading.default\">\n\t\t\t\t<div class=\"elementor-widget-container\">\n\t\t\t\t\t<h2 class=\"elementor-heading-title elementor-size-default\"><a href=\"https:\/\/sergio-rossi.ch\/?page_id=273\" target=\"_blank\">Grafico<\/a><\/h2>\t\t\t\t<\/div>\n\t\t\t\t<\/div>\n\t\t\t\t<div class=\"elementor-element elementor-element-21051fe elementor-widget elementor-widget-text-editor\" data-id=\"21051fe\" data-element_type=\"widget\" data-e-type=\"widget\" data-widget_type=\"text-editor.default\">\n\t\t\t\t<div class=\"elementor-widget-container\">\n\t\t\t\t\t\t\t\t\t<p>Nel 1947 \u00e8 tra i promotori presso il Convitto scuola Rinascita \u201cGiaime Pintor&#8221; di Roma, della scuola di grafica e pubblicit\u00e0 diretta dallo svizzero Ugo Bl\u00e4tter.<br \/>Quando nel 1948 il convitto viene chiuso per i tagli delle sovvenzioni da parte del governo italiano, Rossi torna a Milano e costituisce, con alcuni allievi di Roma all&#8217;interno del Convitto Rinascita, un corso di grafici e pubblicitari: tra gli insegnanti si ricordano Luigi Veronesi, Remo Muratori, Claudio Conte, Gabriele Mucchi, gli svizzeri Albe Steiner e Max Huber.<\/p><p>Nel 1948-52 la scuola diventa una cooperativa che si occuper\u00e0, oltre che di grafica, dell&#8217;allestimento della Triennale e di stand alla Fiera di Milano. Rossi disegna manifesti per la CGIL, per il movimento dei \u201cPartigiani della Pace\u201d, per altre associazioni culturali e per ditte private.<\/p><p>In seguito porter\u00e0 la sua esperienza di pittore e di grafico al Villaggio della Rasa, realizzando con i ragazzi il giornale \u201cVerso la vita\u201d e varie produzioni grafiche molto apprezzate.<\/p>\t\t\t\t\t\t\t\t<\/div>\n\t\t\t\t<\/div>\n\t\t\t\t\t<\/div>\n\t\t<\/div>\n\t\t\t\t\t<\/div>\n\t\t<\/section>\n\t\t\t\t<section class=\"elementor-section elementor-top-section elementor-element elementor-element-8cd680f elementor-section-boxed elementor-section-height-default elementor-section-height-default\" data-id=\"8cd680f\" data-element_type=\"section\" data-e-type=\"section\" data-settings=\"{&quot;background_background&quot;:&quot;classic&quot;}\">\n\t\t\t\t\t\t<div class=\"elementor-container elementor-column-gap-default\">\n\t\t\t\t\t<div class=\"elementor-column elementor-col-100 elementor-top-column elementor-element elementor-element-dbeb05e\" data-id=\"dbeb05e\" data-element_type=\"column\" data-e-type=\"column\">\n\t\t\t<div class=\"elementor-widget-wrap elementor-element-populated\">\n\t\t\t\t\t\t<div class=\"elementor-element elementor-element-cbf156c elementor-widget elementor-widget-heading\" data-id=\"cbf156c\" data-element_type=\"widget\" data-e-type=\"widget\" data-widget_type=\"heading.default\">\n\t\t\t\t<div class=\"elementor-widget-container\">\n\t\t\t\t\t<h2 class=\"elementor-heading-title elementor-size-default\"><a href=\"https:\/\/sergio-rossi.ch\/?page_id=276\">Pittore<\/a><\/h2>\t\t\t\t<\/div>\n\t\t\t\t<\/div>\n\t\t\t\t<div class=\"elementor-element elementor-element-f3feb4a elementor-widget elementor-widget-text-editor\" data-id=\"f3feb4a\" data-element_type=\"widget\" data-e-type=\"widget\" data-widget_type=\"text-editor.default\">\n\t\t\t\t<div class=\"elementor-widget-container\">\n\t\t\t\t\t\t\t\t\t<p>Sergio Rossi rivela subito il suo talento per la pittura e l\u2019arte, che lo porta ad iscriversi all\u2019Accademia di Brera. Studia con il professor Aldo Carpi e si diploma nel 1947. Appena dopo il conflitto mondiale Rossi mostra un\u2019iniziale e chiara adesione alla corrente estetica allora diffusa negli ambienti della sinistra politica: il <em>realismo sociale<\/em>, per poi allontanarsene per penetrare maggiormente il vero significato di realismo e sviluppare una visione del mondo estremamente personale e libera da costrizioni di partito.<\/p><p>I soggetti dei suoi quadri sono spesso in relazione con le questioni sociali: il mondo dei lavoratori, la lotta del popolo, la pace. Il tema dei lavoratori \u00e8 una forte presenza nella sua produzione artistica di questo periodo: egli ne analizza a fondo le condizioni sino a trasformare gli attrezzi da lavoro in nature morte dense di significato.<\/p><p>Continua a coltivare l\u2019interesse per la pittura anche negli anni successivi. Il suo stile si modificher\u00e0 con gli anni. Tra la fine degli anni cinquanta e la met\u00e0 del 1961 (anno della sua morte) avviene un cambiamento stilistico nel suo lavoro: il segno \u00e8 pi\u00f9 fluido, la pennellata pi\u00f9 libera.<\/p>\t\t\t\t\t\t\t\t<\/div>\n\t\t\t\t<\/div>\n\t\t\t\t\t<\/div>\n\t\t<\/div>\n\t\t\t\t\t<\/div>\n\t\t<\/section>\n\t\t\t\t<section class=\"elementor-section elementor-top-section elementor-element elementor-element-9a0ba62 elementor-section-boxed elementor-section-height-default elementor-section-height-default\" data-id=\"9a0ba62\" data-element_type=\"section\" data-e-type=\"section\" data-settings=\"{&quot;background_background&quot;:&quot;classic&quot;}\">\n\t\t\t\t\t\t<div class=\"elementor-container elementor-column-gap-default\">\n\t\t\t\t\t<div class=\"elementor-column elementor-col-100 elementor-top-column elementor-element elementor-element-230ac91\" data-id=\"230ac91\" data-element_type=\"column\" data-e-type=\"column\">\n\t\t\t<div class=\"elementor-widget-wrap elementor-element-populated\">\n\t\t\t\t\t\t<div class=\"elementor-element elementor-element-9f5fcfe elementor-widget elementor-widget-heading\" data-id=\"9f5fcfe\" data-element_type=\"widget\" data-e-type=\"widget\" data-widget_type=\"heading.default\">\n\t\t\t\t<div class=\"elementor-widget-container\">\n\t\t\t\t\t<h2 class=\"elementor-heading-title elementor-size-default\"><a href=\"https:\/\/sergio-rossi.ch\/?page_id=279\">Educatore<\/a><\/h2>\t\t\t\t<\/div>\n\t\t\t\t<\/div>\n\t\t\t\t<div class=\"elementor-element elementor-element-f10b9e0 elementor-widget elementor-widget-text-editor\" data-id=\"f10b9e0\" data-element_type=\"widget\" data-e-type=\"widget\" data-widget_type=\"text-editor.default\">\n\t\t\t\t<div class=\"elementor-widget-container\">\n\t\t\t\t\t\t\t\t\t<p>Dal 1952 al 1961 dirige con la moglie il villaggio scuola Sandro Cagnola alla Rasa di Varese. Forti dell&#8217;esperienza vissuta nei convitti scuola della Rinascita, elaborano una ricerca educativa dove, accanto alle materie scolastiche, si d\u00e0 grande importanza alla creativit\u00e0 attraverso il disegno, la pittura, la musica, il teatro.<\/p><p>L\u2019attivit\u00e0 di direttore del Villaggio, dal 1952 al 1961, non permette a Sergio Rossi di dedicare molto tempo alla pittura. Esegue tuttavia molti disegni e veloci schizzi di tutto ci\u00f2 che lo circonda: la sua famiglia, i ragazzi, i lavoratori, la natura circostante. Continua, nonostante il poco tempo a disposizione, a dipingere con la tecnica della pittura a olio: quadri dai temi semplici, ma dai contenuti emotivamente forti e tecnicamente sempre pi\u00f9 consapevoli.<\/p><p>Il suo stato di salute, gi\u00e0 precario a causa di una malattia contratta probabilmente gi\u00e0 nel corso della guerra e della lotta partigiana, si aggrava. Nel 1960 e all\u2019inizio del 1961, \u00e8 costretto a trascorrere periodi di cura in vari istituti della Liguria, dove per\u00f2 continua la sua attivit\u00e0 di pittore.<\/p><p>Sergio Rossi muore a Varese il 3 giugno 1961.<\/p>\t\t\t\t\t\t\t\t<\/div>\n\t\t\t\t<\/div>\n\t\t\t\t\t<\/div>\n\t\t<\/div>\n\t\t\t\t\t<\/div>\n\t\t<\/section>\n\t\t\t\t<\/div>\n\t\t","protected":false},"excerpt":{"rendered":"<p>Cenni Biografici Sergio Rossi nasce a Mantova il 5 dicembre 1921 da Giuseppina Reofiglia Cremaschi (di Quingentole MN) e Napoleone Biagio Rossi (di Borgoforte MN), commerciante. Tre anni pi\u00f9 tardi nasce la sorella Aldina, che diverr\u00e0 pianista e concertista. Madre, Giuseppina Reofiglia Cremaschi Padre, Napoleone Biagio Rossi Sorella, Aldina Rossi Anche Sergio, nella tradizione delle [&hellip;]<\/p>\n","protected":false},"author":1,"featured_media":0,"parent":0,"menu_order":0,"comment_status":"closed","ping_status":"closed","template":"","meta":{"ngg_post_thumbnail":0,"ocean_front_end_style_editor":"no","ocean_post_layout":"full-screen","ocean_both_sidebars_style":"","ocean_both_sidebars_content_width":0,"ocean_both_sidebars_sidebars_width":0,"ocean_sidebar":"","ocean_second_sidebar":"","ocean_disable_margins":"enable","ocean_add_body_class":"","ocean_shortcode_before_top_bar":"","ocean_shortcode_after_top_bar":"","ocean_shortcode_before_header":"","ocean_shortcode_after_header":"","ocean_has_shortcode":"","ocean_shortcode_after_title":"","ocean_shortcode_before_footer_widgets":"","ocean_shortcode_after_footer_widgets":"","ocean_shortcode_before_footer_bottom":"","ocean_shortcode_after_footer_bottom":"","ocean_display_top_bar":"off","ocean_display_header":"default","ocean_header_style":"","ocean_center_header_left_menu":"","ocean_custom_header_template":"","ocean_custom_logo":0,"ocean_custom_retina_logo":0,"ocean_custom_logo_max_width":0,"ocean_custom_logo_tablet_max_width":0,"ocean_custom_logo_mobile_max_width":0,"ocean_custom_logo_max_height":0,"ocean_custom_logo_tablet_max_height":0,"ocean_custom_logo_mobile_max_height":0,"ocean_header_custom_menu":"","ocean_menu_typo_font_family":"","ocean_menu_typo_font_subset":"","ocean_menu_typo_font_size":0,"ocean_menu_typo_font_size_tablet":0,"ocean_menu_typo_font_size_mobile":0,"ocean_menu_typo_font_size_unit":"px","ocean_menu_typo_font_weight":"","ocean_menu_typo_font_weight_tablet":"","ocean_menu_typo_font_weight_mobile":"","ocean_menu_typo_transform":"","ocean_menu_typo_transform_tablet":"","ocean_menu_typo_transform_mobile":"","ocean_menu_typo_line_height":0,"ocean_menu_typo_line_height_tablet":0,"ocean_menu_typo_line_height_mobile":0,"ocean_menu_typo_line_height_unit":"","ocean_menu_typo_spacing":0,"ocean_menu_typo_spacing_tablet":0,"ocean_menu_typo_spacing_mobile":0,"ocean_menu_typo_spacing_unit":"","ocean_menu_link_color":"","ocean_menu_link_color_hover":"","ocean_menu_link_color_active":"","ocean_menu_link_background":"","ocean_menu_link_hover_background":"","ocean_menu_link_active_background":"","ocean_menu_social_links_bg":"","ocean_menu_social_hover_links_bg":"","ocean_menu_social_links_color":"","ocean_menu_social_hover_links_color":"","ocean_disable_title":"on","ocean_disable_heading":"default","ocean_post_title":"","ocean_post_subheading":"","ocean_post_title_style":"","ocean_post_title_background_color":"","ocean_post_title_background":0,"ocean_post_title_bg_image_position":"","ocean_post_title_bg_image_attachment":"","ocean_post_title_bg_image_repeat":"","ocean_post_title_bg_image_size":"","ocean_post_title_height":0,"ocean_post_title_bg_overlay":0.5,"ocean_post_title_bg_overlay_color":"","ocean_disable_breadcrumbs":"default","ocean_breadcrumbs_color":"","ocean_breadcrumbs_separator_color":"","ocean_breadcrumbs_links_color":"","ocean_breadcrumbs_links_hover_color":"","ocean_display_footer_widgets":"off","ocean_display_footer_bottom":"off","ocean_custom_footer_template":"","footnotes":""},"class_list":["post-185","page","type-page","status-publish","hentry","entry"],"_links":{"self":[{"href":"https:\/\/sergio-rossi.ch\/index.php?rest_route=\/wp\/v2\/pages\/185","targetHints":{"allow":["GET"]}}],"collection":[{"href":"https:\/\/sergio-rossi.ch\/index.php?rest_route=\/wp\/v2\/pages"}],"about":[{"href":"https:\/\/sergio-rossi.ch\/index.php?rest_route=\/wp\/v2\/types\/page"}],"author":[{"embeddable":true,"href":"https:\/\/sergio-rossi.ch\/index.php?rest_route=\/wp\/v2\/users\/1"}],"replies":[{"embeddable":true,"href":"https:\/\/sergio-rossi.ch\/index.php?rest_route=%2Fwp%2Fv2%2Fcomments&post=185"}],"version-history":[{"count":133,"href":"https:\/\/sergio-rossi.ch\/index.php?rest_route=\/wp\/v2\/pages\/185\/revisions"}],"predecessor-version":[{"id":1424,"href":"https:\/\/sergio-rossi.ch\/index.php?rest_route=\/wp\/v2\/pages\/185\/revisions\/1424"}],"wp:attachment":[{"href":"https:\/\/sergio-rossi.ch\/index.php?rest_route=%2Fwp%2Fv2%2Fmedia&parent=185"}],"curies":[{"name":"wp","href":"https:\/\/api.w.org\/{rel}","templated":true}]}}